{"id":32951,"date":"2023-11-14T20:14:47","date_gmt":"2023-11-15T02:14:47","guid":{"rendered":"https:\/\/www.ufinet.com\/executivos\/"},"modified":"2025-12-01T10:00:20","modified_gmt":"2025-12-01T16:00:20","slug":"executivos","status":"publish","type":"page","link":"https:\/\/www.ufinet.com\/pt-br\/executivos\/","title":{"rendered":"Executivos"},"content":{"rendered":"\t\t<div data-elementor-type=\"wp-page\" data-elementor-id=\"32951\" class=\"elementor elementor-32951 elementor-5712\" data-elementor-post-type=\"page\">\n\t\t\t\t<div class=\"elementor-element elementor-element-38940271 e-flex e-con-boxed e-con e-parent\" data-id=\"38940271\" data-element_type=\"container\" data-e-type=\"container\" data-settings=\"{&quot;background_background&quot;:&quot;classic&quot;}\">\n\t\t\t\t\t<div class=\"e-con-inner\">\n\t\t<div class=\"elementor-element elementor-element-1e4e3d3e e-flex e-con-boxed e-con e-child\" data-id=\"1e4e3d3e\" data-element_type=\"container\" data-e-type=\"container\" data-settings=\"{&quot;animation&quot;:&quot;none&quot;}\">\n\t\t\t\t\t<div class=\"e-con-inner\">\n\t\t\t\t<div class=\"elementor-element elementor-element-40689d62 elementor-widget elementor-widget-heading\" data-id=\"40689d62\" data-element_type=\"widget\" data-e-type=\"widget\" data-widget_type=\"heading.default\">\n\t\t\t\t<div class=\"elementor-widget-container\">\n\t\t\t\t\t<h2 class=\"elementor-heading-title elementor-size-default\">Um extraordin\u00e1rio  <\/h2>\t\t\t\t<\/div>\n\t\t\t\t<\/div>\n\t\t\t\t<div class=\"elementor-element elementor-element-49e562ea elementor-widget elementor-widget-heading\" data-id=\"49e562ea\" data-element_type=\"widget\" data-e-type=\"widget\" data-widget_type=\"heading.default\">\n\t\t\t\t<div class=\"elementor-widget-container\">\n\t\t\t\t\t<h2 class=\"elementor-heading-title elementor-size-default\">equipe de pessoas<\/h2>\t\t\t\t<\/div>\n\t\t\t\t<\/div>\n\t\t<div class=\"elementor-element elementor-element-87c7e8b e-flex e-con-boxed e-con e-child\" data-id=\"87c7e8b\" data-element_type=\"container\" data-e-type=\"container\">\n\t\t\t\t\t<div class=\"e-con-inner\">\n\t\t\t\t<div class=\"elementor-element elementor-element-a825dfd elementor-align-center elementor-widget elementor-widget-button\" data-id=\"a825dfd\" data-element_type=\"widget\" data-e-type=\"widget\" id=\"btn\" data-widget_type=\"button.default\">\n\t\t\t\t<div class=\"elementor-widget-container\">\n\t\t\t\t\t\t\t\t\t<div class=\"elementor-button-wrapper\">\n\t\t\t\t\t<a class=\"elementor-button elementor-button-link elementor-size-sm\" href=\"#directivo\">\n\t\t\t\t\t\t<span class=\"elementor-button-content-wrapper\">\n\t\t\t\t\t\t<span class=\"elementor-button-icon\">\n\t\t\t\t<i aria-hidden=\"true\" class=\"icon icon-down-arrow1\"><\/i>\t\t\t<\/span>\n\t\t\t\t\t\t\t\t\t<span class=\"elementor-button-text\">Equipe de gerenciamento<\/span>\n\t\t\t\t\t<\/span>\n\t\t\t\t\t<\/a>\n\t\t\t\t<\/div>\n\t\t\t\t\t\t\t\t<\/div>\n\t\t\t\t<\/div>\n\t\t\t\t<div class=\"elementor-element elementor-element-0d41121 elementor-widget elementor-widget-button\" data-id=\"0d41121\" data-element_type=\"widget\" data-e-type=\"widget\" id=\"btn\" data-widget_type=\"button.default\">\n\t\t\t\t<div class=\"elementor-widget-container\">\n\t\t\t\t\t\t\t\t\t<div class=\"elementor-button-wrapper\">\n\t\t\t\t\t<a class=\"elementor-button elementor-button-link elementor-size-sm\" href=\"#administrativo\">\n\t\t\t\t\t\t<span class=\"elementor-button-content-wrapper\">\n\t\t\t\t\t\t<span class=\"elementor-button-icon\">\n\t\t\t\t<i aria-hidden=\"true\" class=\"icon icon-down-arrow1\"><\/i>\t\t\t<\/span>\n\t\t\t\t\t\t\t\t\t<span class=\"elementor-button-text\">Gerentes de pa\u00eds<\/span>\n\t\t\t\t\t<\/span>\n\t\t\t\t\t<\/a>\n\t\t\t\t<\/div>\n\t\t\t\t\t\t\t\t<\/div>\n\t\t\t\t<\/div>\n\t\t\t\t\t<\/div>\n\t\t\t\t<\/div>\n\t\t\t\t\t<\/div>\n\t\t\t\t<\/div>\n\t\t\t\t\t<\/div>\n\t\t\t\t<\/div>\n\t\t<div class=\"elementor-element elementor-element-97a9b9a e-flex e-con-boxed e-con e-parent\" data-id=\"97a9b9a\" data-element_type=\"container\" data-e-type=\"container\" data-settings=\"{&quot;background_background&quot;:&quot;classic&quot;}\">\n\t\t\t\t\t<div class=\"e-con-inner\">\n\t\t<div class=\"elementor-element elementor-element-b974096 e-flex e-con-boxed e-con e-child\" data-id=\"b974096\" data-element_type=\"container\" data-e-type=\"container\">\n\t\t\t\t\t<div class=\"e-con-inner\">\n\t\t<div class=\"elementor-element elementor-element-6e7b0c1 animated-slow e-flex e-con-boxed e-con e-child\" data-id=\"6e7b0c1\" data-element_type=\"container\" data-e-type=\"container\" data-settings=\"{&quot;animation&quot;:&quot;none&quot;}\">\n\t\t\t\t\t<div class=\"e-con-inner\">\n\t\t\t\t<div class=\"elementor-element elementor-element-fee2fad elementor-widget elementor-widget-text-editor\" data-id=\"fee2fad\" data-element_type=\"widget\" data-e-type=\"widget\" data-settings=\"{&quot;_animation&quot;:&quot;none&quot;}\" data-widget_type=\"text-editor.default\">\n\t\t\t\t<div class=\"elementor-widget-container\">\n\t\t\t\t\t\t\t\t\t<p>Nossa extraordin\u00e1ria equipe de profissionais tem anos de experi\u00eancia, grande comprometimento e paix\u00e3o pela qualidade. Fazemos com que nossos clientes tenham sucesso em seus neg\u00f3cios<\/p>\t\t\t\t\t\t\t\t<\/div>\n\t\t\t\t<\/div>\n\t\t\t\t\t<\/div>\n\t\t\t\t<\/div>\n\t\t<div class=\"elementor-element elementor-element-44ccbd5 e-flex e-con-boxed e-con e-child\" data-id=\"44ccbd5\" data-element_type=\"container\" data-e-type=\"container\">\n\t\t\t\t\t<div class=\"e-con-inner\">\n\t\t\t\t<div class=\"elementor-element elementor-element-bdc9ab1 elementor-widget elementor-widget-heading\" data-id=\"bdc9ab1\" data-element_type=\"widget\" data-e-type=\"widget\" data-widget_type=\"heading.default\">\n\t\t\t\t<div class=\"elementor-widget-container\">\n\t\t\t\t\t<h2 class=\"elementor-heading-title elementor-size-default\">Voc\u00ea sabe quem somos.<\/h2>\t\t\t\t<\/div>\n\t\t\t\t<\/div>\n\t\t\t\t\t<\/div>\n\t\t\t\t<\/div>\n\t\t\t\t\t<\/div>\n\t\t\t\t<\/div>\n\t\t<div class=\"elementor-element elementor-element-75cc502 e-flex e-con-boxed e-con e-child\" data-id=\"75cc502\" data-element_type=\"container\" data-e-type=\"container\" id=\"directivo\">\n\t\t\t\t\t<div class=\"e-con-inner\">\n\t\t<div class=\"elementor-element elementor-element-08ae878 animated-slow e-flex e-con-boxed e-con e-child\" data-id=\"08ae878\" data-element_type=\"container\" data-e-type=\"container\" data-settings=\"{&quot;animation&quot;:&quot;none&quot;}\">\n\t\t\t\t\t<div class=\"e-con-inner\">\n\t\t\t\t<div class=\"elementor-element elementor-element-df6ba57 elementor-widget elementor-widget-heading\" data-id=\"df6ba57\" data-element_type=\"widget\" data-e-type=\"widget\" data-widget_type=\"heading.default\">\n\t\t\t\t<div class=\"elementor-widget-container\">\n\t\t\t\t\t<h2 class=\"elementor-heading-title elementor-size-default\">Equipe de gerenciamento<\/h2>\t\t\t\t<\/div>\n\t\t\t\t<\/div>\n\t\t\t\t<div class=\"elementor-element elementor-element-95df647 animated-slow elementor-widget-divider--view-line elementor-invisible elementor-widget elementor-widget-divider\" data-id=\"95df647\" data-element_type=\"widget\" data-e-type=\"widget\" data-settings=\"{&quot;_animation&quot;:&quot;fadeInRight&quot;}\" data-widget_type=\"divider.default\">\n\t\t\t\t<div class=\"elementor-widget-container\">\n\t\t\t\t\t\t\t<div class=\"elementor-divider\">\n\t\t\t<span class=\"elementor-divider-separator\">\n\t\t\t\t\t\t<\/span>\n\t\t<\/div>\n\t\t\t\t\t\t<\/div>\n\t\t\t\t<\/div>\n\t\t\t\t\t<\/div>\n\t\t\t\t<\/div>\n\t\t\t\t\t<\/div>\n\t\t\t\t<\/div>\n\t\t<div class=\"elementor-element elementor-element-a746eb0 e-flex e-con-boxed e-con e-child\" data-id=\"a746eb0\" data-element_type=\"container\" data-e-type=\"container\">\n\t\t\t\t\t<div class=\"e-con-inner\">\n\t\t<div class=\"elementor-element elementor-element-9f1aed2 e-flex e-con-boxed e-con e-child\" data-id=\"9f1aed2\" data-element_type=\"container\" data-e-type=\"container\">\n\t\t\t\t\t<div class=\"e-con-inner\">\n\t\t\t\t<div class=\"elementor-element elementor-element-622c1b4 animated-slow elementor-invisible elementor-widget elementor-widget-heading\" data-id=\"622c1b4\" data-element_type=\"widget\" data-e-type=\"widget\" data-settings=\"{&quot;_animation&quot;:&quot;fadeIn&quot;}\" data-widget_type=\"heading.default\">\n\t\t\t\t<div class=\"elementor-widget-container\">\n\t\t\t\t\t<h2 class=\"elementor-heading-title elementor-size-default\">\u00cd\u00f1igo Garc\u00eda  <\/h2>\t\t\t\t<\/div>\n\t\t\t\t<\/div>\n\t\t\t\t<div class=\"elementor-element elementor-element-4cfeb78 animated-slow elementor-invisible elementor-widget elementor-widget-heading\" data-id=\"4cfeb78\" data-element_type=\"widget\" data-e-type=\"widget\" data-settings=\"{&quot;_animation&quot;:&quot;fadeInDown&quot;}\" data-widget_type=\"heading.default\">\n\t\t\t\t<div class=\"elementor-widget-container\">\n\t\t\t\t\t<h2 class=\"elementor-heading-title elementor-size-default\">Diretor executivo<\/h2>\t\t\t\t<\/div>\n\t\t\t\t<\/div>\n\t\t\t\t<div class=\"elementor-element elementor-element-e9100bf elementor-widget-divider--view-line elementor-widget elementor-widget-divider\" data-id=\"e9100bf\" data-element_type=\"widget\" data-e-type=\"widget\" data-widget_type=\"divider.default\">\n\t\t\t\t<div class=\"elementor-widget-container\">\n\t\t\t\t\t\t\t<div class=\"elementor-divider\">\n\t\t\t<span class=\"elementor-divider-separator\">\n\t\t\t\t\t\t<\/span>\n\t\t<\/div>\n\t\t\t\t\t\t<\/div>\n\t\t\t\t<\/div>\n\t\t\t\t<div class=\"elementor-element elementor-element-10d62f7 elementor-invisible elementor-widget elementor-widget-text-editor\" data-id=\"10d62f7\" data-element_type=\"widget\" data-e-type=\"widget\" data-settings=\"{&quot;_animation&quot;:&quot;fadeIn&quot;}\" data-widget_type=\"text-editor.default\">\n\t\t\t\t<div class=\"elementor-widget-container\">\n\t\t\t\t\t\t\t\t\t<p>I\u00f1igo Garcia del Cerro Prieto \u00e9 engenheiro de telecomunica\u00e7\u00f5es formado pela Universidade Polit\u00e9cnica de Madri, economista pela Universidade Aut\u00f4noma de Madri e possui um MBA pela IESE Business School, na Espanha. Sr. Garc\u00eda del Cerro atua como CEO &#8211; Chief Executive Officer &#8211; da UFINET desde 2009, tendo ocupado cargos importantes na empresa desde sua cria\u00e7\u00e3o em 1998. Ele foi um dos principais respons\u00e1veis pelo desenvolvimento de neg\u00f3cios na Espanha e na Am\u00e9rica Latina. O principal resultado de sua carreira na UFINET foi o desenvolvimento exponencial do crescimento global da empresa, com uma implanta\u00e7\u00e3o significativa de fibra \u00f3ptica e presen\u00e7a em 17 pa\u00edses.<\/p>\t\t\t\t\t\t\t\t<\/div>\n\t\t\t\t<\/div>\n\t\t\t\t\t<\/div>\n\t\t\t\t<\/div>\n\t\t<div class=\"elementor-element elementor-element-d577ebd e-flex e-con-boxed e-con e-child\" data-id=\"d577ebd\" data-element_type=\"container\" data-e-type=\"container\">\n\t\t\t\t\t<div class=\"e-con-inner\">\n\t\t\t\t<div class=\"elementor-element elementor-element-9e308ef animated-slow elementor-invisible elementor-widget elementor-widget-image\" data-id=\"9e308ef\" data-element_type=\"widget\" data-e-type=\"widget\" data-settings=\"{&quot;_animation&quot;:&quot;fadeIn&quot;}\" data-widget_type=\"image.default\">\n\t\t\t\t<div class=\"elementor-widget-container\">\n\t\t\t\t\t\t\t\t\t\t\t\t\t\t\t<img fetchpriority=\"high\" decoding=\"async\" width=\"914\" height=\"1024\" src=\"https:\/\/www.ufinet.com\/wp-content\/uploads\/2024\/04\/Inigo-Garcia-914x1024.png\" class=\"attachment-large size-large wp-image-32566\" alt=\"\" srcset=\"https:\/\/www.ufinet.com\/wp-content\/uploads\/2024\/04\/Inigo-Garcia-914x1024.png 914w, https:\/\/www.ufinet.com\/wp-content\/uploads\/2024\/04\/Inigo-Garcia-268x300.png 268w, https:\/\/www.ufinet.com\/wp-content\/uploads\/2024\/04\/Inigo-Garcia-768x860.png 768w, https:\/\/www.ufinet.com\/wp-content\/uploads\/2024\/04\/Inigo-Garcia.png 1080w\" sizes=\"(max-width: 914px) 100vw, 914px\" \/>\t\t\t\t\t\t\t\t\t\t\t\t\t\t\t<\/div>\n\t\t\t\t<\/div>\n\t\t\t\t<div data-ep-wrapper-link=\"{&quot;url&quot;:&quot;https:\\\/\\\/www.linkedin.com\\\/in\\\/i%C3%B1igo-garc%C3%ADa-del-cerro-prieto-4ab7671b\\\/&quot;,&quot;is_external&quot;:&quot;on&quot;,&quot;nofollow&quot;:&quot;on&quot;,&quot;custom_attributes&quot;:&quot;&quot;}\" style=\"cursor: pointer\" class=\"bdt-element-link elementor-element elementor-element-77d35fe elementor-shape-circle elementor-grid-0 e-grid-align-center elementor-widget elementor-widget-social-icons\" data-id=\"77d35fe\" data-element_type=\"widget\" data-e-type=\"widget\" data-widget_type=\"social-icons.default\">\n\t\t\t\t<div class=\"elementor-widget-container\">\n\t\t\t\t\t\t\t<div class=\"elementor-social-icons-wrapper elementor-grid\">\n\t\t\t\t\t\t\t<span class=\"elementor-grid-item\">\n\t\t\t\t\t<a class=\"elementor-icon elementor-social-icon elementor-social-icon-linkedin elementor-repeater-item-5101929\" target=\"_blank\">\n\t\t\t\t\t\t<span class=\"elementor-screen-only\">Linkedin<\/span>\n\t\t\t\t\t\t<svg aria-hidden=\"true\" class=\"e-font-icon-svg e-fab-linkedin\" viewBox=\"0 0 448 512\" xmlns=\"http:\/\/www.w3.org\/2000\/svg\"><path d=\"M416 32H31.9C14.3 32 0 46.5 0 64.3v383.4C0 465.5 14.3 480 31.9 480H416c17.6 0 32-14.5 32-32.3V64.3c0-17.8-14.4-32.3-32-32.3zM135.4 416H69V202.2h66.5V416zm-33.2-243c-21.3 0-38.5-17.3-38.5-38.5S80.9 96 102.2 96c21.2 0 38.5 17.3 38.5 38.5 0 21.3-17.2 38.5-38.5 38.5zm282.1 243h-66.4V312c0-24.8-.5-56.7-34.5-56.7-34.6 0-39.9 27-39.9 54.9V416h-66.4V202.2h63.7v29.2h.9c8.9-16.8 30.6-34.5 62.9-34.5 67.2 0 79.7 44.3 79.7 101.9V416z\"><\/path><\/svg>\t\t\t\t\t<\/a>\n\t\t\t\t<\/span>\n\t\t\t\t\t<\/div>\n\t\t\t\t\t\t<\/div>\n\t\t\t\t<\/div>\n\t\t\t\t\t<\/div>\n\t\t\t\t<\/div>\n\t\t\t\t\t<\/div>\n\t\t\t\t<\/div>\n\t\t<div class=\"elementor-element elementor-element-289a201 e-flex e-con-boxed e-con e-child\" data-id=\"289a201\" data-element_type=\"container\" data-e-type=\"container\">\n\t\t\t\t\t<div class=\"e-con-inner\">\n\t\t<div class=\"elementor-element elementor-element-3df5904 e-flex e-con-boxed e-con e-child\" data-id=\"3df5904\" data-element_type=\"container\" data-e-type=\"container\">\n\t\t\t\t\t<div class=\"e-con-inner\">\n\t\t\t\t<div class=\"elementor-element elementor-element-055cfc2 animated-slow elementor-invisible elementor-widget elementor-widget-heading\" data-id=\"055cfc2\" data-element_type=\"widget\" data-e-type=\"widget\" data-settings=\"{&quot;_animation&quot;:&quot;fadeIn&quot;}\" data-widget_type=\"heading.default\">\n\t\t\t\t<div class=\"elementor-widget-container\">\n\t\t\t\t\t<h2 class=\"elementor-heading-title elementor-size-default\">Javier Lacasa<\/h2>\t\t\t\t<\/div>\n\t\t\t\t<\/div>\n\t\t\t\t<div class=\"elementor-element elementor-element-e7a7afb animated-slow elementor-invisible elementor-widget elementor-widget-heading\" data-id=\"e7a7afb\" data-element_type=\"widget\" data-e-type=\"widget\" data-settings=\"{&quot;_animation&quot;:&quot;fadeInDown&quot;}\" data-widget_type=\"heading.default\">\n\t\t\t\t<div class=\"elementor-widget-container\">\n\t\t\t\t\t<h2 class=\"elementor-heading-title elementor-size-default\">Presidente Executivo<\/h2>\t\t\t\t<\/div>\n\t\t\t\t<\/div>\n\t\t\t\t<div class=\"elementor-element elementor-element-91e738e elementor-widget-divider--view-line elementor-widget elementor-widget-divider\" data-id=\"91e738e\" data-element_type=\"widget\" data-e-type=\"widget\" data-widget_type=\"divider.default\">\n\t\t\t\t<div class=\"elementor-widget-container\">\n\t\t\t\t\t\t\t<div class=\"elementor-divider\">\n\t\t\t<span class=\"elementor-divider-separator\">\n\t\t\t\t\t\t<\/span>\n\t\t<\/div>\n\t\t\t\t\t\t<\/div>\n\t\t\t\t<\/div>\n\t\t\t\t<div class=\"elementor-element elementor-element-892119f elementor-invisible elementor-widget elementor-widget-text-editor\" data-id=\"892119f\" data-element_type=\"widget\" data-e-type=\"widget\" data-settings=\"{&quot;_animation&quot;:&quot;fadeIn&quot;}\" data-widget_type=\"text-editor.default\">\n\t\t\t\t<div class=\"elementor-widget-container\">\n\t\t\t\t\t\t\t\t\t<p><span style=\"font-weight: 400;\">F. Javier Lacasa \u00e9 engenheiro de telecomunica\u00e7\u00f5es pela Universidade P\u00fablica de Navarra (UPNA), onde se formou &#8220;cum laude&#8221;, e tem mestrado em Administra\u00e7\u00e3o de Neg\u00f3cios Globais pela Pontificia Universidad Cat\u00f3lica del Per\u00fa e mestrado em Administra\u00e7\u00e3o de Neg\u00f3cios (MBA) pela EADA -Escuela de Alta Direcci\u00f3n y Administraci\u00f3n- em Barcelona, Espanha. Sr. Lacasa ingressou na UFINET em 1999, inicialmente em Madri como Gerente de Projetos e, desde 2002, iniciou sua carreira na Am\u00e9rica Latina, primeiro como Country Manager da Guatemala, em 2007 como Diretor para a Am\u00e9rica Central e, desde 2009, \u00e9 COO &amp; EVP &#8211; Chief Operating Officer &amp; Executive Vice President, sendo uma figura-chave para o crescimento exponencial dos neg\u00f3cios na regi\u00e3o e sua expans\u00e3o geogr\u00e1fica, com grandes implanta\u00e7\u00f5es de fibra \u00f3ptica e opera\u00e7\u00f5es em 17 pa\u00edses. Em 2024, ap\u00f3s uma carreira brilhante, o sr. Lacasa foi nomeado Presidente Executivo da UFINET, ampliando suas \u00e1reas de responsabilidade.<\/span><\/p>\t\t\t\t\t\t\t\t<\/div>\n\t\t\t\t<\/div>\n\t\t\t\t\t<\/div>\n\t\t\t\t<\/div>\n\t\t<div class=\"elementor-element elementor-element-d037379 e-flex e-con-boxed e-con e-child\" data-id=\"d037379\" data-element_type=\"container\" data-e-type=\"container\">\n\t\t\t\t\t<div class=\"e-con-inner\">\n\t\t\t\t<div class=\"elementor-element elementor-element-f8e6ff4 animated-slow elementor-invisible elementor-widget elementor-widget-image\" data-id=\"f8e6ff4\" data-element_type=\"widget\" data-e-type=\"widget\" data-settings=\"{&quot;_animation&quot;:&quot;fadeIn&quot;}\" data-widget_type=\"image.default\">\n\t\t\t\t<div class=\"elementor-widget-container\">\n\t\t\t\t\t\t\t\t\t\t\t\t\t\t\t<img decoding=\"async\" width=\"914\" height=\"1024\" src=\"https:\/\/www.ufinet.com\/wp-content\/uploads\/2024\/04\/Francisco-Lacasa-914x1024.png\" class=\"attachment-large size-large wp-image-32568\" alt=\"\" srcset=\"https:\/\/www.ufinet.com\/wp-content\/uploads\/2024\/04\/Francisco-Lacasa-914x1024.png 914w, https:\/\/www.ufinet.com\/wp-content\/uploads\/2024\/04\/Francisco-Lacasa-268x300.png 268w, https:\/\/www.ufinet.com\/wp-content\/uploads\/2024\/04\/Francisco-Lacasa-768x860.png 768w, https:\/\/www.ufinet.com\/wp-content\/uploads\/2024\/04\/Francisco-Lacasa.png 1080w\" sizes=\"(max-width: 914px) 100vw, 914px\" \/>\t\t\t\t\t\t\t\t\t\t\t\t\t\t\t<\/div>\n\t\t\t\t<\/div>\n\t\t\t\t<div data-ep-wrapper-link=\"{&quot;url&quot;:&quot;https:\\\/\\\/www.linkedin.com\\\/in\\\/francisco-javier-lacasa-fuertes-04b5351b\\\/&quot;,&quot;is_external&quot;:&quot;on&quot;,&quot;nofollow&quot;:&quot;on&quot;,&quot;custom_attributes&quot;:&quot;&quot;}\" style=\"cursor: pointer\" class=\"bdt-element-link elementor-element elementor-element-a9c6450 elementor-shape-circle elementor-grid-0 e-grid-align-center elementor-widget elementor-widget-social-icons\" data-id=\"a9c6450\" data-element_type=\"widget\" data-e-type=\"widget\" data-widget_type=\"social-icons.default\">\n\t\t\t\t<div class=\"elementor-widget-container\">\n\t\t\t\t\t\t\t<div class=\"elementor-social-icons-wrapper elementor-grid\">\n\t\t\t\t\t\t\t<span class=\"elementor-grid-item\">\n\t\t\t\t\t<a class=\"elementor-icon elementor-social-icon elementor-social-icon-linkedin elementor-repeater-item-5101929\" target=\"_blank\">\n\t\t\t\t\t\t<span class=\"elementor-screen-only\">Linkedin<\/span>\n\t\t\t\t\t\t<svg aria-hidden=\"true\" class=\"e-font-icon-svg e-fab-linkedin\" viewBox=\"0 0 448 512\" xmlns=\"http:\/\/www.w3.org\/2000\/svg\"><path d=\"M416 32H31.9C14.3 32 0 46.5 0 64.3v383.4C0 465.5 14.3 480 31.9 480H416c17.6 0 32-14.5 32-32.3V64.3c0-17.8-14.4-32.3-32-32.3zM135.4 416H69V202.2h66.5V416zm-33.2-243c-21.3 0-38.5-17.3-38.5-38.5S80.9 96 102.2 96c21.2 0 38.5 17.3 38.5 38.5 0 21.3-17.2 38.5-38.5 38.5zm282.1 243h-66.4V312c0-24.8-.5-56.7-34.5-56.7-34.6 0-39.9 27-39.9 54.9V416h-66.4V202.2h63.7v29.2h.9c8.9-16.8 30.6-34.5 62.9-34.5 67.2 0 79.7 44.3 79.7 101.9V416z\"><\/path><\/svg>\t\t\t\t\t<\/a>\n\t\t\t\t<\/span>\n\t\t\t\t\t<\/div>\n\t\t\t\t\t\t<\/div>\n\t\t\t\t<\/div>\n\t\t\t\t\t<\/div>\n\t\t\t\t<\/div>\n\t\t\t\t\t<\/div>\n\t\t\t\t<\/div>\n\t\t<div class=\"elementor-element elementor-element-15d1325 e-flex e-con-boxed e-con e-child\" data-id=\"15d1325\" data-element_type=\"container\" data-e-type=\"container\">\n\t\t\t\t\t<div class=\"e-con-inner\">\n\t\t<div class=\"elementor-element elementor-element-e102c9d e-flex e-con-boxed e-con e-child\" data-id=\"e102c9d\" data-element_type=\"container\" data-e-type=\"container\">\n\t\t\t\t\t<div class=\"e-con-inner\">\n\t\t\t\t<div class=\"elementor-element elementor-element-f203e20 animated-slow elementor-invisible elementor-widget elementor-widget-heading\" data-id=\"f203e20\" data-element_type=\"widget\" data-e-type=\"widget\" data-settings=\"{&quot;_animation&quot;:&quot;fadeIn&quot;}\" data-widget_type=\"heading.default\">\n\t\t\t\t<div class=\"elementor-widget-container\">\n\t\t\t\t\t<h2 class=\"elementor-heading-title elementor-size-default\">Juan Carlos Naranjo  <\/h2>\t\t\t\t<\/div>\n\t\t\t\t<\/div>\n\t\t\t\t<div class=\"elementor-element elementor-element-d6fb738 animated-slow elementor-invisible elementor-widget elementor-widget-heading\" data-id=\"d6fb738\" data-element_type=\"widget\" data-e-type=\"widget\" data-settings=\"{&quot;_animation&quot;:&quot;fadeInDown&quot;}\" data-widget_type=\"heading.default\">\n\t\t\t\t<div class=\"elementor-widget-container\">\n\t\t\t\t\t<h2 class=\"elementor-heading-title elementor-size-default\">Diretor de opera\u00e7\u00f5es<\/h2>\t\t\t\t<\/div>\n\t\t\t\t<\/div>\n\t\t\t\t<div class=\"elementor-element elementor-element-163cec6 elementor-widget-divider--view-line elementor-widget elementor-widget-divider\" data-id=\"163cec6\" data-element_type=\"widget\" data-e-type=\"widget\" data-widget_type=\"divider.default\">\n\t\t\t\t<div class=\"elementor-widget-container\">\n\t\t\t\t\t\t\t<div class=\"elementor-divider\">\n\t\t\t<span class=\"elementor-divider-separator\">\n\t\t\t\t\t\t<\/span>\n\t\t<\/div>\n\t\t\t\t\t\t<\/div>\n\t\t\t\t<\/div>\n\t\t\t\t<div class=\"elementor-element elementor-element-e4e9be4 elementor-invisible elementor-widget elementor-widget-text-editor\" data-id=\"e4e9be4\" data-element_type=\"widget\" data-e-type=\"widget\" data-settings=\"{&quot;_animation&quot;:&quot;fadeIn&quot;}\" data-widget_type=\"text-editor.default\">\n\t\t\t\t<div class=\"elementor-widget-container\">\n\t\t\t\t\t\t\t\t\t<p><span style=\"font-weight: 400;\">Juan Carlos Naranjo \u00e9 engenheiro eletr\u00f4nico, formado pela Universidad del Valle, na Col\u00f4mbia. Ele tamb\u00e9m \u00e9 formado em Administra\u00e7\u00e3o de Empresas pela Universidade do Instituto ICESI. Sr. Naranjo ingressou na UFINET em 2002 e atua como Diretor T\u00e9cnico para a Am\u00e9rica Latina desde 2014. Anteriormente, ele trabalhou como Gerente de Manuten\u00e7\u00e3o na Col\u00f4mbia e Gerente de Engenharia na Col\u00f4mbia, onde foi respons\u00e1vel pelo desenvolvimento da rede UFINET e pelas conquistas de qualidade na Am\u00e9rica Latina, tendo que orquestrar uma equipe t\u00e9cnica experiente, multicultural e interdisciplinar. Mais recentemente, em 2024, ele foi nomeado Diretor de Opera\u00e7\u00f5es, assumindo a responsabilidade pela \u00e1rea comercial.<\/span><\/p>\t\t\t\t\t\t\t\t<\/div>\n\t\t\t\t<\/div>\n\t\t\t\t\t<\/div>\n\t\t\t\t<\/div>\n\t\t<div class=\"elementor-element elementor-element-53256d4 e-flex e-con-boxed e-con e-child\" data-id=\"53256d4\" data-element_type=\"container\" data-e-type=\"container\">\n\t\t\t\t\t<div class=\"e-con-inner\">\n\t\t\t\t<div class=\"elementor-element elementor-element-c7aa9ce animated-slow elementor-invisible elementor-widget elementor-widget-image\" data-id=\"c7aa9ce\" data-element_type=\"widget\" data-e-type=\"widget\" data-settings=\"{&quot;_animation&quot;:&quot;fadeIn&quot;}\" data-widget_type=\"image.default\">\n\t\t\t\t<div class=\"elementor-widget-container\">\n\t\t\t\t\t\t\t\t\t\t\t\t\t\t\t<img decoding=\"async\" width=\"819\" height=\"1024\" src=\"https:\/\/www.ufinet.com\/wp-content\/uploads\/2024\/03\/Juan-Naranjo-819x1024.png\" class=\"attachment-large size-large wp-image-32532\" alt=\"\" srcset=\"https:\/\/www.ufinet.com\/wp-content\/uploads\/2024\/03\/Juan-Naranjo-819x1024.png 819w, https:\/\/www.ufinet.com\/wp-content\/uploads\/2024\/03\/Juan-Naranjo-240x300.png 240w, https:\/\/www.ufinet.com\/wp-content\/uploads\/2024\/03\/Juan-Naranjo-768x960.png 768w, https:\/\/www.ufinet.com\/wp-content\/uploads\/2024\/03\/Juan-Naranjo.png 1080w\" sizes=\"(max-width: 819px) 100vw, 819px\" \/>\t\t\t\t\t\t\t\t\t\t\t\t\t\t\t<\/div>\n\t\t\t\t<\/div>\n\t\t\t\t<div data-ep-wrapper-link=\"{&quot;url&quot;:&quot;https:\\\/\\\/www.linkedin.com\\\/in\\\/juan-carlos-naranjo-g%C3%B3mez-401482a0\\\/&quot;,&quot;is_external&quot;:&quot;on&quot;,&quot;nofollow&quot;:&quot;on&quot;,&quot;custom_attributes&quot;:&quot;&quot;}\" style=\"cursor: pointer\" class=\"bdt-element-link elementor-element elementor-element-01408f2 elementor-shape-circle elementor-grid-0 e-grid-align-center elementor-widget elementor-widget-social-icons\" data-id=\"01408f2\" data-element_type=\"widget\" data-e-type=\"widget\" data-widget_type=\"social-icons.default\">\n\t\t\t\t<div class=\"elementor-widget-container\">\n\t\t\t\t\t\t\t<div class=\"elementor-social-icons-wrapper elementor-grid\">\n\t\t\t\t\t\t\t<span class=\"elementor-grid-item\">\n\t\t\t\t\t<a class=\"elementor-icon elementor-social-icon elementor-social-icon-linkedin elementor-repeater-item-5101929\" target=\"_blank\">\n\t\t\t\t\t\t<span class=\"elementor-screen-only\">Linkedin<\/span>\n\t\t\t\t\t\t<svg aria-hidden=\"true\" class=\"e-font-icon-svg e-fab-linkedin\" viewBox=\"0 0 448 512\" xmlns=\"http:\/\/www.w3.org\/2000\/svg\"><path d=\"M416 32H31.9C14.3 32 0 46.5 0 64.3v383.4C0 465.5 14.3 480 31.9 480H416c17.6 0 32-14.5 32-32.3V64.3c0-17.8-14.4-32.3-32-32.3zM135.4 416H69V202.2h66.5V416zm-33.2-243c-21.3 0-38.5-17.3-38.5-38.5S80.9 96 102.2 96c21.2 0 38.5 17.3 38.5 38.5 0 21.3-17.2 38.5-38.5 38.5zm282.1 243h-66.4V312c0-24.8-.5-56.7-34.5-56.7-34.6 0-39.9 27-39.9 54.9V416h-66.4V202.2h63.7v29.2h.9c8.9-16.8 30.6-34.5 62.9-34.5 67.2 0 79.7 44.3 79.7 101.9V416z\"><\/path><\/svg>\t\t\t\t\t<\/a>\n\t\t\t\t<\/span>\n\t\t\t\t\t<\/div>\n\t\t\t\t\t\t<\/div>\n\t\t\t\t<\/div>\n\t\t\t\t\t<\/div>\n\t\t\t\t<\/div>\n\t\t\t\t\t<\/div>\n\t\t\t\t<\/div>\n\t\t<div class=\"elementor-element elementor-element-d1ffaa5 e-flex e-con-boxed e-con e-child\" data-id=\"d1ffaa5\" data-element_type=\"container\" data-e-type=\"container\">\n\t\t\t\t\t<div class=\"e-con-inner\">\n\t\t<div class=\"elementor-element elementor-element-7396998 e-flex e-con-boxed e-con e-child\" data-id=\"7396998\" data-element_type=\"container\" data-e-type=\"container\">\n\t\t\t\t\t<div class=\"e-con-inner\">\n\t\t\t\t<div class=\"elementor-element elementor-element-8fe48a5 animated-slow elementor-invisible elementor-widget elementor-widget-heading\" data-id=\"8fe48a5\" data-element_type=\"widget\" data-e-type=\"widget\" data-settings=\"{&quot;_animation&quot;:&quot;fadeIn&quot;}\" data-widget_type=\"heading.default\">\n\t\t\t\t<div class=\"elementor-widget-container\">\n\t\t\t\t\t<h2 class=\"elementor-heading-title elementor-size-default\">Robinson Gutierrez<\/h2>\t\t\t\t<\/div>\n\t\t\t\t<\/div>\n\t\t\t\t<div class=\"elementor-element elementor-element-18b1a7c animated-slow elementor-invisible elementor-widget elementor-widget-heading\" data-id=\"18b1a7c\" data-element_type=\"widget\" data-e-type=\"widget\" data-settings=\"{&quot;_animation&quot;:&quot;fadeInDown&quot;}\" data-widget_type=\"heading.default\">\n\t\t\t\t<div class=\"elementor-widget-container\">\n\t\t\t\t\t<h2 class=\"elementor-heading-title elementor-size-default\">Diretor t\u00e9cnico<\/h2>\t\t\t\t<\/div>\n\t\t\t\t<\/div>\n\t\t\t\t<div class=\"elementor-element elementor-element-6333ffe elementor-widget-divider--view-line elementor-widget elementor-widget-divider\" data-id=\"6333ffe\" data-element_type=\"widget\" data-e-type=\"widget\" data-widget_type=\"divider.default\">\n\t\t\t\t<div class=\"elementor-widget-container\">\n\t\t\t\t\t\t\t<div class=\"elementor-divider\">\n\t\t\t<span class=\"elementor-divider-separator\">\n\t\t\t\t\t\t<\/span>\n\t\t<\/div>\n\t\t\t\t\t\t<\/div>\n\t\t\t\t<\/div>\n\t\t\t\t<div class=\"elementor-element elementor-element-83b1b7f elementor-invisible elementor-widget elementor-widget-text-editor\" data-id=\"83b1b7f\" data-element_type=\"widget\" data-e-type=\"widget\" data-settings=\"{&quot;_animation&quot;:&quot;fadeIn&quot;}\" data-widget_type=\"text-editor.default\">\n\t\t\t\t<div class=\"elementor-widget-container\">\n\t\t\t\t\t\t\t\t\t<p><span style=\"font-weight: 400;\">Robinson Guti\u00e9rrez \u00e9 engenheiro eletr\u00f4nico, formado pela Universidade Nacional da Col\u00f4mbia com especializa\u00e7\u00e3o em gerenciamento de projetos, certifica\u00e7\u00e3o PMP, estrat\u00e9gia de neg\u00f3cios e mestrado em administra\u00e7\u00e3o de empresas. O Sr. Gutierrez faz parte da equipe da Ufinet desde 2017, ocupando o cargo de Gerente de Opera\u00e7\u00f5es na Ufinet Col\u00f4mbia e, a partir de 2019, como CTO da Ufinet Panam\u00e1, al\u00e9m de seus mais de 18 anos de experi\u00eancia em cargos de gerenciamento t\u00e9cnico com diferentes provedores de servi\u00e7os de fibra \u00f3ptica na Col\u00f4mbia.<\/span><\/p><p><span style=\"font-weight: 400;\">A partir de 2024, ele assume o cargo de Diretor T\u00e9cnico de toda a opera\u00e7\u00e3o da Ufinet, respons\u00e1vel pelo desenvolvimento e qualidade da rede na Am\u00e9rica Latina, liderando a equipe t\u00e9cnica especializada da Ufinet.  <\/span><\/p>\t\t\t\t\t\t\t\t<\/div>\n\t\t\t\t<\/div>\n\t\t\t\t\t<\/div>\n\t\t\t\t<\/div>\n\t\t<div class=\"elementor-element elementor-element-677f5b0 e-flex e-con-boxed e-con e-child\" data-id=\"677f5b0\" data-element_type=\"container\" data-e-type=\"container\">\n\t\t\t\t\t<div class=\"e-con-inner\">\n\t\t\t\t<div class=\"elementor-element elementor-element-8a30e4d animated-slow elementor-invisible elementor-widget elementor-widget-image\" data-id=\"8a30e4d\" data-element_type=\"widget\" data-e-type=\"widget\" data-settings=\"{&quot;_animation&quot;:&quot;fadeIn&quot;}\" data-widget_type=\"image.default\">\n\t\t\t\t<div class=\"elementor-widget-container\">\n\t\t\t\t\t\t\t\t\t\t\t\t\t\t\t<img loading=\"lazy\" decoding=\"async\" width=\"1080\" height=\"1210\" src=\"https:\/\/www.ufinet.com\/wp-content\/uploads\/2024\/04\/Robinson-Gutierrez.png\" class=\"attachment-full size-full wp-image-32570\" alt=\"\" srcset=\"https:\/\/www.ufinet.com\/wp-content\/uploads\/2024\/04\/Robinson-Gutierrez.png 1080w, https:\/\/www.ufinet.com\/wp-content\/uploads\/2024\/04\/Robinson-Gutierrez-268x300.png 268w, https:\/\/www.ufinet.com\/wp-content\/uploads\/2024\/04\/Robinson-Gutierrez-914x1024.png 914w, https:\/\/www.ufinet.com\/wp-content\/uploads\/2024\/04\/Robinson-Gutierrez-768x860.png 768w\" sizes=\"(max-width: 1080px) 100vw, 1080px\" \/>\t\t\t\t\t\t\t\t\t\t\t\t\t\t\t<\/div>\n\t\t\t\t<\/div>\n\t\t\t\t<div data-ep-wrapper-link=\"{&quot;url&quot;:&quot;https:\\\/\\\/www.linkedin.com\\\/in\\\/antonio-molina-franquelo-624701\\\/&quot;,&quot;is_external&quot;:&quot;on&quot;,&quot;nofollow&quot;:&quot;on&quot;,&quot;custom_attributes&quot;:&quot;&quot;}\" style=\"cursor: pointer\" class=\"bdt-element-link elementor-element elementor-element-73dbd93 elementor-shape-circle elementor-grid-0 e-grid-align-center elementor-widget elementor-widget-social-icons\" data-id=\"73dbd93\" data-element_type=\"widget\" data-e-type=\"widget\" data-widget_type=\"social-icons.default\">\n\t\t\t\t<div class=\"elementor-widget-container\">\n\t\t\t\t\t\t\t<div class=\"elementor-social-icons-wrapper elementor-grid\">\n\t\t\t\t\t\t\t<span class=\"elementor-grid-item\">\n\t\t\t\t\t<a class=\"elementor-icon elementor-social-icon elementor-social-icon-linkedin elementor-repeater-item-5101929\" href=\"https:\/\/www.linkedin.com\/in\/robinson-gutierrez-gallego-a91077b9\/\" target=\"_blank\" rel=\"nofollow\">\n\t\t\t\t\t\t<span class=\"elementor-screen-only\">Linkedin<\/span>\n\t\t\t\t\t\t<svg aria-hidden=\"true\" class=\"e-font-icon-svg e-fab-linkedin\" viewBox=\"0 0 448 512\" xmlns=\"http:\/\/www.w3.org\/2000\/svg\"><path d=\"M416 32H31.9C14.3 32 0 46.5 0 64.3v383.4C0 465.5 14.3 480 31.9 480H416c17.6 0 32-14.5 32-32.3V64.3c0-17.8-14.4-32.3-32-32.3zM135.4 416H69V202.2h66.5V416zm-33.2-243c-21.3 0-38.5-17.3-38.5-38.5S80.9 96 102.2 96c21.2 0 38.5 17.3 38.5 38.5 0 21.3-17.2 38.5-38.5 38.5zm282.1 243h-66.4V312c0-24.8-.5-56.7-34.5-56.7-34.6 0-39.9 27-39.9 54.9V416h-66.4V202.2h63.7v29.2h.9c8.9-16.8 30.6-34.5 62.9-34.5 67.2 0 79.7 44.3 79.7 101.9V416z\"><\/path><\/svg>\t\t\t\t\t<\/a>\n\t\t\t\t<\/span>\n\t\t\t\t\t<\/div>\n\t\t\t\t\t\t<\/div>\n\t\t\t\t<\/div>\n\t\t\t\t\t<\/div>\n\t\t\t\t<\/div>\n\t\t\t\t\t<\/div>\n\t\t\t\t<\/div>\n\t\t<div class=\"elementor-element elementor-element-93857ee e-flex e-con-boxed e-con e-child\" data-id=\"93857ee\" data-element_type=\"container\" data-e-type=\"container\">\n\t\t\t\t\t<div class=\"e-con-inner\">\n\t\t<div class=\"elementor-element elementor-element-e64cc52 e-flex e-con-boxed e-con e-child\" data-id=\"e64cc52\" data-element_type=\"container\" data-e-type=\"container\">\n\t\t\t\t\t<div class=\"e-con-inner\">\n\t\t\t\t<div class=\"elementor-element elementor-element-9d774fd animated-slow elementor-invisible elementor-widget elementor-widget-heading\" data-id=\"9d774fd\" data-element_type=\"widget\" data-e-type=\"widget\" data-settings=\"{&quot;_animation&quot;:&quot;fadeIn&quot;}\" data-widget_type=\"heading.default\">\n\t\t\t\t<div class=\"elementor-widget-container\">\n\t\t\t\t\t<h2 class=\"elementor-heading-title elementor-size-default\">Pablo P\u00e9rez-Bedmar<\/h2>\t\t\t\t<\/div>\n\t\t\t\t<\/div>\n\t\t\t\t<div class=\"elementor-element elementor-element-10e720d animated-slow elementor-invisible elementor-widget elementor-widget-heading\" data-id=\"10e720d\" data-element_type=\"widget\" data-e-type=\"widget\" data-settings=\"{&quot;_animation&quot;:&quot;fadeInDown&quot;}\" data-widget_type=\"heading.default\">\n\t\t\t\t<div class=\"elementor-widget-container\">\n\t\t\t\t\t<h2 class=\"elementor-heading-title elementor-size-default\">Diretor de desenvolvimento de neg\u00f3cios<\/h2>\t\t\t\t<\/div>\n\t\t\t\t<\/div>\n\t\t\t\t<div class=\"elementor-element elementor-element-933ca63 elementor-widget-divider--view-line elementor-widget elementor-widget-divider\" data-id=\"933ca63\" data-element_type=\"widget\" data-e-type=\"widget\" data-widget_type=\"divider.default\">\n\t\t\t\t<div class=\"elementor-widget-container\">\n\t\t\t\t\t\t\t<div class=\"elementor-divider\">\n\t\t\t<span class=\"elementor-divider-separator\">\n\t\t\t\t\t\t<\/span>\n\t\t<\/div>\n\t\t\t\t\t\t<\/div>\n\t\t\t\t<\/div>\n\t\t\t\t<div class=\"elementor-element elementor-element-3921837 elementor-invisible elementor-widget elementor-widget-text-editor\" data-id=\"3921837\" data-element_type=\"widget\" data-e-type=\"widget\" data-settings=\"{&quot;_animation&quot;:&quot;fadeIn&quot;}\" data-widget_type=\"text-editor.default\">\n\t\t\t\t<div class=\"elementor-widget-container\">\n\t\t\t\t\t\t\t\t\t<p>Pablo P\u00e9rez-Bedmar Delgado \u00e9 formado em Engenharia Industrial pela Universidade Polit\u00e9cnica de Madri. Sr. P\u00e9rez-Bedmar lidera o Desenvolvimento de Neg\u00f3cios da UFINET desde o final de 2014, definindo e desenvolvendo novas linhas de neg\u00f3cios e liderando os processos de fus\u00f5es e aquisi\u00e7\u00f5es em toda a empresa para proporcionar mais valor e crescimento para a UFINET. Ele come\u00e7ou sua carreira na UFINET h\u00e1 mais de 20 anos, ocupando cargos relevantes em Desenvolvimento de Rede e Opera\u00e7\u00f5es de Neg\u00f3cios e, mais tarde, como Gerente Nacional para a Col\u00f4mbia. Toda essa experi\u00eancia proporcionou a ele uma valiosa vis\u00e3o global das opera\u00e7\u00f5es e dos neg\u00f3cios da Espanha e da Am\u00e9rica Latina.<\/p>\t\t\t\t\t\t\t\t<\/div>\n\t\t\t\t<\/div>\n\t\t\t\t\t<\/div>\n\t\t\t\t<\/div>\n\t\t<div class=\"elementor-element elementor-element-6212d99 e-flex e-con-boxed e-con e-child\" data-id=\"6212d99\" data-element_type=\"container\" data-e-type=\"container\">\n\t\t\t\t\t<div class=\"e-con-inner\">\n\t\t\t\t<div class=\"elementor-element elementor-element-2dfe58e animated-slow elementor-invisible elementor-widget elementor-widget-image\" data-id=\"2dfe58e\" data-element_type=\"widget\" data-e-type=\"widget\" data-settings=\"{&quot;_animation&quot;:&quot;fadeIn&quot;}\" data-widget_type=\"image.default\">\n\t\t\t\t<div class=\"elementor-widget-container\">\n\t\t\t\t\t\t\t\t\t\t\t\t\t\t\t<img loading=\"lazy\" decoding=\"async\" width=\"914\" height=\"1024\" src=\"https:\/\/www.ufinet.com\/wp-content\/uploads\/2024\/04\/Pablo-Perez-914x1024.png\" class=\"attachment-large size-large wp-image-32572\" alt=\"\" srcset=\"https:\/\/www.ufinet.com\/wp-content\/uploads\/2024\/04\/Pablo-Perez-914x1024.png 914w, https:\/\/www.ufinet.com\/wp-content\/uploads\/2024\/04\/Pablo-Perez-268x300.png 268w, https:\/\/www.ufinet.com\/wp-content\/uploads\/2024\/04\/Pablo-Perez-768x860.png 768w, https:\/\/www.ufinet.com\/wp-content\/uploads\/2024\/04\/Pablo-Perez.png 1080w\" sizes=\"(max-width: 914px) 100vw, 914px\" \/>\t\t\t\t\t\t\t\t\t\t\t\t\t\t\t<\/div>\n\t\t\t\t<\/div>\n\t\t\t\t<div data-ep-wrapper-link=\"{&quot;url&quot;:&quot;https:\\\/\\\/www.linkedin.com\\\/in\\\/pablo-p%C3%A9rez-bedmar-delgado-399939138\\\/&quot;,&quot;is_external&quot;:&quot;on&quot;,&quot;nofollow&quot;:&quot;on&quot;,&quot;custom_attributes&quot;:&quot;&quot;}\" style=\"cursor: pointer\" class=\"bdt-element-link elementor-element elementor-element-bcdc8be elementor-shape-circle elementor-grid-0 e-grid-align-center elementor-widget elementor-widget-social-icons\" data-id=\"bcdc8be\" data-element_type=\"widget\" data-e-type=\"widget\" data-widget_type=\"social-icons.default\">\n\t\t\t\t<div class=\"elementor-widget-container\">\n\t\t\t\t\t\t\t<div class=\"elementor-social-icons-wrapper elementor-grid\">\n\t\t\t\t\t\t\t<span class=\"elementor-grid-item\">\n\t\t\t\t\t<a class=\"elementor-icon elementor-social-icon elementor-social-icon-linkedin elementor-repeater-item-5101929\" target=\"_blank\">\n\t\t\t\t\t\t<span class=\"elementor-screen-only\">Linkedin<\/span>\n\t\t\t\t\t\t<svg aria-hidden=\"true\" class=\"e-font-icon-svg e-fab-linkedin\" viewBox=\"0 0 448 512\" xmlns=\"http:\/\/www.w3.org\/2000\/svg\"><path d=\"M416 32H31.9C14.3 32 0 46.5 0 64.3v383.4C0 465.5 14.3 480 31.9 480H416c17.6 0 32-14.5 32-32.3V64.3c0-17.8-14.4-32.3-32-32.3zM135.4 416H69V202.2h66.5V416zm-33.2-243c-21.3 0-38.5-17.3-38.5-38.5S80.9 96 102.2 96c21.2 0 38.5 17.3 38.5 38.5 0 21.3-17.2 38.5-38.5 38.5zm282.1 243h-66.4V312c0-24.8-.5-56.7-34.5-56.7-34.6 0-39.9 27-39.9 54.9V416h-66.4V202.2h63.7v29.2h.9c8.9-16.8 30.6-34.5 62.9-34.5 67.2 0 79.7 44.3 79.7 101.9V416z\"><\/path><\/svg>\t\t\t\t\t<\/a>\n\t\t\t\t<\/span>\n\t\t\t\t\t<\/div>\n\t\t\t\t\t\t<\/div>\n\t\t\t\t<\/div>\n\t\t\t\t\t<\/div>\n\t\t\t\t<\/div>\n\t\t\t\t\t<\/div>\n\t\t\t\t<\/div>\n\t\t<div class=\"elementor-element elementor-element-a6ad21a e-flex e-con-boxed e-con e-child\" data-id=\"a6ad21a\" data-element_type=\"container\" data-e-type=\"container\">\n\t\t\t\t\t<div class=\"e-con-inner\">\n\t\t<div class=\"elementor-element elementor-element-597c74c e-flex e-con-boxed e-con e-child\" data-id=\"597c74c\" data-element_type=\"container\" data-e-type=\"container\">\n\t\t\t\t\t<div class=\"e-con-inner\">\n\t\t\t\t<div class=\"elementor-element elementor-element-12778bd animated-slow elementor-invisible elementor-widget elementor-widget-heading\" data-id=\"12778bd\" data-element_type=\"widget\" data-e-type=\"widget\" data-settings=\"{&quot;_animation&quot;:&quot;fadeIn&quot;}\" data-widget_type=\"heading.default\">\n\t\t\t\t<div class=\"elementor-widget-container\">\n\t\t\t\t\t<h2 class=\"elementor-heading-title elementor-size-default\">Antonio Molina  <\/h2>\t\t\t\t<\/div>\n\t\t\t\t<\/div>\n\t\t\t\t<div class=\"elementor-element elementor-element-4ba55c0 animated-slow elementor-invisible elementor-widget elementor-widget-heading\" data-id=\"4ba55c0\" data-element_type=\"widget\" data-e-type=\"widget\" data-settings=\"{&quot;_animation&quot;:&quot;fadeInDown&quot;}\" data-widget_type=\"heading.default\">\n\t\t\t\t<div class=\"elementor-widget-container\">\n\t\t\t\t\t<h2 class=\"elementor-heading-title elementor-size-default\">Diretor financeiro<\/h2>\t\t\t\t<\/div>\n\t\t\t\t<\/div>\n\t\t\t\t<div class=\"elementor-element elementor-element-d653bf1 elementor-widget-divider--view-line elementor-widget elementor-widget-divider\" data-id=\"d653bf1\" data-element_type=\"widget\" data-e-type=\"widget\" data-widget_type=\"divider.default\">\n\t\t\t\t<div class=\"elementor-widget-container\">\n\t\t\t\t\t\t\t<div class=\"elementor-divider\">\n\t\t\t<span class=\"elementor-divider-separator\">\n\t\t\t\t\t\t<\/span>\n\t\t<\/div>\n\t\t\t\t\t\t<\/div>\n\t\t\t\t<\/div>\n\t\t\t\t<div class=\"elementor-element elementor-element-c291acb elementor-invisible elementor-widget elementor-widget-text-editor\" data-id=\"c291acb\" data-element_type=\"widget\" data-e-type=\"widget\" data-settings=\"{&quot;_animation&quot;:&quot;fadeIn&quot;}\" data-widget_type=\"text-editor.default\">\n\t\t\t\t<div class=\"elementor-widget-container\">\n\t\t\t\t\t\t\t\t\t<p>Antonio Molina Franquelo \u00e9 formado em Administra\u00e7\u00e3o e Gerenciamento de Neg\u00f3cios pela CUNEF. Antonio ingressou na Ufinet como diretor financeiro em 2022. Anteriormente, Antonio trabalhou por mais de 20 anos em bancos de investimento, incluindo quase 5 anos na Goldman Sachs em Londres e quase 15 anos na Natixis Partners em Madri, como diretor administrativo e s\u00f3cio. Como parte de sua ampla experi\u00eancia em fus\u00f5es e aquisi\u00e7\u00f5es, Antonio esteve envolvido em mais de 30 transa\u00e7\u00f5es conclu\u00eddas com um valor agregado superior a US$ 65 bilh\u00f5es, incluindo a assessoria \u00e0 Cinven em rela\u00e7\u00e3o \u00e0 sua participa\u00e7\u00e3o na Ufinet ao longo dos anos.<\/p>\t\t\t\t\t\t\t\t<\/div>\n\t\t\t\t<\/div>\n\t\t\t\t\t<\/div>\n\t\t\t\t<\/div>\n\t\t<div class=\"elementor-element elementor-element-83f5152 e-flex e-con-boxed e-con e-child\" data-id=\"83f5152\" data-element_type=\"container\" data-e-type=\"container\">\n\t\t\t\t\t<div class=\"e-con-inner\">\n\t\t\t\t<div class=\"elementor-element elementor-element-089db69 animated-slow elementor-invisible elementor-widget elementor-widget-image\" data-id=\"089db69\" data-element_type=\"widget\" data-e-type=\"widget\" data-settings=\"{&quot;_animation&quot;:&quot;fadeIn&quot;}\" data-widget_type=\"image.default\">\n\t\t\t\t<div class=\"elementor-widget-container\">\n\t\t\t\t\t\t\t\t\t\t\t\t\t\t\t<img loading=\"lazy\" decoding=\"async\" width=\"1080\" height=\"1350\" src=\"https:\/\/www.ufinet.com\/wp-content\/uploads\/2024\/03\/Antonio-Molina.png\" class=\"attachment-full size-full wp-image-32530\" alt=\"\" srcset=\"https:\/\/www.ufinet.com\/wp-content\/uploads\/2024\/03\/Antonio-Molina.png 1080w, https:\/\/www.ufinet.com\/wp-content\/uploads\/2024\/03\/Antonio-Molina-240x300.png 240w, https:\/\/www.ufinet.com\/wp-content\/uploads\/2024\/03\/Antonio-Molina-819x1024.png 819w, https:\/\/www.ufinet.com\/wp-content\/uploads\/2024\/03\/Antonio-Molina-768x960.png 768w\" sizes=\"(max-width: 1080px) 100vw, 1080px\" \/>\t\t\t\t\t\t\t\t\t\t\t\t\t\t\t<\/div>\n\t\t\t\t<\/div>\n\t\t\t\t<div data-ep-wrapper-link=\"{&quot;url&quot;:&quot;https:\\\/\\\/www.linkedin.com\\\/in\\\/antonio-molina-franquelo-624701\\\/&quot;,&quot;is_external&quot;:&quot;on&quot;,&quot;nofollow&quot;:&quot;on&quot;,&quot;custom_attributes&quot;:&quot;&quot;}\" style=\"cursor: pointer\" class=\"bdt-element-link elementor-element elementor-element-3942f16 elementor-shape-circle e-grid-align-right elementor-grid-0 elementor-widget elementor-widget-social-icons\" data-id=\"3942f16\" data-element_type=\"widget\" data-e-type=\"widget\" data-widget_type=\"social-icons.default\">\n\t\t\t\t<div class=\"elementor-widget-container\">\n\t\t\t\t\t\t\t<div class=\"elementor-social-icons-wrapper elementor-grid\">\n\t\t\t\t\t\t\t<span class=\"elementor-grid-item\">\n\t\t\t\t\t<a class=\"elementor-icon elementor-social-icon elementor-social-icon-linkedin elementor-repeater-item-5101929\" target=\"_blank\">\n\t\t\t\t\t\t<span class=\"elementor-screen-only\">Linkedin<\/span>\n\t\t\t\t\t\t<svg aria-hidden=\"true\" class=\"e-font-icon-svg e-fab-linkedin\" viewBox=\"0 0 448 512\" xmlns=\"http:\/\/www.w3.org\/2000\/svg\"><path d=\"M416 32H31.9C14.3 32 0 46.5 0 64.3v383.4C0 465.5 14.3 480 31.9 480H416c17.6 0 32-14.5 32-32.3V64.3c0-17.8-14.4-32.3-32-32.3zM135.4 416H69V202.2h66.5V416zm-33.2-243c-21.3 0-38.5-17.3-38.5-38.5S80.9 96 102.2 96c21.2 0 38.5 17.3 38.5 38.5 0 21.3-17.2 38.5-38.5 38.5zm282.1 243h-66.4V312c0-24.8-.5-56.7-34.5-56.7-34.6 0-39.9 27-39.9 54.9V416h-66.4V202.2h63.7v29.2h.9c8.9-16.8 30.6-34.5 62.9-34.5 67.2 0 79.7 44.3 79.7 101.9V416z\"><\/path><\/svg>\t\t\t\t\t<\/a>\n\t\t\t\t<\/span>\n\t\t\t\t\t<\/div>\n\t\t\t\t\t\t<\/div>\n\t\t\t\t<\/div>\n\t\t\t\t\t<\/div>\n\t\t\t\t<\/div>\n\t\t\t\t\t<\/div>\n\t\t\t\t<\/div>\n\t\t<div class=\"elementor-element elementor-element-2021ad7 e-flex e-con-boxed e-con e-child\" data-id=\"2021ad7\" data-element_type=\"container\" data-e-type=\"container\">\n\t\t\t\t\t<div class=\"e-con-inner\">\n\t\t<div class=\"elementor-element elementor-element-eda1f98 e-flex e-con-boxed e-con e-child\" data-id=\"eda1f98\" data-element_type=\"container\" data-e-type=\"container\">\n\t\t\t\t\t<div class=\"e-con-inner\">\n\t\t\t\t<div class=\"elementor-element elementor-element-ad9af8c animated-slow elementor-invisible elementor-widget elementor-widget-heading\" data-id=\"ad9af8c\" data-element_type=\"widget\" data-e-type=\"widget\" data-settings=\"{&quot;_animation&quot;:&quot;fadeIn&quot;}\" data-widget_type=\"heading.default\">\n\t\t\t\t<div class=\"elementor-widget-container\">\n\t\t\t\t\t<h2 class=\"elementor-heading-title elementor-size-default\">\u00c1lvaro de Pablo<\/h2>\t\t\t\t<\/div>\n\t\t\t\t<\/div>\n\t\t\t\t<div class=\"elementor-element elementor-element-24a75ac animated-slow elementor-invisible elementor-widget elementor-widget-heading\" data-id=\"24a75ac\" data-element_type=\"widget\" data-e-type=\"widget\" data-settings=\"{&quot;_animation&quot;:&quot;fadeInDown&quot;}\" data-widget_type=\"heading.default\">\n\t\t\t\t<div class=\"elementor-widget-container\">\n\t\t\t\t\t<h2 class=\"elementor-heading-title elementor-size-default\">Diretor Administrativo<\/h2>\t\t\t\t<\/div>\n\t\t\t\t<\/div>\n\t\t\t\t<div class=\"elementor-element elementor-element-0e6a9b0 elementor-widget-divider--view-line elementor-widget elementor-widget-divider\" data-id=\"0e6a9b0\" data-element_type=\"widget\" data-e-type=\"widget\" data-widget_type=\"divider.default\">\n\t\t\t\t<div class=\"elementor-widget-container\">\n\t\t\t\t\t\t\t<div class=\"elementor-divider\">\n\t\t\t<span class=\"elementor-divider-separator\">\n\t\t\t\t\t\t<\/span>\n\t\t<\/div>\n\t\t\t\t\t\t<\/div>\n\t\t\t\t<\/div>\n\t\t\t\t<div class=\"elementor-element elementor-element-87d9295 elementor-invisible elementor-widget elementor-widget-text-editor\" data-id=\"87d9295\" data-element_type=\"widget\" data-e-type=\"widget\" data-settings=\"{&quot;_animation&quot;:&quot;fadeIn&quot;}\" data-widget_type=\"text-editor.default\">\n\t\t\t\t<div class=\"elementor-widget-container\">\n\t\t\t\t\t\t\t\t\t<p>\u00c1lvaro de Pablo Gonz\u00e1lez \u00e9 formado em Direito e Administra\u00e7\u00e3o de Empresas pela Universidade de Navarra e possui um MBA pela IESE Business School. Ele ingressou na Ufinet como diretor administrativo depois de assessorar a Cinven na venda da empresa em 2018. Anteriormente, Alvaro trabalhou por 10 anos como banqueiro de investimentos na Natixis Partners e no Barclays, em Madri e Nova York, assessorando clientes na Espanha e na Am\u00e9rica Latina, respectivamente, em uma ampla gama de transa\u00e7\u00f5es (aquisi\u00e7\u00f5es, aliena\u00e7\u00f5es, joint ventures, avalia\u00e7\u00f5es \/ fairness opinions e LBOs) e setores (incluindo petr\u00f3leo e g\u00e1s, energia, infraestrutura, telecomunica\u00e7\u00f5es, industrial e farmac\u00eautico).<\/p>\t\t\t\t\t\t\t\t<\/div>\n\t\t\t\t<\/div>\n\t\t\t\t\t<\/div>\n\t\t\t\t<\/div>\n\t\t<div class=\"elementor-element elementor-element-ef4cf8c e-flex e-con-boxed e-con e-child\" data-id=\"ef4cf8c\" data-element_type=\"container\" data-e-type=\"container\">\n\t\t\t\t\t<div class=\"e-con-inner\">\n\t\t\t\t<div class=\"elementor-element elementor-element-0529f0d animated-slow elementor-invisible elementor-widget elementor-widget-image\" data-id=\"0529f0d\" data-element_type=\"widget\" data-e-type=\"widget\" data-settings=\"{&quot;_animation&quot;:&quot;fadeIn&quot;}\" data-widget_type=\"image.default\">\n\t\t\t\t<div class=\"elementor-widget-container\">\n\t\t\t\t\t\t\t\t\t\t\t\t\t\t\t<img loading=\"lazy\" decoding=\"async\" width=\"1080\" height=\"1210\" src=\"https:\/\/www.ufinet.com\/wp-content\/uploads\/2024\/04\/Alvaro-De-Pablo.png\" class=\"attachment-full size-full wp-image-32574\" alt=\"\" srcset=\"https:\/\/www.ufinet.com\/wp-content\/uploads\/2024\/04\/Alvaro-De-Pablo.png 1080w, https:\/\/www.ufinet.com\/wp-content\/uploads\/2024\/04\/Alvaro-De-Pablo-268x300.png 268w, https:\/\/www.ufinet.com\/wp-content\/uploads\/2024\/04\/Alvaro-De-Pablo-914x1024.png 914w, https:\/\/www.ufinet.com\/wp-content\/uploads\/2024\/04\/Alvaro-De-Pablo-768x860.png 768w\" sizes=\"(max-width: 1080px) 100vw, 1080px\" \/>\t\t\t\t\t\t\t\t\t\t\t\t\t\t\t<\/div>\n\t\t\t\t<\/div>\n\t\t\t\t<div data-ep-wrapper-link=\"{&quot;url&quot;:&quot;https:\\\/\\\/www.linkedin.com\\\/in\\\/alvarodepablo1\\\/&quot;,&quot;is_external&quot;:&quot;on&quot;,&quot;nofollow&quot;:&quot;on&quot;,&quot;custom_attributes&quot;:&quot;&quot;}\" style=\"cursor: pointer\" class=\"bdt-element-link elementor-element elementor-element-754d913 elementor-shape-circle elementor-grid-0 e-grid-align-center elementor-widget elementor-widget-social-icons\" data-id=\"754d913\" data-element_type=\"widget\" data-e-type=\"widget\" data-widget_type=\"social-icons.default\">\n\t\t\t\t<div class=\"elementor-widget-container\">\n\t\t\t\t\t\t\t<div class=\"elementor-social-icons-wrapper elementor-grid\">\n\t\t\t\t\t\t\t<span class=\"elementor-grid-item\">\n\t\t\t\t\t<a class=\"elementor-icon elementor-social-icon elementor-social-icon-linkedin elementor-repeater-item-5101929\" target=\"_blank\">\n\t\t\t\t\t\t<span class=\"elementor-screen-only\">Linkedin<\/span>\n\t\t\t\t\t\t<svg aria-hidden=\"true\" class=\"e-font-icon-svg e-fab-linkedin\" viewBox=\"0 0 448 512\" xmlns=\"http:\/\/www.w3.org\/2000\/svg\"><path d=\"M416 32H31.9C14.3 32 0 46.5 0 64.3v383.4C0 465.5 14.3 480 31.9 480H416c17.6 0 32-14.5 32-32.3V64.3c0-17.8-14.4-32.3-32-32.3zM135.4 416H69V202.2h66.5V416zm-33.2-243c-21.3 0-38.5-17.3-38.5-38.5S80.9 96 102.2 96c21.2 0 38.5 17.3 38.5 38.5 0 21.3-17.2 38.5-38.5 38.5zm282.1 243h-66.4V312c0-24.8-.5-56.7-34.5-56.7-34.6 0-39.9 27-39.9 54.9V416h-66.4V202.2h63.7v29.2h.9c8.9-16.8 30.6-34.5 62.9-34.5 67.2 0 79.7 44.3 79.7 101.9V416z\"><\/path><\/svg>\t\t\t\t\t<\/a>\n\t\t\t\t<\/span>\n\t\t\t\t\t<\/div>\n\t\t\t\t\t\t<\/div>\n\t\t\t\t<\/div>\n\t\t\t\t\t<\/div>\n\t\t\t\t<\/div>\n\t\t\t\t\t<\/div>\n\t\t\t\t<\/div>\n\t\t\t\t\t<\/div>\n\t\t\t\t<\/div>\n\t\t<div class=\"elementor-element elementor-element-3485ace e-flex e-con-boxed e-con e-parent\" data-id=\"3485ace\" data-element_type=\"container\" data-e-type=\"container\" data-settings=\"{&quot;background_background&quot;:&quot;classic&quot;}\">\n\t\t\t\t\t<div class=\"e-con-inner\">\n\t\t<div class=\"elementor-element elementor-element-bf733c7 e-flex e-con-boxed e-con e-child\" data-id=\"bf733c7\" data-element_type=\"container\" data-e-type=\"container\" id=\"administrativo\">\n\t\t\t\t\t<div class=\"e-con-inner\">\n\t\t<div class=\"elementor-element elementor-element-d8927b3 animated-slow e-flex e-con-boxed e-con e-child\" data-id=\"d8927b3\" data-element_type=\"container\" data-e-type=\"container\" data-settings=\"{&quot;animation&quot;:&quot;none&quot;}\">\n\t\t\t\t\t<div class=\"e-con-inner\">\n\t\t\t\t<div class=\"elementor-element elementor-element-8cb401d animated-slow elementor-widget elementor-widget-heading\" data-id=\"8cb401d\" data-element_type=\"widget\" data-e-type=\"widget\" data-settings=\"{&quot;_animation&quot;:&quot;none&quot;}\" data-widget_type=\"heading.default\">\n\t\t\t\t<div class=\"elementor-widget-container\">\n\t\t\t\t\t<h2 class=\"elementor-heading-title elementor-size-default\">Gerentes de pa\u00eds<\/h2>\t\t\t\t<\/div>\n\t\t\t\t<\/div>\n\t\t\t\t<div class=\"elementor-element elementor-element-3499c2c animated-slow elementor-widget-divider--view-line elementor-invisible elementor-widget elementor-widget-divider\" data-id=\"3499c2c\" data-element_type=\"widget\" data-e-type=\"widget\" data-settings=\"{&quot;_animation&quot;:&quot;fadeInRight&quot;}\" data-widget_type=\"divider.default\">\n\t\t\t\t<div class=\"elementor-widget-container\">\n\t\t\t\t\t\t\t<div class=\"elementor-divider\">\n\t\t\t<span class=\"elementor-divider-separator\">\n\t\t\t\t\t\t<\/span>\n\t\t<\/div>\n\t\t\t\t\t\t<\/div>\n\t\t\t\t<\/div>\n\t\t\t\t\t<\/div>\n\t\t\t\t<\/div>\n\t\t\t\t\t<\/div>\n\t\t\t\t<\/div>\n\t\t<div class=\"elementor-element elementor-element-b1dd90e e-flex e-con-boxed e-con e-child\" data-id=\"b1dd90e\" data-element_type=\"container\" data-e-type=\"container\">\n\t\t\t\t\t<div class=\"e-con-inner\">\n\t\t<div class=\"elementor-element elementor-element-8b1ca46 e-flex e-con-boxed e-con e-child\" data-id=\"8b1ca46\" data-element_type=\"container\" data-e-type=\"container\">\n\t\t\t\t\t<div class=\"e-con-inner\">\n\t\t\t\t<div class=\"elementor-element elementor-element-bee4b90 animated-slow elementor-invisible elementor-widget elementor-widget-heading\" data-id=\"bee4b90\" data-element_type=\"widget\" data-e-type=\"widget\" data-settings=\"{&quot;_animation&quot;:&quot;fadeIn&quot;}\" data-widget_type=\"heading.default\">\n\t\t\t\t<div class=\"elementor-widget-container\">\n\t\t\t\t\t<h2 class=\"elementor-heading-title elementor-size-default\">William Aldana  <\/h2>\t\t\t\t<\/div>\n\t\t\t\t<\/div>\n\t\t\t\t<div class=\"elementor-element elementor-element-b39e150 animated-slow elementor-invisible elementor-widget elementor-widget-heading\" data-id=\"b39e150\" data-element_type=\"widget\" data-e-type=\"widget\" data-settings=\"{&quot;_animation&quot;:&quot;fadeInDown&quot;}\" data-widget_type=\"heading.default\">\n\t\t\t\t<div class=\"elementor-widget-container\">\n\t\t\t\t\t<h2 class=\"elementor-heading-title elementor-size-default\">Gerente nacional da Ufinet Guatemala<\/h2>\t\t\t\t<\/div>\n\t\t\t\t<\/div>\n\t\t\t\t<div class=\"elementor-element elementor-element-88254f0 elementor-widget-divider--view-line elementor-widget elementor-widget-divider\" data-id=\"88254f0\" data-element_type=\"widget\" data-e-type=\"widget\" data-widget_type=\"divider.default\">\n\t\t\t\t<div class=\"elementor-widget-container\">\n\t\t\t\t\t\t\t<div class=\"elementor-divider\">\n\t\t\t<span class=\"elementor-divider-separator\">\n\t\t\t\t\t\t<\/span>\n\t\t<\/div>\n\t\t\t\t\t\t<\/div>\n\t\t\t\t<\/div>\n\t\t\t\t<div class=\"elementor-element elementor-element-9ee8674 elementor-invisible elementor-widget elementor-widget-text-editor\" data-id=\"9ee8674\" data-element_type=\"widget\" data-e-type=\"widget\" data-settings=\"{&quot;_animation&quot;:&quot;fadeIn&quot;}\" data-widget_type=\"text-editor.default\">\n\t\t\t\t<div class=\"elementor-widget-container\">\n\t\t\t\t\t\t\t\t\t<p>William Aldana \u00e9 engenheiro de sistemas formado pela Universidad Francisco Marroqu\u00edn, na Guatemala, tem MBA pela INCAE Business School e um Programa de Desenvolvimento de Lideran\u00e7a pela IESE Business School. Sr. Aldana foi gerente nacional de uma empresa investida da Ufinet na Nicar\u00e1gua em 2004, em 2010 foi respons\u00e1vel pela abertura das opera\u00e7\u00f5es da Ufinet na Costa Rica e, desde 2011, \u00e9 gerente nacional da Ufinet na Guatemala. Suas principais realiza\u00e7\u00f5es foram o desenvolvimento de neg\u00f3cios, que tem sido a for\u00e7a motriz da expans\u00e3o da Ufinet para novos mercados na Am\u00e9rica Central, Belize e sul do M\u00e9xico. Como diretor da Guatemala, a empresa impulsionou as vendas de servi\u00e7os de telecomunica\u00e7\u00f5es, alcan\u00e7ando um crescimento significativo nas receitas e no desenvolvimento da rede de fibra \u00f3ptica.<\/p>\t\t\t\t\t\t\t\t<\/div>\n\t\t\t\t<\/div>\n\t\t\t\t\t<\/div>\n\t\t\t\t<\/div>\n\t\t<div class=\"elementor-element elementor-element-52c6aa8 e-flex e-con-boxed e-con e-child\" data-id=\"52c6aa8\" data-element_type=\"container\" data-e-type=\"container\">\n\t\t\t\t\t<div class=\"e-con-inner\">\n\t\t\t\t<div class=\"elementor-element elementor-element-338b67f animated-slow elementor-invisible elementor-widget elementor-widget-image\" data-id=\"338b67f\" data-element_type=\"widget\" data-e-type=\"widget\" data-settings=\"{&quot;_animation&quot;:&quot;fadeIn&quot;}\" data-widget_type=\"image.default\">\n\t\t\t\t<div class=\"elementor-widget-container\">\n\t\t\t\t\t\t\t\t\t\t\t\t\t\t\t<img loading=\"lazy\" decoding=\"async\" width=\"1080\" height=\"1210\" src=\"https:\/\/www.ufinet.com\/wp-content\/uploads\/2024\/04\/William-Aldana.png\" class=\"attachment-full size-full wp-image-32578\" alt=\"\" srcset=\"https:\/\/www.ufinet.com\/wp-content\/uploads\/2024\/04\/William-Aldana.png 1080w, https:\/\/www.ufinet.com\/wp-content\/uploads\/2024\/04\/William-Aldana-268x300.png 268w, https:\/\/www.ufinet.com\/wp-content\/uploads\/2024\/04\/William-Aldana-914x1024.png 914w, https:\/\/www.ufinet.com\/wp-content\/uploads\/2024\/04\/William-Aldana-768x860.png 768w\" sizes=\"(max-width: 1080px) 100vw, 1080px\" \/>\t\t\t\t\t\t\t\t\t\t\t\t\t\t\t<\/div>\n\t\t\t\t<\/div>\n\t\t\t\t<div data-ep-wrapper-link=\"{&quot;url&quot;:&quot;https:\\\/\\\/www.linkedin.com\\\/in\\\/williamaldana\\\/&quot;,&quot;is_external&quot;:&quot;on&quot;,&quot;nofollow&quot;:&quot;on&quot;,&quot;custom_attributes&quot;:&quot;&quot;}\" style=\"cursor: pointer\" class=\"bdt-element-link elementor-element elementor-element-839363c elementor-shape-circle elementor-grid-0 e-grid-align-center elementor-widget elementor-widget-social-icons\" data-id=\"839363c\" data-element_type=\"widget\" data-e-type=\"widget\" data-widget_type=\"social-icons.default\">\n\t\t\t\t<div class=\"elementor-widget-container\">\n\t\t\t\t\t\t\t<div class=\"elementor-social-icons-wrapper elementor-grid\">\n\t\t\t\t\t\t\t<span class=\"elementor-grid-item\">\n\t\t\t\t\t<a class=\"elementor-icon elementor-social-icon elementor-social-icon-linkedin elementor-repeater-item-5101929\" target=\"_blank\">\n\t\t\t\t\t\t<span class=\"elementor-screen-only\">Linkedin<\/span>\n\t\t\t\t\t\t<svg aria-hidden=\"true\" class=\"e-font-icon-svg e-fab-linkedin\" viewBox=\"0 0 448 512\" xmlns=\"http:\/\/www.w3.org\/2000\/svg\"><path d=\"M416 32H31.9C14.3 32 0 46.5 0 64.3v383.4C0 465.5 14.3 480 31.9 480H416c17.6 0 32-14.5 32-32.3V64.3c0-17.8-14.4-32.3-32-32.3zM135.4 416H69V202.2h66.5V416zm-33.2-243c-21.3 0-38.5-17.3-38.5-38.5S80.9 96 102.2 96c21.2 0 38.5 17.3 38.5 38.5 0 21.3-17.2 38.5-38.5 38.5zm282.1 243h-66.4V312c0-24.8-.5-56.7-34.5-56.7-34.6 0-39.9 27-39.9 54.9V416h-66.4V202.2h63.7v29.2h.9c8.9-16.8 30.6-34.5 62.9-34.5 67.2 0 79.7 44.3 79.7 101.9V416z\"><\/path><\/svg>\t\t\t\t\t<\/a>\n\t\t\t\t<\/span>\n\t\t\t\t\t<\/div>\n\t\t\t\t\t\t<\/div>\n\t\t\t\t<\/div>\n\t\t\t\t\t<\/div>\n\t\t\t\t<\/div>\n\t\t\t\t\t<\/div>\n\t\t\t\t<\/div>\n\t\t<div class=\"elementor-element elementor-element-b25789f e-flex e-con-boxed e-con e-child\" data-id=\"b25789f\" data-element_type=\"container\" data-e-type=\"container\">\n\t\t\t\t\t<div class=\"e-con-inner\">\n\t\t<div class=\"elementor-element elementor-element-6fbbc4e e-flex e-con-boxed e-con e-child\" data-id=\"6fbbc4e\" data-element_type=\"container\" data-e-type=\"container\">\n\t\t\t\t\t<div class=\"e-con-inner\">\n\t\t\t\t<div class=\"elementor-element elementor-element-d1eade1 animated-slow elementor-invisible elementor-widget elementor-widget-heading\" data-id=\"d1eade1\" data-element_type=\"widget\" data-e-type=\"widget\" data-settings=\"{&quot;_animation&quot;:&quot;fadeIn&quot;}\" data-widget_type=\"heading.default\">\n\t\t\t\t<div class=\"elementor-widget-container\">\n\t\t\t\t\t<h2 class=\"elementor-heading-title elementor-size-default\">Pablo Garay<\/h2>\t\t\t\t<\/div>\n\t\t\t\t<\/div>\n\t\t\t\t<div class=\"elementor-element elementor-element-8eb7c3f animated-slow elementor-invisible elementor-widget elementor-widget-heading\" data-id=\"8eb7c3f\" data-element_type=\"widget\" data-e-type=\"widget\" data-settings=\"{&quot;_animation&quot;:&quot;fadeInDown&quot;}\" data-widget_type=\"heading.default\">\n\t\t\t\t<div class=\"elementor-widget-container\">\n\t\t\t\t\t<h2 class=\"elementor-heading-title elementor-size-default\">Gerente nacional da Ufinet Brasil<\/h2>\t\t\t\t<\/div>\n\t\t\t\t<\/div>\n\t\t\t\t<div class=\"elementor-element elementor-element-bc8af01 elementor-widget-divider--view-line elementor-widget elementor-widget-divider\" data-id=\"bc8af01\" data-element_type=\"widget\" data-e-type=\"widget\" data-widget_type=\"divider.default\">\n\t\t\t\t<div class=\"elementor-widget-container\">\n\t\t\t\t\t\t\t<div class=\"elementor-divider\">\n\t\t\t<span class=\"elementor-divider-separator\">\n\t\t\t\t\t\t<\/span>\n\t\t<\/div>\n\t\t\t\t\t\t<\/div>\n\t\t\t\t<\/div>\n\t\t\t\t<div class=\"elementor-element elementor-element-6a07d6b elementor-invisible elementor-widget elementor-widget-text-editor\" data-id=\"6a07d6b\" data-element_type=\"widget\" data-e-type=\"widget\" data-settings=\"{&quot;_animation&quot;:&quot;fadeIn&quot;}\" data-widget_type=\"text-editor.default\">\n\t\t\t\t<div class=\"elementor-widget-container\">\n\t\t\t\t\t\t\t\t\t<p data-renderer-start-pos=\"589\">Pablo has a degree in Marketing and Advertising from the American University (Paraguay), and complements his experience with executive training in different areas and institutions such as IESE Business School (Spain), IAE Business School (Argentina), INSPER (Brazil). <\/p><p data-renderer-start-pos=\"858\">Since joining UFINET in 2017, Pablo has played a key role in the company&#8217;s development and consolidation in Paraguay and Brazil. He began by leading the commercial area in Paraguay with outstanding results, which led to his appointment as Commercial Director of UFINET Brazil in 2019. He was responsible for launching commercial operations in the country, as well as building a robust strategy for sustained growth and strengthening the brand&#8217;s presence during the first six years. During his tenure, he led four mergers and acquisitions (M&amp;As) in Brazil, resulting in the opening of operations in new states. In 2015, he was promoted to Country Manager of Brazil, a role from which he drives growth with an approach that combines commercial vision, multicultural management, financial discipline, and the development of high-performing teams.   <\/p>\t\t\t\t\t\t\t\t<\/div>\n\t\t\t\t<\/div>\n\t\t\t\t\t<\/div>\n\t\t\t\t<\/div>\n\t\t<div class=\"elementor-element elementor-element-f123544 e-flex e-con-boxed e-con e-child\" data-id=\"f123544\" data-element_type=\"container\" data-e-type=\"container\">\n\t\t\t\t\t<div class=\"e-con-inner\">\n\t\t\t\t<div class=\"elementor-element elementor-element-bc24d44 animated-slow elementor-invisible elementor-widget elementor-widget-image\" data-id=\"bc24d44\" data-element_type=\"widget\" data-e-type=\"widget\" data-settings=\"{&quot;_animation&quot;:&quot;fadeIn&quot;}\" data-widget_type=\"image.default\">\n\t\t\t\t<div class=\"elementor-widget-container\">\n\t\t\t\t\t\t\t\t\t\t\t\t\t\t\t<img loading=\"lazy\" decoding=\"async\" width=\"1095\" height=\"1190\" src=\"https:\/\/www.ufinet.com\/wp-content\/uploads\/2025\/11\/Pablo-Garay.webp\" class=\"attachment-full size-full wp-image-39379\" alt=\"\" srcset=\"https:\/\/www.ufinet.com\/wp-content\/uploads\/2025\/11\/Pablo-Garay.webp 1095w, https:\/\/www.ufinet.com\/wp-content\/uploads\/2025\/11\/Pablo-Garay-276x300.webp 276w, https:\/\/www.ufinet.com\/wp-content\/uploads\/2025\/11\/Pablo-Garay-942x1024.webp 942w, https:\/\/www.ufinet.com\/wp-content\/uploads\/2025\/11\/Pablo-Garay-768x835.webp 768w\" sizes=\"(max-width: 1095px) 100vw, 1095px\" \/>\t\t\t\t\t\t\t\t\t\t\t\t\t\t\t<\/div>\n\t\t\t\t<\/div>\n\t\t\t\t\t<\/div>\n\t\t\t\t<\/div>\n\t\t\t\t\t<\/div>\n\t\t\t\t<\/div>\n\t\t<div class=\"elementor-element elementor-element-0012ee9 e-flex e-con-boxed e-con e-child\" data-id=\"0012ee9\" data-element_type=\"container\" data-e-type=\"container\">\n\t\t\t\t\t<div class=\"e-con-inner\">\n\t\t<div class=\"elementor-element elementor-element-10ee7cf e-flex e-con-boxed e-con e-child\" data-id=\"10ee7cf\" data-element_type=\"container\" data-e-type=\"container\">\n\t\t\t\t\t<div class=\"e-con-inner\">\n\t\t\t\t<div class=\"elementor-element elementor-element-ea275ff animated-slow elementor-invisible elementor-widget elementor-widget-heading\" data-id=\"ea275ff\" data-element_type=\"widget\" data-e-type=\"widget\" data-settings=\"{&quot;_animation&quot;:&quot;fadeIn&quot;}\" data-widget_type=\"heading.default\">\n\t\t\t\t<div class=\"elementor-widget-container\">\n\t\t\t\t\t<h2 class=\"elementor-heading-title elementor-size-default\">Ruby Castellanos<\/h2>\t\t\t\t<\/div>\n\t\t\t\t<\/div>\n\t\t\t\t<div class=\"elementor-element elementor-element-f9aa9a0 animated-slow elementor-invisible elementor-widget elementor-widget-heading\" data-id=\"f9aa9a0\" data-element_type=\"widget\" data-e-type=\"widget\" data-settings=\"{&quot;_animation&quot;:&quot;fadeInDown&quot;}\" data-widget_type=\"heading.default\">\n\t\t\t\t<div class=\"elementor-widget-container\">\n\t\t\t\t\t<h2 class=\"elementor-heading-title elementor-size-default\">Gerente nacional da Ufinet Argentina e Chile<\/h2>\t\t\t\t<\/div>\n\t\t\t\t<\/div>\n\t\t\t\t<div class=\"elementor-element elementor-element-17991c0 elementor-widget-divider--view-line elementor-widget elementor-widget-divider\" data-id=\"17991c0\" data-element_type=\"widget\" data-e-type=\"widget\" data-widget_type=\"divider.default\">\n\t\t\t\t<div class=\"elementor-widget-container\">\n\t\t\t\t\t\t\t<div class=\"elementor-divider\">\n\t\t\t<span class=\"elementor-divider-separator\">\n\t\t\t\t\t\t<\/span>\n\t\t<\/div>\n\t\t\t\t\t\t<\/div>\n\t\t\t\t<\/div>\n\t\t\t\t<div class=\"elementor-element elementor-element-d520827 elementor-invisible elementor-widget elementor-widget-text-editor\" data-id=\"d520827\" data-element_type=\"widget\" data-e-type=\"widget\" data-settings=\"{&quot;_animation&quot;:&quot;fadeIn&quot;}\" data-widget_type=\"text-editor.default\">\n\t\t\t\t<div class=\"elementor-widget-container\">\n\t\t\t\t\t\t\t\t\t<p>Ruby Castellanos Castillo \u00e9 engenheira eletricista pela Universidad Aut\u00f3noma de Occidente em Cali, Col\u00f4mbia, mestre em TI e gest\u00e3o de telecomunica\u00e7\u00f5es e especialista em redes e comunica\u00e7\u00f5es pela Universidad ICESI em Cali. A Sra. Castellanos trabalha na Ufinet desde 2002; durante sua carreira profissional, ela foi respons\u00e1vel pela \u00e1rea de Opera\u00e7\u00e3o e Manuten\u00e7\u00e3o na zona do Pac\u00edfico da Col\u00f4mbia, liderando a terceiriza\u00e7\u00e3o de telecomunica\u00e7\u00f5es para a Empresa de Energ\u00eda del Pac\u00edfico. Em 2014, ocupou o cargo de Gerente de Desenvolvimento de Neg\u00f3cios Latam, participando ativamente do desenvolvimento de projetos estrat\u00e9gicos que contribu\u00edram para a expans\u00e3o e o crescimento da Ufinet na regi\u00e3o. Recentemente, Ruby foi promovida a Country Manager para o Chile e a Argentina, a fim de ampliar o modelo de sucesso da Ufinet nessas regi\u00f5es.<\/p>\t\t\t\t\t\t\t\t<\/div>\n\t\t\t\t<\/div>\n\t\t\t\t\t<\/div>\n\t\t\t\t<\/div>\n\t\t<div class=\"elementor-element elementor-element-2a9bc9d e-flex e-con-boxed e-con e-child\" data-id=\"2a9bc9d\" data-element_type=\"container\" data-e-type=\"container\">\n\t\t\t\t\t<div class=\"e-con-inner\">\n\t\t\t\t<div class=\"elementor-element elementor-element-a04d14b animated-slow elementor-invisible elementor-widget elementor-widget-image\" data-id=\"a04d14b\" data-element_type=\"widget\" data-e-type=\"widget\" data-settings=\"{&quot;_animation&quot;:&quot;fadeIn&quot;}\" data-widget_type=\"image.default\">\n\t\t\t\t<div class=\"elementor-widget-container\">\n\t\t\t\t\t\t\t\t\t\t\t\t\t\t\t<img loading=\"lazy\" decoding=\"async\" width=\"1080\" height=\"1210\" src=\"https:\/\/www.ufinet.com\/wp-content\/uploads\/2024\/04\/Ruby-Castellanos.png\" class=\"attachment-full size-full wp-image-32592\" alt=\"\" srcset=\"https:\/\/www.ufinet.com\/wp-content\/uploads\/2024\/04\/Ruby-Castellanos.png 1080w, https:\/\/www.ufinet.com\/wp-content\/uploads\/2024\/04\/Ruby-Castellanos-268x300.png 268w, https:\/\/www.ufinet.com\/wp-content\/uploads\/2024\/04\/Ruby-Castellanos-914x1024.png 914w, https:\/\/www.ufinet.com\/wp-content\/uploads\/2024\/04\/Ruby-Castellanos-768x860.png 768w\" sizes=\"(max-width: 1080px) 100vw, 1080px\" \/>\t\t\t\t\t\t\t\t\t\t\t\t\t\t\t<\/div>\n\t\t\t\t<\/div>\n\t\t\t\t<div data-ep-wrapper-link=\"{&quot;url&quot;:&quot;https:\\\/\\\/www.linkedin.com\\\/in\\\/ruby-castellanos-16471745\\\/&quot;,&quot;is_external&quot;:&quot;on&quot;,&quot;nofollow&quot;:&quot;on&quot;,&quot;custom_attributes&quot;:&quot;&quot;}\" style=\"cursor: pointer\" class=\"bdt-element-link elementor-element elementor-element-4d1b678 elementor-shape-circle elementor-grid-0 e-grid-align-center elementor-widget elementor-widget-social-icons\" data-id=\"4d1b678\" data-element_type=\"widget\" data-e-type=\"widget\" data-widget_type=\"social-icons.default\">\n\t\t\t\t<div class=\"elementor-widget-container\">\n\t\t\t\t\t\t\t<div class=\"elementor-social-icons-wrapper elementor-grid\">\n\t\t\t\t\t\t\t<span class=\"elementor-grid-item\">\n\t\t\t\t\t<a class=\"elementor-icon elementor-social-icon elementor-social-icon-linkedin elementor-repeater-item-5101929\" target=\"_blank\">\n\t\t\t\t\t\t<span class=\"elementor-screen-only\">Linkedin<\/span>\n\t\t\t\t\t\t<svg aria-hidden=\"true\" class=\"e-font-icon-svg e-fab-linkedin\" viewBox=\"0 0 448 512\" xmlns=\"http:\/\/www.w3.org\/2000\/svg\"><path d=\"M416 32H31.9C14.3 32 0 46.5 0 64.3v383.4C0 465.5 14.3 480 31.9 480H416c17.6 0 32-14.5 32-32.3V64.3c0-17.8-14.4-32.3-32-32.3zM135.4 416H69V202.2h66.5V416zm-33.2-243c-21.3 0-38.5-17.3-38.5-38.5S80.9 96 102.2 96c21.2 0 38.5 17.3 38.5 38.5 0 21.3-17.2 38.5-38.5 38.5zm282.1 243h-66.4V312c0-24.8-.5-56.7-34.5-56.7-34.6 0-39.9 27-39.9 54.9V416h-66.4V202.2h63.7v29.2h.9c8.9-16.8 30.6-34.5 62.9-34.5 67.2 0 79.7 44.3 79.7 101.9V416z\"><\/path><\/svg>\t\t\t\t\t<\/a>\n\t\t\t\t<\/span>\n\t\t\t\t\t<\/div>\n\t\t\t\t\t\t<\/div>\n\t\t\t\t<\/div>\n\t\t\t\t\t<\/div>\n\t\t\t\t<\/div>\n\t\t\t\t\t<\/div>\n\t\t\t\t<\/div>\n\t\t<div class=\"elementor-element elementor-element-d6d88a3 e-flex e-con-boxed e-con e-child\" data-id=\"d6d88a3\" data-element_type=\"container\" data-e-type=\"container\">\n\t\t\t\t\t<div class=\"e-con-inner\">\n\t\t<div class=\"elementor-element elementor-element-61cf67b e-flex e-con-boxed e-con e-child\" data-id=\"61cf67b\" data-element_type=\"container\" data-e-type=\"container\">\n\t\t\t\t\t<div class=\"e-con-inner\">\n\t\t\t\t<div class=\"elementor-element elementor-element-6900f7b animated-slow elementor-invisible elementor-widget elementor-widget-heading\" data-id=\"6900f7b\" data-element_type=\"widget\" data-e-type=\"widget\" data-settings=\"{&quot;_animation&quot;:&quot;fadeIn&quot;}\" data-widget_type=\"heading.default\">\n\t\t\t\t<div class=\"elementor-widget-container\">\n\t\t\t\t\t<h2 class=\"elementor-heading-title elementor-size-default\">Sergio D\u00e1vila<\/h2>\t\t\t\t<\/div>\n\t\t\t\t<\/div>\n\t\t\t\t<div class=\"elementor-element elementor-element-969f153 animated-slow elementor-invisible elementor-widget elementor-widget-heading\" data-id=\"969f153\" data-element_type=\"widget\" data-e-type=\"widget\" data-settings=\"{&quot;_animation&quot;:&quot;fadeInDown&quot;}\" data-widget_type=\"heading.default\">\n\t\t\t\t<div class=\"elementor-widget-container\">\n\t\t\t\t\t<h2 class=\"elementor-heading-title elementor-size-default\">Gerente nacional da Ufinet El Salvador<\/h2>\t\t\t\t<\/div>\n\t\t\t\t<\/div>\n\t\t\t\t<div class=\"elementor-element elementor-element-37f6259 elementor-widget-divider--view-line elementor-widget elementor-widget-divider\" data-id=\"37f6259\" data-element_type=\"widget\" data-e-type=\"widget\" data-widget_type=\"divider.default\">\n\t\t\t\t<div class=\"elementor-widget-container\">\n\t\t\t\t\t\t\t<div class=\"elementor-divider\">\n\t\t\t<span class=\"elementor-divider-separator\">\n\t\t\t\t\t\t<\/span>\n\t\t<\/div>\n\t\t\t\t\t\t<\/div>\n\t\t\t\t<\/div>\n\t\t\t\t<div class=\"elementor-element elementor-element-8807985 elementor-invisible elementor-widget elementor-widget-text-editor\" data-id=\"8807985\" data-element_type=\"widget\" data-e-type=\"widget\" data-settings=\"{&quot;_animation&quot;:&quot;fadeIn&quot;}\" data-widget_type=\"text-editor.default\">\n\t\t\t\t<div class=\"elementor-widget-container\">\n\t\t\t\t\t\t\t\t\t<p>Sergio D\u00e1vila ingressou na Ufinet em 2021 como Gerente Comercial em El Salvador e, desde janeiro de 2023, \u00e9 Gerente Nacional. Durante esse per\u00edodo, ele liderou a equipe nesse pa\u00eds em um per\u00edodo de grande expans\u00e3o nos neg\u00f3cios e na infraestrutura, aumentando a base de clientes e os servi\u00e7os prestados.<\/p><p>Sergio se formou como engenheiro eletr\u00f4nico pela Universidad del Valle de Guatemala e, posteriormente, concluiu seu MBA na ADEN, Argentina, e na Universidad Francisco Vitoria, Espanha. Sua experi\u00eancia na \u00e1rea de telecomunica\u00e7\u00f5es se estende por mais de 30 anos, come\u00e7ando na ent\u00e3o estatal Empresa de Telecomunicaciones de Guatemala, Guatel, e mais tarde fazendo parte da equipe inicial da Telef\u00f3nica na Guatemala e sua expans\u00e3o pela Am\u00e9rica Central, e depois indo para a Ericsson. Nos \u00faltimos 10 anos, antes de ingressar na Ufinet, ele retornou ao grupo Telef\u00f3nica para a unidade de Servi\u00e7os Internacionais de Atacado, onde se destacou no desenvolvimento do mercado de Telecomunica\u00e7\u00f5es de Atacado na regi\u00e3o da Am\u00e9rica Central e do Caribe, apoiando o desenvolvimento da banda larga na regi\u00e3o. Sua longa carreira permitiu que ele fizesse contribui\u00e7\u00f5es importantes em diversas fun\u00e7\u00f5es, incluindo planejamento e engenharia de rede, desenvolvimento de servi\u00e7os, marketing, gerenciamento de projetos, desenvolvimento de neg\u00f3cios, vendas e gerenciamento nacional.<\/p>\t\t\t\t\t\t\t\t<\/div>\n\t\t\t\t<\/div>\n\t\t\t\t\t<\/div>\n\t\t\t\t<\/div>\n\t\t<div class=\"elementor-element elementor-element-7785979 e-flex e-con-boxed e-con e-child\" data-id=\"7785979\" data-element_type=\"container\" data-e-type=\"container\">\n\t\t\t\t\t<div class=\"e-con-inner\">\n\t\t\t\t<div class=\"elementor-element elementor-element-b38e889 animated-slow elementor-invisible elementor-widget elementor-widget-image\" data-id=\"b38e889\" data-element_type=\"widget\" data-e-type=\"widget\" data-settings=\"{&quot;_animation&quot;:&quot;fadeIn&quot;}\" data-widget_type=\"image.default\">\n\t\t\t\t<div class=\"elementor-widget-container\">\n\t\t\t\t\t\t\t\t\t\t\t\t\t\t\t<img loading=\"lazy\" decoding=\"async\" width=\"1080\" height=\"1210\" src=\"https:\/\/www.ufinet.com\/wp-content\/uploads\/2024\/04\/Sergio-Davila.png\" class=\"attachment-full size-full wp-image-32580\" alt=\"\" srcset=\"https:\/\/www.ufinet.com\/wp-content\/uploads\/2024\/04\/Sergio-Davila.png 1080w, https:\/\/www.ufinet.com\/wp-content\/uploads\/2024\/04\/Sergio-Davila-268x300.png 268w, https:\/\/www.ufinet.com\/wp-content\/uploads\/2024\/04\/Sergio-Davila-914x1024.png 914w, https:\/\/www.ufinet.com\/wp-content\/uploads\/2024\/04\/Sergio-Davila-768x860.png 768w\" sizes=\"(max-width: 1080px) 100vw, 1080px\" \/>\t\t\t\t\t\t\t\t\t\t\t\t\t\t\t<\/div>\n\t\t\t\t<\/div>\n\t\t\t\t<div data-ep-wrapper-link=\"{&quot;url&quot;:&quot;https:\\\/\\\/www.linkedin.com\\\/in\\\/williamaldana\\\/&quot;,&quot;is_external&quot;:&quot;on&quot;,&quot;nofollow&quot;:&quot;on&quot;,&quot;custom_attributes&quot;:&quot;&quot;}\" style=\"cursor: pointer\" class=\"bdt-element-link elementor-element elementor-element-6fa8695 elementor-shape-circle elementor-grid-0 e-grid-align-center elementor-widget elementor-widget-social-icons\" data-id=\"6fa8695\" data-element_type=\"widget\" data-e-type=\"widget\" data-widget_type=\"social-icons.default\">\n\t\t\t\t<div class=\"elementor-widget-container\">\n\t\t\t\t\t\t\t<div class=\"elementor-social-icons-wrapper elementor-grid\">\n\t\t\t\t\t\t\t<span class=\"elementor-grid-item\">\n\t\t\t\t\t<a class=\"elementor-icon elementor-social-icon elementor-social-icon-linkedin elementor-repeater-item-5101929\" href=\"https:\/\/www.linkedin.com\/in\/sergiodavila\/\" target=\"_blank\" rel=\"nofollow\">\n\t\t\t\t\t\t<span class=\"elementor-screen-only\">Linkedin<\/span>\n\t\t\t\t\t\t<svg aria-hidden=\"true\" class=\"e-font-icon-svg e-fab-linkedin\" viewBox=\"0 0 448 512\" xmlns=\"http:\/\/www.w3.org\/2000\/svg\"><path d=\"M416 32H31.9C14.3 32 0 46.5 0 64.3v383.4C0 465.5 14.3 480 31.9 480H416c17.6 0 32-14.5 32-32.3V64.3c0-17.8-14.4-32.3-32-32.3zM135.4 416H69V202.2h66.5V416zm-33.2-243c-21.3 0-38.5-17.3-38.5-38.5S80.9 96 102.2 96c21.2 0 38.5 17.3 38.5 38.5 0 21.3-17.2 38.5-38.5 38.5zm282.1 243h-66.4V312c0-24.8-.5-56.7-34.5-56.7-34.6 0-39.9 27-39.9 54.9V416h-66.4V202.2h63.7v29.2h.9c8.9-16.8 30.6-34.5 62.9-34.5 67.2 0 79.7 44.3 79.7 101.9V416z\"><\/path><\/svg>\t\t\t\t\t<\/a>\n\t\t\t\t<\/span>\n\t\t\t\t\t<\/div>\n\t\t\t\t\t\t<\/div>\n\t\t\t\t<\/div>\n\t\t\t\t\t<\/div>\n\t\t\t\t<\/div>\n\t\t\t\t\t<\/div>\n\t\t\t\t<\/div>\n\t\t<div class=\"elementor-element elementor-element-c59a841 e-flex e-con-boxed e-con e-child\" data-id=\"c59a841\" data-element_type=\"container\" data-e-type=\"container\">\n\t\t\t\t\t<div class=\"e-con-inner\">\n\t\t<div class=\"elementor-element elementor-element-eae1472 e-flex e-con-boxed e-con e-child\" data-id=\"eae1472\" data-element_type=\"container\" data-e-type=\"container\">\n\t\t\t\t\t<div class=\"e-con-inner\">\n\t\t\t\t<div class=\"elementor-element elementor-element-1c57246 animated-slow elementor-invisible elementor-widget elementor-widget-heading\" data-id=\"1c57246\" data-element_type=\"widget\" data-e-type=\"widget\" data-settings=\"{&quot;_animation&quot;:&quot;fadeIn&quot;}\" data-widget_type=\"heading.default\">\n\t\t\t\t<div class=\"elementor-widget-container\">\n\t\t\t\t\t<h2 class=\"elementor-heading-title elementor-size-default\">Ricardo Juarez<\/h2>\t\t\t\t<\/div>\n\t\t\t\t<\/div>\n\t\t\t\t<div class=\"elementor-element elementor-element-6e79053 animated-slow elementor-invisible elementor-widget elementor-widget-heading\" data-id=\"6e79053\" data-element_type=\"widget\" data-e-type=\"widget\" data-settings=\"{&quot;_animation&quot;:&quot;fadeInDown&quot;}\" data-widget_type=\"heading.default\">\n\t\t\t\t<div class=\"elementor-widget-container\">\n\t\t\t\t\t<h2 class=\"elementor-heading-title elementor-size-default\">Gerente nacional da Ufinet Nicar\u00e1gua<\/h2>\t\t\t\t<\/div>\n\t\t\t\t<\/div>\n\t\t\t\t<div class=\"elementor-element elementor-element-9de483d elementor-widget-divider--view-line elementor-widget elementor-widget-divider\" data-id=\"9de483d\" data-element_type=\"widget\" data-e-type=\"widget\" data-widget_type=\"divider.default\">\n\t\t\t\t<div class=\"elementor-widget-container\">\n\t\t\t\t\t\t\t<div class=\"elementor-divider\">\n\t\t\t<span class=\"elementor-divider-separator\">\n\t\t\t\t\t\t<\/span>\n\t\t<\/div>\n\t\t\t\t\t\t<\/div>\n\t\t\t\t<\/div>\n\t\t\t\t<div class=\"elementor-element elementor-element-ec2be83 elementor-invisible elementor-widget elementor-widget-text-editor\" data-id=\"ec2be83\" data-element_type=\"widget\" data-e-type=\"widget\" data-settings=\"{&quot;_animation&quot;:&quot;fadeIn&quot;}\" data-widget_type=\"text-editor.default\">\n\t\t\t\t<div class=\"elementor-widget-container\">\n\t\t\t\t\t\t\t\t\t<p data-renderer-start-pos=\"132\">Jos\u00e9 Rodrigo Ricardo Ju\u00e1rez Cordero \u00e9 engenheiro eletr\u00f4nico especializado em telecomunica\u00e7\u00f5es, formado pela Universidade Nacional de Engenharia (UNI) da Nicar\u00e1gua. Ele tem mestrado em Administra\u00e7\u00e3o e Gerenciamento de Neg\u00f3cios com especializa\u00e7\u00e3o em Marketing e Finan\u00e7as pela Universidad Centroamericana (UCA). <\/p><p data-renderer-start-pos=\"438\">Com uma carreira de quase tr\u00eas d\u00e9cadas no setor de telecomunica\u00e7\u00f5es e tecnologia, ele atualmente atua como Country Manager da UFINET Nicar\u00e1gua, cargo que ocupa desde 2003, liderando a expans\u00e3o e a consolida\u00e7\u00e3o da empresa no pa\u00eds.<\/p><p data-renderer-start-pos=\"689\">Desde 1996, ele ocupa cargos estrat\u00e9gicos de rede e telecomunica\u00e7\u00f5es em empresas de distribui\u00e7\u00e3o de eletricidade (Uni\u00f3n Fenosa e Gas Natural Fenosa na Nicar\u00e1gua), gerenciando infraestruturas cr\u00edticas de telecomunica\u00e7\u00f5es para o setor de energia. <\/p><p data-renderer-start-pos=\"955\">Sua lideran\u00e7a tem sido fundamental para o desenvolvimento e o crescimento da opera\u00e7\u00e3o da UFINET na Nicar\u00e1gua, impulsionando sua posi\u00e7\u00e3o no mercado e fortalecendo a conectividade no pa\u00eds.<\/p>\t\t\t\t\t\t\t\t<\/div>\n\t\t\t\t<\/div>\n\t\t\t\t\t<\/div>\n\t\t\t\t<\/div>\n\t\t<div class=\"elementor-element elementor-element-b94bad9 e-flex e-con-boxed e-con e-child\" data-id=\"b94bad9\" data-element_type=\"container\" data-e-type=\"container\">\n\t\t\t\t\t<div class=\"e-con-inner\">\n\t\t\t\t<div class=\"elementor-element elementor-element-debdbf1 animated-slow elementor-invisible elementor-widget elementor-widget-image\" data-id=\"debdbf1\" data-element_type=\"widget\" data-e-type=\"widget\" data-settings=\"{&quot;_animation&quot;:&quot;fadeIn&quot;}\" data-widget_type=\"image.default\">\n\t\t\t\t<div class=\"elementor-widget-container\">\n\t\t\t\t\t\t\t\t\t\t\t\t\t\t\t<img loading=\"lazy\" decoding=\"async\" width=\"1080\" height=\"1210\" src=\"https:\/\/www.ufinet.com\/wp-content\/uploads\/2024\/04\/Ricardo-Juarez.png\" class=\"attachment-full size-full wp-image-32582\" alt=\"\" srcset=\"https:\/\/www.ufinet.com\/wp-content\/uploads\/2024\/04\/Ricardo-Juarez.png 1080w, https:\/\/www.ufinet.com\/wp-content\/uploads\/2024\/04\/Ricardo-Juarez-268x300.png 268w, https:\/\/www.ufinet.com\/wp-content\/uploads\/2024\/04\/Ricardo-Juarez-914x1024.png 914w, https:\/\/www.ufinet.com\/wp-content\/uploads\/2024\/04\/Ricardo-Juarez-768x860.png 768w\" sizes=\"(max-width: 1080px) 100vw, 1080px\" \/>\t\t\t\t\t\t\t\t\t\t\t\t\t\t\t<\/div>\n\t\t\t\t<\/div>\n\t\t\t\t<div data-ep-wrapper-link=\"{&quot;url&quot;:&quot;https:\\\/\\\/www.linkedin.com\\\/in\\\/ricardo-ju%C3%A1rez-cordero-31904538\\\/&quot;,&quot;is_external&quot;:&quot;on&quot;,&quot;nofollow&quot;:&quot;on&quot;,&quot;custom_attributes&quot;:&quot;&quot;}\" style=\"cursor: pointer\" class=\"bdt-element-link elementor-element elementor-element-374deaa elementor-shape-circle elementor-grid-0 e-grid-align-center elementor-widget elementor-widget-social-icons\" data-id=\"374deaa\" data-element_type=\"widget\" data-e-type=\"widget\" data-widget_type=\"social-icons.default\">\n\t\t\t\t<div class=\"elementor-widget-container\">\n\t\t\t\t\t\t\t<div class=\"elementor-social-icons-wrapper elementor-grid\">\n\t\t\t\t\t\t\t<span class=\"elementor-grid-item\">\n\t\t\t\t\t<a class=\"elementor-icon elementor-social-icon elementor-social-icon-linkedin elementor-repeater-item-5101929\" target=\"_blank\">\n\t\t\t\t\t\t<span class=\"elementor-screen-only\">Linkedin<\/span>\n\t\t\t\t\t\t<svg aria-hidden=\"true\" class=\"e-font-icon-svg e-fab-linkedin\" viewBox=\"0 0 448 512\" xmlns=\"http:\/\/www.w3.org\/2000\/svg\"><path d=\"M416 32H31.9C14.3 32 0 46.5 0 64.3v383.4C0 465.5 14.3 480 31.9 480H416c17.6 0 32-14.5 32-32.3V64.3c0-17.8-14.4-32.3-32-32.3zM135.4 416H69V202.2h66.5V416zm-33.2-243c-21.3 0-38.5-17.3-38.5-38.5S80.9 96 102.2 96c21.2 0 38.5 17.3 38.5 38.5 0 21.3-17.2 38.5-38.5 38.5zm282.1 243h-66.4V312c0-24.8-.5-56.7-34.5-56.7-34.6 0-39.9 27-39.9 54.9V416h-66.4V202.2h63.7v29.2h.9c8.9-16.8 30.6-34.5 62.9-34.5 67.2 0 79.7 44.3 79.7 101.9V416z\"><\/path><\/svg>\t\t\t\t\t<\/a>\n\t\t\t\t<\/span>\n\t\t\t\t\t<\/div>\n\t\t\t\t\t\t<\/div>\n\t\t\t\t<\/div>\n\t\t\t\t\t<\/div>\n\t\t\t\t<\/div>\n\t\t\t\t\t<\/div>\n\t\t\t\t<\/div>\n\t\t<div class=\"elementor-element elementor-element-65fd971 e-flex e-con-boxed e-con e-child\" data-id=\"65fd971\" data-element_type=\"container\" data-e-type=\"container\">\n\t\t\t\t\t<div class=\"e-con-inner\">\n\t\t<div class=\"elementor-element elementor-element-802625a e-flex e-con-boxed e-con e-child\" data-id=\"802625a\" data-element_type=\"container\" data-e-type=\"container\">\n\t\t\t\t\t<div class=\"e-con-inner\">\n\t\t\t\t<div class=\"elementor-element elementor-element-1f211ff animated-slow elementor-invisible elementor-widget elementor-widget-heading\" data-id=\"1f211ff\" data-element_type=\"widget\" data-e-type=\"widget\" data-settings=\"{&quot;_animation&quot;:&quot;fadeIn&quot;}\" data-widget_type=\"heading.default\">\n\t\t\t\t<div class=\"elementor-widget-container\">\n\t\t\t\t\t<h2 class=\"elementor-heading-title elementor-size-default\">Eduardo Palacios<\/h2>\t\t\t\t<\/div>\n\t\t\t\t<\/div>\n\t\t\t\t<div class=\"elementor-element elementor-element-736c8dd animated-slow elementor-invisible elementor-widget elementor-widget-heading\" data-id=\"736c8dd\" data-element_type=\"widget\" data-e-type=\"widget\" data-settings=\"{&quot;_animation&quot;:&quot;fadeInDown&quot;}\" data-widget_type=\"heading.default\">\n\t\t\t\t<div class=\"elementor-widget-container\">\n\t\t\t\t\t<h2 class=\"elementor-heading-title elementor-size-default\">Gerente nacional da Ufinet Costa Rica<\/h2>\t\t\t\t<\/div>\n\t\t\t\t<\/div>\n\t\t\t\t<div class=\"elementor-element elementor-element-9b9257e elementor-widget-divider--view-line elementor-widget elementor-widget-divider\" data-id=\"9b9257e\" data-element_type=\"widget\" data-e-type=\"widget\" data-widget_type=\"divider.default\">\n\t\t\t\t<div class=\"elementor-widget-container\">\n\t\t\t\t\t\t\t<div class=\"elementor-divider\">\n\t\t\t<span class=\"elementor-divider-separator\">\n\t\t\t\t\t\t<\/span>\n\t\t<\/div>\n\t\t\t\t\t\t<\/div>\n\t\t\t\t<\/div>\n\t\t\t\t<div class=\"elementor-element elementor-element-806a74d elementor-invisible elementor-widget elementor-widget-text-editor\" data-id=\"806a74d\" data-element_type=\"widget\" data-e-type=\"widget\" data-settings=\"{&quot;_animation&quot;:&quot;fadeIn&quot;}\" data-widget_type=\"text-editor.default\">\n\t\t\t\t<div class=\"elementor-widget-container\">\n\t\t\t\t\t\t\t\t\t<p>Eduardo Palacios Guti\u00e9rrez \u00e9 engenheiro industrial com especializa\u00e7\u00e3o em organiza\u00e7\u00e3o industrial pela Universidade Polit\u00e9cnica de Madri (UPM), mestre em administra\u00e7\u00e3o de neg\u00f3cios globais pela Pontif\u00edcia Universidade Cat\u00f3lica do Peru, graduado &#8220;cum laude&#8221; e mestre em administra\u00e7\u00e3o de neg\u00f3cios (MBA) pela EADA -Escuela de Alta Direcci\u00f3n y Administraci\u00f3n- em Barcelona, Espanha. Sr. Palacios ingressou na UFINET em 2000 no Departamento Comercial e, posteriormente, ocupou o cargo de Country Manager na Guatemala por mais de 5 anos e o cargo de Country Manager na Costa Rica desde a cria\u00e7\u00e3o da empresa em 2010. Paralelamente, ele atua no desenvolvimento do setor de telecomunica\u00e7\u00f5es da Costa Rica, tendo sido coordenador da Comiss\u00e3o de Banda Larga da C\u00e2mara de Infocomunica\u00e7\u00e3o e Tecnologia (INFOCOM) e atualmente \u00e9 membro do Comit\u00ea Executivo da C\u00e2mara.<\/p>\t\t\t\t\t\t\t\t<\/div>\n\t\t\t\t<\/div>\n\t\t\t\t\t<\/div>\n\t\t\t\t<\/div>\n\t\t<div class=\"elementor-element elementor-element-d763f19 e-flex e-con-boxed e-con e-child\" data-id=\"d763f19\" data-element_type=\"container\" data-e-type=\"container\">\n\t\t\t\t\t<div class=\"e-con-inner\">\n\t\t\t\t<div class=\"elementor-element elementor-element-f20c6b4 animated-slow elementor-invisible elementor-widget elementor-widget-image\" data-id=\"f20c6b4\" data-element_type=\"widget\" data-e-type=\"widget\" data-settings=\"{&quot;_animation&quot;:&quot;fadeIn&quot;}\" data-widget_type=\"image.default\">\n\t\t\t\t<div class=\"elementor-widget-container\">\n\t\t\t\t\t\t\t\t\t\t\t\t\t\t\t<img loading=\"lazy\" decoding=\"async\" width=\"914\" height=\"1024\" src=\"https:\/\/www.ufinet.com\/wp-content\/uploads\/2024\/04\/Eduardo-Palacios-914x1024.png\" class=\"attachment-large size-large wp-image-32584\" alt=\"\" srcset=\"https:\/\/www.ufinet.com\/wp-content\/uploads\/2024\/04\/Eduardo-Palacios-914x1024.png 914w, https:\/\/www.ufinet.com\/wp-content\/uploads\/2024\/04\/Eduardo-Palacios-268x300.png 268w, https:\/\/www.ufinet.com\/wp-content\/uploads\/2024\/04\/Eduardo-Palacios-768x860.png 768w, https:\/\/www.ufinet.com\/wp-content\/uploads\/2024\/04\/Eduardo-Palacios.png 1080w\" sizes=\"(max-width: 914px) 100vw, 914px\" \/>\t\t\t\t\t\t\t\t\t\t\t\t\t\t\t<\/div>\n\t\t\t\t<\/div>\n\t\t\t\t<div data-ep-wrapper-link=\"{&quot;url&quot;:&quot;https:\\\/\\\/www.linkedin.com\\\/in\\\/eduardo-palacios-guti%C3%A9rrez-90021928\\\/&quot;,&quot;is_external&quot;:&quot;on&quot;,&quot;nofollow&quot;:&quot;on&quot;,&quot;custom_attributes&quot;:&quot;&quot;}\" style=\"cursor: pointer\" class=\"bdt-element-link elementor-element elementor-element-d6c9c9e elementor-shape-circle elementor-grid-0 e-grid-align-center elementor-widget elementor-widget-social-icons\" data-id=\"d6c9c9e\" data-element_type=\"widget\" data-e-type=\"widget\" data-widget_type=\"social-icons.default\">\n\t\t\t\t<div class=\"elementor-widget-container\">\n\t\t\t\t\t\t\t<div class=\"elementor-social-icons-wrapper elementor-grid\">\n\t\t\t\t\t\t\t<span class=\"elementor-grid-item\">\n\t\t\t\t\t<a class=\"elementor-icon elementor-social-icon elementor-social-icon-linkedin elementor-repeater-item-5101929\" target=\"_blank\">\n\t\t\t\t\t\t<span class=\"elementor-screen-only\">Linkedin<\/span>\n\t\t\t\t\t\t<svg aria-hidden=\"true\" class=\"e-font-icon-svg e-fab-linkedin\" viewBox=\"0 0 448 512\" xmlns=\"http:\/\/www.w3.org\/2000\/svg\"><path d=\"M416 32H31.9C14.3 32 0 46.5 0 64.3v383.4C0 465.5 14.3 480 31.9 480H416c17.6 0 32-14.5 32-32.3V64.3c0-17.8-14.4-32.3-32-32.3zM135.4 416H69V202.2h66.5V416zm-33.2-243c-21.3 0-38.5-17.3-38.5-38.5S80.9 96 102.2 96c21.2 0 38.5 17.3 38.5 38.5 0 21.3-17.2 38.5-38.5 38.5zm282.1 243h-66.4V312c0-24.8-.5-56.7-34.5-56.7-34.6 0-39.9 27-39.9 54.9V416h-66.4V202.2h63.7v29.2h.9c8.9-16.8 30.6-34.5 62.9-34.5 67.2 0 79.7 44.3 79.7 101.9V416z\"><\/path><\/svg>\t\t\t\t\t<\/a>\n\t\t\t\t<\/span>\n\t\t\t\t\t<\/div>\n\t\t\t\t\t\t<\/div>\n\t\t\t\t<\/div>\n\t\t\t\t\t<\/div>\n\t\t\t\t<\/div>\n\t\t\t\t\t<\/div>\n\t\t\t\t<\/div>\n\t\t<div class=\"elementor-element elementor-element-53a2e7c e-flex e-con-boxed e-con e-child\" data-id=\"53a2e7c\" data-element_type=\"container\" data-e-type=\"container\">\n\t\t\t\t\t<div class=\"e-con-inner\">\n\t\t<div class=\"elementor-element elementor-element-9529168 e-flex e-con-boxed e-con e-child\" data-id=\"9529168\" data-element_type=\"container\" data-e-type=\"container\">\n\t\t\t\t\t<div class=\"e-con-inner\">\n\t\t\t\t<div class=\"elementor-element elementor-element-aae67ad animated-slow elementor-invisible elementor-widget elementor-widget-heading\" data-id=\"aae67ad\" data-element_type=\"widget\" data-e-type=\"widget\" data-settings=\"{&quot;_animation&quot;:&quot;fadeIn&quot;}\" data-widget_type=\"heading.default\">\n\t\t\t\t<div class=\"elementor-widget-container\">\n\t\t\t\t\t<h2 class=\"elementor-heading-title elementor-size-default\">Leonel Quan  <\/h2>\t\t\t\t<\/div>\n\t\t\t\t<\/div>\n\t\t\t\t<div class=\"elementor-element elementor-element-9804c94 animated-slow elementor-invisible elementor-widget elementor-widget-heading\" data-id=\"9804c94\" data-element_type=\"widget\" data-e-type=\"widget\" data-settings=\"{&quot;_animation&quot;:&quot;fadeInDown&quot;}\" data-widget_type=\"heading.default\">\n\t\t\t\t<div class=\"elementor-widget-container\">\n\t\t\t\t\t<h2 class=\"elementor-heading-title elementor-size-default\">Gerente nacional da Ufinet Honduras  <\/h2>\t\t\t\t<\/div>\n\t\t\t\t<\/div>\n\t\t\t\t<div class=\"elementor-element elementor-element-d7b9d1c elementor-widget-divider--view-line elementor-widget elementor-widget-divider\" data-id=\"d7b9d1c\" data-element_type=\"widget\" data-e-type=\"widget\" data-widget_type=\"divider.default\">\n\t\t\t\t<div class=\"elementor-widget-container\">\n\t\t\t\t\t\t\t<div class=\"elementor-divider\">\n\t\t\t<span class=\"elementor-divider-separator\">\n\t\t\t\t\t\t<\/span>\n\t\t<\/div>\n\t\t\t\t\t\t<\/div>\n\t\t\t\t<\/div>\n\t\t\t\t<div class=\"elementor-element elementor-element-c35fdf1 elementor-invisible elementor-widget elementor-widget-text-editor\" data-id=\"c35fdf1\" data-element_type=\"widget\" data-e-type=\"widget\" data-settings=\"{&quot;_animation&quot;:&quot;fadeIn&quot;}\" data-widget_type=\"text-editor.default\">\n\t\t\t\t<div class=\"elementor-widget-container\">\n\t\t\t\t\t\t\t\t\t<p>Oscar Leonel Quan Lou \u00e9 engenheiro civil formado pela Universidad de San Carlos de Guatemala e tem mestrado em administra\u00e7\u00e3o pela Universidad Rafael Land\u00edvar, Guatemala. Sr. Quan Lou \u00e9 gerente geral da Ufinet Honduras desde fevereiro de 2014. Anteriormente, atuou como gerente geral da Alliance, uma empresa de joint venture na Nicar\u00e1gua, de fevereiro de 2008 a fevereiro de 2014. Ele trabalha no setor de telecomunica\u00e7\u00f5es desde 1998. Anteriormente, ocupou cargos de ger\u00eancia na IBM Guatemala e na Xerox Guatemala.<\/p>\t\t\t\t\t\t\t\t<\/div>\n\t\t\t\t<\/div>\n\t\t\t\t\t<\/div>\n\t\t\t\t<\/div>\n\t\t<div class=\"elementor-element elementor-element-0765c02 e-flex e-con-boxed e-con e-child\" data-id=\"0765c02\" data-element_type=\"container\" data-e-type=\"container\">\n\t\t\t\t\t<div class=\"e-con-inner\">\n\t\t\t\t<div class=\"elementor-element elementor-element-73f7a96 animated-slow elementor-invisible elementor-widget elementor-widget-image\" data-id=\"73f7a96\" data-element_type=\"widget\" data-e-type=\"widget\" data-settings=\"{&quot;_animation&quot;:&quot;fadeIn&quot;}\" data-widget_type=\"image.default\">\n\t\t\t\t<div class=\"elementor-widget-container\">\n\t\t\t\t\t\t\t\t\t\t\t\t\t\t\t<img loading=\"lazy\" decoding=\"async\" width=\"819\" height=\"1024\" src=\"https:\/\/www.ufinet.com\/wp-content\/uploads\/2024\/03\/leonel-quan-819x1024.png\" class=\"attachment-large size-large wp-image-32552\" alt=\"\" srcset=\"https:\/\/www.ufinet.com\/wp-content\/uploads\/2024\/03\/leonel-quan-819x1024.png 819w, https:\/\/www.ufinet.com\/wp-content\/uploads\/2024\/03\/leonel-quan-240x300.png 240w, https:\/\/www.ufinet.com\/wp-content\/uploads\/2024\/03\/leonel-quan-768x960.png 768w, https:\/\/www.ufinet.com\/wp-content\/uploads\/2024\/03\/leonel-quan.png 1080w\" sizes=\"(max-width: 819px) 100vw, 819px\" \/>\t\t\t\t\t\t\t\t\t\t\t\t\t\t\t<\/div>\n\t\t\t\t<\/div>\n\t\t\t\t<div data-ep-wrapper-link=\"{&quot;url&quot;:&quot;https:\\\/\\\/www.linkedin.com\\\/in\\\/oscar-leonel-de-jesus-quan-lou-9ba065105\\\/&quot;,&quot;is_external&quot;:&quot;on&quot;,&quot;nofollow&quot;:&quot;on&quot;,&quot;custom_attributes&quot;:&quot;&quot;}\" style=\"cursor: pointer\" class=\"bdt-element-link elementor-element elementor-element-b8c8f19 elementor-shape-circle elementor-grid-0 e-grid-align-center elementor-widget elementor-widget-social-icons\" data-id=\"b8c8f19\" data-element_type=\"widget\" data-e-type=\"widget\" data-widget_type=\"social-icons.default\">\n\t\t\t\t<div class=\"elementor-widget-container\">\n\t\t\t\t\t\t\t<div class=\"elementor-social-icons-wrapper elementor-grid\">\n\t\t\t\t\t\t\t<span class=\"elementor-grid-item\">\n\t\t\t\t\t<a class=\"elementor-icon elementor-social-icon elementor-social-icon-linkedin elementor-repeater-item-5101929\" target=\"_blank\">\n\t\t\t\t\t\t<span class=\"elementor-screen-only\">Linkedin<\/span>\n\t\t\t\t\t\t<svg aria-hidden=\"true\" class=\"e-font-icon-svg e-fab-linkedin\" viewBox=\"0 0 448 512\" xmlns=\"http:\/\/www.w3.org\/2000\/svg\"><path d=\"M416 32H31.9C14.3 32 0 46.5 0 64.3v383.4C0 465.5 14.3 480 31.9 480H416c17.6 0 32-14.5 32-32.3V64.3c0-17.8-14.4-32.3-32-32.3zM135.4 416H69V202.2h66.5V416zm-33.2-243c-21.3 0-38.5-17.3-38.5-38.5S80.9 96 102.2 96c21.2 0 38.5 17.3 38.5 38.5 0 21.3-17.2 38.5-38.5 38.5zm282.1 243h-66.4V312c0-24.8-.5-56.7-34.5-56.7-34.6 0-39.9 27-39.9 54.9V416h-66.4V202.2h63.7v29.2h.9c8.9-16.8 30.6-34.5 62.9-34.5 67.2 0 79.7 44.3 79.7 101.9V416z\"><\/path><\/svg>\t\t\t\t\t<\/a>\n\t\t\t\t<\/span>\n\t\t\t\t\t<\/div>\n\t\t\t\t\t\t<\/div>\n\t\t\t\t<\/div>\n\t\t\t\t\t<\/div>\n\t\t\t\t<\/div>\n\t\t\t\t\t<\/div>\n\t\t\t\t<\/div>\n\t\t<div class=\"elementor-element elementor-element-6c4a96e e-flex e-con-boxed e-con e-child\" data-id=\"6c4a96e\" data-element_type=\"container\" data-e-type=\"container\">\n\t\t\t\t\t<div class=\"e-con-inner\">\n\t\t<div class=\"elementor-element elementor-element-3559658 e-flex e-con-boxed e-con e-child\" data-id=\"3559658\" data-element_type=\"container\" data-e-type=\"container\">\n\t\t\t\t\t<div class=\"e-con-inner\">\n\t\t\t\t<div class=\"elementor-element elementor-element-2b34aee animated-slow elementor-invisible elementor-widget elementor-widget-heading\" data-id=\"2b34aee\" data-element_type=\"widget\" data-e-type=\"widget\" data-settings=\"{&quot;_animation&quot;:&quot;fadeIn&quot;}\" data-widget_type=\"heading.default\">\n\t\t\t\t<div class=\"elementor-widget-container\">\n\t\t\t\t\t<h2 class=\"elementor-heading-title elementor-size-default\">Jos\u00e9 Quintas  <\/h2>\t\t\t\t<\/div>\n\t\t\t\t<\/div>\n\t\t\t\t<div class=\"elementor-element elementor-element-3469e05 animated-slow elementor-invisible elementor-widget elementor-widget-heading\" data-id=\"3469e05\" data-element_type=\"widget\" data-e-type=\"widget\" data-settings=\"{&quot;_animation&quot;:&quot;fadeInDown&quot;}\" data-widget_type=\"heading.default\">\n\t\t\t\t<div class=\"elementor-widget-container\">\n\t\t\t\t\t<h2 class=\"elementor-heading-title elementor-size-default\">Gerente nacional da Ufinet Panam\u00e1<\/h2>\t\t\t\t<\/div>\n\t\t\t\t<\/div>\n\t\t\t\t<div class=\"elementor-element elementor-element-6a75ece elementor-widget-divider--view-line elementor-widget elementor-widget-divider\" data-id=\"6a75ece\" data-element_type=\"widget\" data-e-type=\"widget\" data-widget_type=\"divider.default\">\n\t\t\t\t<div class=\"elementor-widget-container\">\n\t\t\t\t\t\t\t<div class=\"elementor-divider\">\n\t\t\t<span class=\"elementor-divider-separator\">\n\t\t\t\t\t\t<\/span>\n\t\t<\/div>\n\t\t\t\t\t\t<\/div>\n\t\t\t\t<\/div>\n\t\t\t\t<div class=\"elementor-element elementor-element-e7043d7 elementor-invisible elementor-widget elementor-widget-text-editor\" data-id=\"e7043d7\" data-element_type=\"widget\" data-e-type=\"widget\" data-settings=\"{&quot;_animation&quot;:&quot;fadeIn&quot;}\" data-widget_type=\"text-editor.default\">\n\t\t\t\t<div class=\"elementor-widget-container\">\n\t\t\t\t\t\t\t\t\t<p>Jos\u00e9 Andr\u00e9s Quintas Garc\u00eda \u00e9 engenheiro de telecomunica\u00e7\u00f5es formado pela Escola de Engenheiros de Telecomunica\u00e7\u00f5es de Vigo e tem mestrado em administra\u00e7\u00e3o de empresas pela Business School \/\/Afundaci\u00f3n. Com mais de 15 anos de experi\u00eancia em empresas relacionadas \u00e0 UFINET, no in\u00edcio de 2006 ele se mudou para o Panam\u00e1 como Country Manager da empresa, onde foi parte importante do desenvolvimento exponencial do crescimento da empresa, tanto no Panam\u00e1 quanto em toda a Am\u00e9rica Central, com a implanta\u00e7\u00e3o da rede de fibra \u00f3ptica no Panam\u00e1 e o desenvolvimento das importantes redes de capacidade de dados.<\/p>\t\t\t\t\t\t\t\t<\/div>\n\t\t\t\t<\/div>\n\t\t\t\t\t<\/div>\n\t\t\t\t<\/div>\n\t\t<div class=\"elementor-element elementor-element-6b3fa5c e-flex e-con-boxed e-con e-child\" data-id=\"6b3fa5c\" data-element_type=\"container\" data-e-type=\"container\">\n\t\t\t\t\t<div class=\"e-con-inner\">\n\t\t\t\t<div class=\"elementor-element elementor-element-bb20e86 animated-slow elementor-invisible elementor-widget elementor-widget-image\" data-id=\"bb20e86\" data-element_type=\"widget\" data-e-type=\"widget\" data-settings=\"{&quot;_animation&quot;:&quot;fadeIn&quot;}\" data-widget_type=\"image.default\">\n\t\t\t\t<div class=\"elementor-widget-container\">\n\t\t\t\t\t\t\t\t\t\t\t\t\t\t\t<img loading=\"lazy\" decoding=\"async\" width=\"1080\" height=\"1210\" src=\"https:\/\/www.ufinet.com\/wp-content\/uploads\/2024\/04\/Jose-Quintas.png\" class=\"attachment-full size-full wp-image-32586\" alt=\"\" srcset=\"https:\/\/www.ufinet.com\/wp-content\/uploads\/2024\/04\/Jose-Quintas.png 1080w, https:\/\/www.ufinet.com\/wp-content\/uploads\/2024\/04\/Jose-Quintas-268x300.png 268w, https:\/\/www.ufinet.com\/wp-content\/uploads\/2024\/04\/Jose-Quintas-914x1024.png 914w, https:\/\/www.ufinet.com\/wp-content\/uploads\/2024\/04\/Jose-Quintas-768x860.png 768w\" sizes=\"(max-width: 1080px) 100vw, 1080px\" \/>\t\t\t\t\t\t\t\t\t\t\t\t\t\t\t<\/div>\n\t\t\t\t<\/div>\n\t\t\t\t<div data-ep-wrapper-link=\"{&quot;url&quot;:&quot;https:\\\/\\\/www.linkedin.com\\\/in\\\/jose-quintas-garci-a-6bb59019\\\/&quot;,&quot;is_external&quot;:&quot;on&quot;,&quot;nofollow&quot;:&quot;on&quot;,&quot;custom_attributes&quot;:&quot;&quot;}\" style=\"cursor: pointer\" class=\"bdt-element-link elementor-element elementor-element-e83cdc7 elementor-shape-circle elementor-grid-0 e-grid-align-center elementor-widget elementor-widget-social-icons\" data-id=\"e83cdc7\" data-element_type=\"widget\" data-e-type=\"widget\" data-widget_type=\"social-icons.default\">\n\t\t\t\t<div class=\"elementor-widget-container\">\n\t\t\t\t\t\t\t<div class=\"elementor-social-icons-wrapper elementor-grid\">\n\t\t\t\t\t\t\t<span class=\"elementor-grid-item\">\n\t\t\t\t\t<a class=\"elementor-icon elementor-social-icon elementor-social-icon-linkedin elementor-repeater-item-5101929\" target=\"_blank\">\n\t\t\t\t\t\t<span class=\"elementor-screen-only\">Linkedin<\/span>\n\t\t\t\t\t\t<svg aria-hidden=\"true\" class=\"e-font-icon-svg e-fab-linkedin\" viewBox=\"0 0 448 512\" xmlns=\"http:\/\/www.w3.org\/2000\/svg\"><path d=\"M416 32H31.9C14.3 32 0 46.5 0 64.3v383.4C0 465.5 14.3 480 31.9 480H416c17.6 0 32-14.5 32-32.3V64.3c0-17.8-14.4-32.3-32-32.3zM135.4 416H69V202.2h66.5V416zm-33.2-243c-21.3 0-38.5-17.3-38.5-38.5S80.9 96 102.2 96c21.2 0 38.5 17.3 38.5 38.5 0 21.3-17.2 38.5-38.5 38.5zm282.1 243h-66.4V312c0-24.8-.5-56.7-34.5-56.7-34.6 0-39.9 27-39.9 54.9V416h-66.4V202.2h63.7v29.2h.9c8.9-16.8 30.6-34.5 62.9-34.5 67.2 0 79.7 44.3 79.7 101.9V416z\"><\/path><\/svg>\t\t\t\t\t<\/a>\n\t\t\t\t<\/span>\n\t\t\t\t\t<\/div>\n\t\t\t\t\t\t<\/div>\n\t\t\t\t<\/div>\n\t\t\t\t\t<\/div>\n\t\t\t\t<\/div>\n\t\t\t\t\t<\/div>\n\t\t\t\t<\/div>\n\t\t<div class=\"elementor-element elementor-element-2337314 e-flex e-con-boxed e-con e-child\" data-id=\"2337314\" data-element_type=\"container\" data-e-type=\"container\">\n\t\t\t\t\t<div class=\"e-con-inner\">\n\t\t<div class=\"elementor-element elementor-element-b3bc934 e-flex e-con-boxed e-con e-child\" data-id=\"b3bc934\" data-element_type=\"container\" data-e-type=\"container\">\n\t\t\t\t\t<div class=\"e-con-inner\">\n\t\t\t\t<div class=\"elementor-element elementor-element-4a3be9b animated-slow elementor-invisible elementor-widget elementor-widget-heading\" data-id=\"4a3be9b\" data-element_type=\"widget\" data-e-type=\"widget\" data-settings=\"{&quot;_animation&quot;:&quot;fadeIn&quot;}\" data-widget_type=\"heading.default\">\n\t\t\t\t<div class=\"elementor-widget-container\">\n\t\t\t\t\t<h2 class=\"elementor-heading-title elementor-size-default\">Carlos Riego<\/h2>\t\t\t\t<\/div>\n\t\t\t\t<\/div>\n\t\t\t\t<div class=\"elementor-element elementor-element-c27d447 animated-slow elementor-invisible elementor-widget elementor-widget-heading\" data-id=\"c27d447\" data-element_type=\"widget\" data-e-type=\"widget\" data-settings=\"{&quot;_animation&quot;:&quot;fadeInDown&quot;}\" data-widget_type=\"heading.default\">\n\t\t\t\t<div class=\"elementor-widget-container\">\n\t\t\t\t\t<h2 class=\"elementor-heading-title elementor-size-default\">Gerente nacional da Ufinet Peru<\/h2>\t\t\t\t<\/div>\n\t\t\t\t<\/div>\n\t\t\t\t<div class=\"elementor-element elementor-element-cea4348 elementor-widget-divider--view-line elementor-widget elementor-widget-divider\" data-id=\"cea4348\" data-element_type=\"widget\" data-e-type=\"widget\" data-widget_type=\"divider.default\">\n\t\t\t\t<div class=\"elementor-widget-container\">\n\t\t\t\t\t\t\t<div class=\"elementor-divider\">\n\t\t\t<span class=\"elementor-divider-separator\">\n\t\t\t\t\t\t<\/span>\n\t\t<\/div>\n\t\t\t\t\t\t<\/div>\n\t\t\t\t<\/div>\n\t\t\t\t<div class=\"elementor-element elementor-element-373a867 elementor-invisible elementor-widget elementor-widget-text-editor\" data-id=\"373a867\" data-element_type=\"widget\" data-e-type=\"widget\" data-settings=\"{&quot;_animation&quot;:&quot;fadeIn&quot;}\" data-widget_type=\"text-editor.default\">\n\t\t\t\t<div class=\"elementor-widget-container\">\n\t\t\t\t\t\t\t\t\t<p>Carlos Riego Mart\u00ednez \u00e9 formado em Engenharia de Telecomunica\u00e7\u00f5es pela Universidade de Valladolid. Sr. Carlos Riego ingressou na UFINET no final de 2005, na sede espanhola, no departamento de Opera\u00e7\u00e3o e Manuten\u00e7\u00e3o. Entre 2008 e 2014, ele ocupou v\u00e1rios cargos de responsabilidade na \u00e1rea t\u00e9cnica, primeiro como chefe do Escrit\u00f3rio T\u00e9cnico e, posteriormente, como chefe de Opera\u00e7\u00f5es de Rede. A partir de 2014, assumiu o desafio de liderar o NOC da UFINET para a regi\u00e3o EMEA, desempenhando tamb\u00e9m um papel fundamental em projetos transversais para a empresa, como o Network and Services Inventory. Desde 2016, ele ocupa o cargo de Country Manager do Equador, com o objetivo de replicar o modelo de sucesso da UFINET nas demais regi\u00f5es geogr\u00e1ficas da regi\u00e3o.<\/p>\t\t\t\t\t\t\t\t<\/div>\n\t\t\t\t<\/div>\n\t\t\t\t\t<\/div>\n\t\t\t\t<\/div>\n\t\t<div class=\"elementor-element elementor-element-50e4bd5 e-flex e-con-boxed e-con e-child\" data-id=\"50e4bd5\" data-element_type=\"container\" data-e-type=\"container\">\n\t\t\t\t\t<div class=\"e-con-inner\">\n\t\t\t\t<div class=\"elementor-element elementor-element-c0636b4 animated-slow elementor-invisible elementor-widget elementor-widget-image\" data-id=\"c0636b4\" data-element_type=\"widget\" data-e-type=\"widget\" data-settings=\"{&quot;_animation&quot;:&quot;fadeIn&quot;}\" data-widget_type=\"image.default\">\n\t\t\t\t<div class=\"elementor-widget-container\">\n\t\t\t\t\t\t\t\t\t\t\t\t\t\t\t<img loading=\"lazy\" decoding=\"async\" width=\"1080\" height=\"1210\" src=\"https:\/\/www.ufinet.com\/wp-content\/uploads\/2024\/04\/Carlos-Riego.png\" class=\"attachment-full size-full wp-image-32588\" alt=\"\" srcset=\"https:\/\/www.ufinet.com\/wp-content\/uploads\/2024\/04\/Carlos-Riego.png 1080w, https:\/\/www.ufinet.com\/wp-content\/uploads\/2024\/04\/Carlos-Riego-268x300.png 268w, https:\/\/www.ufinet.com\/wp-content\/uploads\/2024\/04\/Carlos-Riego-914x1024.png 914w, https:\/\/www.ufinet.com\/wp-content\/uploads\/2024\/04\/Carlos-Riego-768x860.png 768w\" sizes=\"(max-width: 1080px) 100vw, 1080px\" \/>\t\t\t\t\t\t\t\t\t\t\t\t\t\t\t<\/div>\n\t\t\t\t<\/div>\n\t\t\t\t<div data-ep-wrapper-link=\"{&quot;url&quot;:&quot;https:\\\/\\\/www.linkedin.com\\\/in\\\/carlos-riego-mart%C3%ADnez-875346136\\\/&quot;,&quot;is_external&quot;:&quot;on&quot;,&quot;nofollow&quot;:&quot;on&quot;,&quot;custom_attributes&quot;:&quot;&quot;}\" style=\"cursor: pointer\" class=\"bdt-element-link elementor-element elementor-element-a5f0b86 elementor-shape-circle elementor-grid-0 e-grid-align-center elementor-widget elementor-widget-social-icons\" data-id=\"a5f0b86\" data-element_type=\"widget\" data-e-type=\"widget\" data-widget_type=\"social-icons.default\">\n\t\t\t\t<div class=\"elementor-widget-container\">\n\t\t\t\t\t\t\t<div class=\"elementor-social-icons-wrapper elementor-grid\">\n\t\t\t\t\t\t\t<span class=\"elementor-grid-item\">\n\t\t\t\t\t<a class=\"elementor-icon elementor-social-icon elementor-social-icon-linkedin elementor-repeater-item-5101929\" target=\"_blank\">\n\t\t\t\t\t\t<span class=\"elementor-screen-only\">Linkedin<\/span>\n\t\t\t\t\t\t<svg aria-hidden=\"true\" class=\"e-font-icon-svg e-fab-linkedin\" viewBox=\"0 0 448 512\" xmlns=\"http:\/\/www.w3.org\/2000\/svg\"><path d=\"M416 32H31.9C14.3 32 0 46.5 0 64.3v383.4C0 465.5 14.3 480 31.9 480H416c17.6 0 32-14.5 32-32.3V64.3c0-17.8-14.4-32.3-32-32.3zM135.4 416H69V202.2h66.5V416zm-33.2-243c-21.3 0-38.5-17.3-38.5-38.5S80.9 96 102.2 96c21.2 0 38.5 17.3 38.5 38.5 0 21.3-17.2 38.5-38.5 38.5zm282.1 243h-66.4V312c0-24.8-.5-56.7-34.5-56.7-34.6 0-39.9 27-39.9 54.9V416h-66.4V202.2h63.7v29.2h.9c8.9-16.8 30.6-34.5 62.9-34.5 67.2 0 79.7 44.3 79.7 101.9V416z\"><\/path><\/svg>\t\t\t\t\t<\/a>\n\t\t\t\t<\/span>\n\t\t\t\t\t<\/div>\n\t\t\t\t\t\t<\/div>\n\t\t\t\t<\/div>\n\t\t\t\t\t<\/div>\n\t\t\t\t<\/div>\n\t\t\t\t\t<\/div>\n\t\t\t\t<\/div>\n\t\t<div class=\"elementor-element elementor-element-e56f568 e-flex e-con-boxed e-con e-child\" data-id=\"e56f568\" data-element_type=\"container\" data-e-type=\"container\">\n\t\t\t\t\t<div class=\"e-con-inner\">\n\t\t<div class=\"elementor-element elementor-element-abe2eee e-flex e-con-boxed e-con e-child\" data-id=\"abe2eee\" data-element_type=\"container\" data-e-type=\"container\">\n\t\t\t\t\t<div class=\"e-con-inner\">\n\t\t\t\t<div class=\"elementor-element elementor-element-a07bb3d animated-slow elementor-invisible elementor-widget elementor-widget-heading\" data-id=\"a07bb3d\" data-element_type=\"widget\" data-e-type=\"widget\" data-settings=\"{&quot;_animation&quot;:&quot;fadeIn&quot;}\" data-widget_type=\"heading.default\">\n\t\t\t\t<div class=\"elementor-widget-container\">\n\t\t\t\t\t<h2 class=\"elementor-heading-title elementor-size-default\">Iv\u00e1n S\u00e1nchez<\/h2>\t\t\t\t<\/div>\n\t\t\t\t<\/div>\n\t\t\t\t<div class=\"elementor-element elementor-element-8650171 animated-slow elementor-invisible elementor-widget elementor-widget-heading\" data-id=\"8650171\" data-element_type=\"widget\" data-e-type=\"widget\" data-settings=\"{&quot;_animation&quot;:&quot;fadeInDown&quot;}\" data-widget_type=\"heading.default\">\n\t\t\t\t<div class=\"elementor-widget-container\">\n\t\t\t\t\t<h2 class=\"elementor-heading-title elementor-size-default\">Gerente nacional da Ufinet Col\u00f4mbia<\/h2>\t\t\t\t<\/div>\n\t\t\t\t<\/div>\n\t\t\t\t<div class=\"elementor-element elementor-element-670b6a8 elementor-widget-divider--view-line elementor-widget elementor-widget-divider\" data-id=\"670b6a8\" data-element_type=\"widget\" data-e-type=\"widget\" data-widget_type=\"divider.default\">\n\t\t\t\t<div class=\"elementor-widget-container\">\n\t\t\t\t\t\t\t<div class=\"elementor-divider\">\n\t\t\t<span class=\"elementor-divider-separator\">\n\t\t\t\t\t\t<\/span>\n\t\t<\/div>\n\t\t\t\t\t\t<\/div>\n\t\t\t\t<\/div>\n\t\t\t\t<div class=\"elementor-element elementor-element-34e1b9a elementor-invisible elementor-widget elementor-widget-text-editor\" data-id=\"34e1b9a\" data-element_type=\"widget\" data-e-type=\"widget\" data-settings=\"{&quot;_animation&quot;:&quot;fadeIn&quot;}\" data-widget_type=\"text-editor.default\">\n\t\t\t\t<div class=\"elementor-widget-container\">\n\t\t\t\t\t\t\t\t\t<p>Iv\u00e1n S\u00e1nchez Medina \u00e9 engenheiro eletr\u00f4nico e de telecomunica\u00e7\u00f5es pela Universidad del Cauca e tem mestrado em telem\u00e1tica pela mesma universidade. Al\u00e9m disso, ele \u00e9 candidato a doutorado em Literatura e Lingu\u00edstica Espanhola na Universidade de Kentucky. Sr. S\u00e1nchez Medina atua como Gerente Geral da UFINET Col\u00f4mbia desde 2014, tendo ocupado anteriormente cargos de ger\u00eancia em empresas do setor de Telecomunica\u00e7\u00f5es para a Regi\u00e3o CALA (Caribe e Am\u00e9rica Latina), bem como para a Col\u00f4mbia. Ele tamb\u00e9m trabalhou para o governo colombiano, atuando como Comiss\u00e1rio da Comiss\u00e3o Reguladora de Comunica\u00e7\u00f5es da Col\u00f4mbia de 2010 a 2013, e foi professor universit\u00e1rio nas Universidades de Cauca e Distrital, na Col\u00f4mbia, e na Universidade de Kentucky, nos EUA, entre outras.<\/p>\t\t\t\t\t\t\t\t<\/div>\n\t\t\t\t<\/div>\n\t\t\t\t\t<\/div>\n\t\t\t\t<\/div>\n\t\t<div class=\"elementor-element elementor-element-7496904 e-flex e-con-boxed e-con e-child\" data-id=\"7496904\" data-element_type=\"container\" data-e-type=\"container\">\n\t\t\t\t\t<div class=\"e-con-inner\">\n\t\t\t\t<div class=\"elementor-element elementor-element-cc24751 animated-slow elementor-invisible elementor-widget elementor-widget-image\" data-id=\"cc24751\" data-element_type=\"widget\" data-e-type=\"widget\" data-settings=\"{&quot;_animation&quot;:&quot;fadeIn&quot;}\" data-widget_type=\"image.default\">\n\t\t\t\t<div class=\"elementor-widget-container\">\n\t\t\t\t\t\t\t\t\t\t\t\t\t\t\t<img loading=\"lazy\" decoding=\"async\" width=\"819\" height=\"1024\" src=\"https:\/\/www.ufinet.com\/wp-content\/uploads\/2024\/03\/Ivan-Sanchez-819x1024.png\" class=\"attachment-large size-large wp-image-32548\" alt=\"\" srcset=\"https:\/\/www.ufinet.com\/wp-content\/uploads\/2024\/03\/Ivan-Sanchez-819x1024.png 819w, https:\/\/www.ufinet.com\/wp-content\/uploads\/2024\/03\/Ivan-Sanchez-240x300.png 240w, https:\/\/www.ufinet.com\/wp-content\/uploads\/2024\/03\/Ivan-Sanchez-768x960.png 768w, https:\/\/www.ufinet.com\/wp-content\/uploads\/2024\/03\/Ivan-Sanchez.png 1080w\" sizes=\"(max-width: 819px) 100vw, 819px\" \/>\t\t\t\t\t\t\t\t\t\t\t\t\t\t\t<\/div>\n\t\t\t\t<\/div>\n\t\t\t\t<div data-ep-wrapper-link=\"{&quot;url&quot;:&quot;https:\\\/\\\/www.linkedin.com\\\/in\\\/ivan-sanchez-medina-a582744\\\/&quot;,&quot;is_external&quot;:&quot;on&quot;,&quot;nofollow&quot;:&quot;on&quot;,&quot;custom_attributes&quot;:&quot;&quot;}\" style=\"cursor: pointer\" class=\"bdt-element-link elementor-element elementor-element-d4496ed elementor-shape-circle elementor-grid-0 e-grid-align-center elementor-widget elementor-widget-social-icons\" data-id=\"d4496ed\" data-element_type=\"widget\" data-e-type=\"widget\" data-widget_type=\"social-icons.default\">\n\t\t\t\t<div class=\"elementor-widget-container\">\n\t\t\t\t\t\t\t<div class=\"elementor-social-icons-wrapper elementor-grid\">\n\t\t\t\t\t\t\t<span class=\"elementor-grid-item\">\n\t\t\t\t\t<a class=\"elementor-icon elementor-social-icon elementor-social-icon-linkedin elementor-repeater-item-5101929\" target=\"_blank\">\n\t\t\t\t\t\t<span class=\"elementor-screen-only\">Linkedin<\/span>\n\t\t\t\t\t\t<svg aria-hidden=\"true\" class=\"e-font-icon-svg e-fab-linkedin\" viewBox=\"0 0 448 512\" xmlns=\"http:\/\/www.w3.org\/2000\/svg\"><path d=\"M416 32H31.9C14.3 32 0 46.5 0 64.3v383.4C0 465.5 14.3 480 31.9 480H416c17.6 0 32-14.5 32-32.3V64.3c0-17.8-14.4-32.3-32-32.3zM135.4 416H69V202.2h66.5V416zm-33.2-243c-21.3 0-38.5-17.3-38.5-38.5S80.9 96 102.2 96c21.2 0 38.5 17.3 38.5 38.5 0 21.3-17.2 38.5-38.5 38.5zm282.1 243h-66.4V312c0-24.8-.5-56.7-34.5-56.7-34.6 0-39.9 27-39.9 54.9V416h-66.4V202.2h63.7v29.2h.9c8.9-16.8 30.6-34.5 62.9-34.5 67.2 0 79.7 44.3 79.7 101.9V416z\"><\/path><\/svg>\t\t\t\t\t<\/a>\n\t\t\t\t<\/span>\n\t\t\t\t\t<\/div>\n\t\t\t\t\t\t<\/div>\n\t\t\t\t<\/div>\n\t\t\t\t\t<\/div>\n\t\t\t\t<\/div>\n\t\t\t\t\t<\/div>\n\t\t\t\t<\/div>\n\t\t<div class=\"elementor-element elementor-element-9476088 e-flex e-con-boxed e-con e-child\" data-id=\"9476088\" data-element_type=\"container\" data-e-type=\"container\">\n\t\t\t\t\t<div class=\"e-con-inner\">\n\t\t<div class=\"elementor-element elementor-element-2b27c93 e-flex e-con-boxed e-con e-child\" data-id=\"2b27c93\" data-element_type=\"container\" data-e-type=\"container\">\n\t\t\t\t\t<div class=\"e-con-inner\">\n\t\t\t\t<div class=\"elementor-element elementor-element-824c911 animated-slow elementor-invisible elementor-widget elementor-widget-heading\" data-id=\"824c911\" data-element_type=\"widget\" data-e-type=\"widget\" data-settings=\"{&quot;_animation&quot;:&quot;fadeIn&quot;}\" data-widget_type=\"heading.default\">\n\t\t\t\t<div class=\"elementor-widget-container\">\n\t\t\t\t\t<h2 class=\"elementor-heading-title elementor-size-default\">Mario Silvestre<\/h2>\t\t\t\t<\/div>\n\t\t\t\t<\/div>\n\t\t\t\t<div class=\"elementor-element elementor-element-a6fd461 animated-slow elementor-invisible elementor-widget elementor-widget-heading\" data-id=\"a6fd461\" data-element_type=\"widget\" data-e-type=\"widget\" data-settings=\"{&quot;_animation&quot;:&quot;fadeInDown&quot;}\" data-widget_type=\"heading.default\">\n\t\t\t\t<div class=\"elementor-widget-container\">\n\t\t\t\t\t<h2 class=\"elementor-heading-title elementor-size-default\">Gerente nacional da Ufinet Equador<\/h2>\t\t\t\t<\/div>\n\t\t\t\t<\/div>\n\t\t\t\t<div class=\"elementor-element elementor-element-48b9c4d elementor-widget-divider--view-line elementor-widget elementor-widget-divider\" data-id=\"48b9c4d\" data-element_type=\"widget\" data-e-type=\"widget\" data-widget_type=\"divider.default\">\n\t\t\t\t<div class=\"elementor-widget-container\">\n\t\t\t\t\t\t\t<div class=\"elementor-divider\">\n\t\t\t<span class=\"elementor-divider-separator\">\n\t\t\t\t\t\t<\/span>\n\t\t<\/div>\n\t\t\t\t\t\t<\/div>\n\t\t\t\t<\/div>\n\t\t\t\t<div class=\"elementor-element elementor-element-36fcfbb elementor-invisible elementor-widget elementor-widget-text-editor\" data-id=\"36fcfbb\" data-element_type=\"widget\" data-e-type=\"widget\" data-settings=\"{&quot;_animation&quot;:&quot;fadeIn&quot;}\" data-widget_type=\"text-editor.default\">\n\t\t\t\t<div class=\"elementor-widget-container\">\n\t\t\t\t\t\t\t\t\t<p>Mario Silvestre \u00e9 engenheiro eletr\u00f4nico formado pela Universidad de San Carlos da Guatemala e tem mestrado em avalia\u00e7\u00e3o e formula\u00e7\u00e3o de projetos pelo mesmo instituto. Ele tamb\u00e9m \u00e9 candidato ao Mestrado Executivo em An\u00e1lise de Neg\u00f3cios da INCAE Business School. Sr. Silvestre ingressou na UFINET Guatemala em 2006 como engenheiro de opera\u00e7\u00f5es e manuten\u00e7\u00e3o. Em 2010, mudou-se para a Costa Rica como Gerente de Desenvolvimento de Rede para expandir a nova opera\u00e7\u00e3o no pa\u00eds. Em 2015, Mario foi promovido a Diretor T\u00e9cnico da Costa Rica e em 2017 foi promovido a Diretor T\u00e9cnico Regional, respons\u00e1vel pela Costa Rica e Nicar\u00e1gua. Sr. Silvestre foi recentemente promovido a Country Manager do Equador para dar continuidade ao modelo bem-sucedido da UFINET no pa\u00eds. <\/p>\t\t\t\t\t\t\t\t<\/div>\n\t\t\t\t<\/div>\n\t\t\t\t\t<\/div>\n\t\t\t\t<\/div>\n\t\t<div class=\"elementor-element elementor-element-df9e414 e-flex e-con-boxed e-con e-child\" data-id=\"df9e414\" data-element_type=\"container\" data-e-type=\"container\">\n\t\t\t\t\t<div class=\"e-con-inner\">\n\t\t\t\t<div class=\"elementor-element elementor-element-ee44d40 animated-slow elementor-invisible elementor-widget elementor-widget-image\" data-id=\"ee44d40\" data-element_type=\"widget\" data-e-type=\"widget\" data-settings=\"{&quot;_animation&quot;:&quot;fadeIn&quot;}\" data-widget_type=\"image.default\">\n\t\t\t\t<div class=\"elementor-widget-container\">\n\t\t\t\t\t\t\t\t\t\t\t\t\t\t\t<img loading=\"lazy\" decoding=\"async\" width=\"1080\" height=\"1210\" src=\"https:\/\/www.ufinet.com\/wp-content\/uploads\/2024\/04\/Mario-Silvestre.png\" class=\"attachment-full size-full wp-image-32590\" alt=\"\" srcset=\"https:\/\/www.ufinet.com\/wp-content\/uploads\/2024\/04\/Mario-Silvestre.png 1080w, https:\/\/www.ufinet.com\/wp-content\/uploads\/2024\/04\/Mario-Silvestre-268x300.png 268w, https:\/\/www.ufinet.com\/wp-content\/uploads\/2024\/04\/Mario-Silvestre-914x1024.png 914w, https:\/\/www.ufinet.com\/wp-content\/uploads\/2024\/04\/Mario-Silvestre-768x860.png 768w\" sizes=\"(max-width: 1080px) 100vw, 1080px\" \/>\t\t\t\t\t\t\t\t\t\t\t\t\t\t\t<\/div>\n\t\t\t\t<\/div>\n\t\t\t\t<div data-ep-wrapper-link=\"{&quot;url&quot;:&quot;https:\\\/\\\/www.linkedin.com\\\/in\\\/mariosilvestreh\\\/&quot;,&quot;is_external&quot;:&quot;on&quot;,&quot;nofollow&quot;:&quot;on&quot;,&quot;custom_attributes&quot;:&quot;&quot;}\" style=\"cursor: pointer\" class=\"bdt-element-link elementor-element elementor-element-66f0eaa elementor-shape-circle elementor-grid-0 e-grid-align-center elementor-widget elementor-widget-social-icons\" data-id=\"66f0eaa\" data-element_type=\"widget\" data-e-type=\"widget\" data-widget_type=\"social-icons.default\">\n\t\t\t\t<div class=\"elementor-widget-container\">\n\t\t\t\t\t\t\t<div class=\"elementor-social-icons-wrapper elementor-grid\">\n\t\t\t\t\t\t\t<span class=\"elementor-grid-item\">\n\t\t\t\t\t<a class=\"elementor-icon elementor-social-icon elementor-social-icon-linkedin elementor-repeater-item-5101929\" target=\"_blank\">\n\t\t\t\t\t\t<span class=\"elementor-screen-only\">Linkedin<\/span>\n\t\t\t\t\t\t<svg aria-hidden=\"true\" class=\"e-font-icon-svg e-fab-linkedin\" viewBox=\"0 0 448 512\" xmlns=\"http:\/\/www.w3.org\/2000\/svg\"><path d=\"M416 32H31.9C14.3 32 0 46.5 0 64.3v383.4C0 465.5 14.3 480 31.9 480H416c17.6 0 32-14.5 32-32.3V64.3c0-17.8-14.4-32.3-32-32.3zM135.4 416H69V202.2h66.5V416zm-33.2-243c-21.3 0-38.5-17.3-38.5-38.5S80.9 96 102.2 96c21.2 0 38.5 17.3 38.5 38.5 0 21.3-17.2 38.5-38.5 38.5zm282.1 243h-66.4V312c0-24.8-.5-56.7-34.5-56.7-34.6 0-39.9 27-39.9 54.9V416h-66.4V202.2h63.7v29.2h.9c8.9-16.8 30.6-34.5 62.9-34.5 67.2 0 79.7 44.3 79.7 101.9V416z\"><\/path><\/svg>\t\t\t\t\t<\/a>\n\t\t\t\t<\/span>\n\t\t\t\t\t<\/div>\n\t\t\t\t\t\t<\/div>\n\t\t\t\t<\/div>\n\t\t\t\t\t<\/div>\n\t\t\t\t<\/div>\n\t\t\t\t\t<\/div>\n\t\t\t\t<\/div>\n\t\t<div class=\"elementor-element elementor-element-f6aab38 e-flex e-con-boxed e-con e-child\" data-id=\"f6aab38\" data-element_type=\"container\" data-e-type=\"container\">\n\t\t\t\t\t<div class=\"e-con-inner\">\n\t\t<div class=\"elementor-element elementor-element-355e562 e-flex e-con-boxed e-con e-child\" data-id=\"355e562\" data-element_type=\"container\" data-e-type=\"container\">\n\t\t\t\t\t<div class=\"e-con-inner\">\n\t\t\t\t<div class=\"elementor-element elementor-element-0fb3bb9 animated-slow elementor-invisible elementor-widget elementor-widget-heading\" data-id=\"0fb3bb9\" data-element_type=\"widget\" data-e-type=\"widget\" data-settings=\"{&quot;_animation&quot;:&quot;fadeIn&quot;}\" data-widget_type=\"heading.default\">\n\t\t\t\t<div class=\"elementor-widget-container\">\n\t\t\t\t\t<h2 class=\"elementor-heading-title elementor-size-default\">Alejandro Vargas<\/h2>\t\t\t\t<\/div>\n\t\t\t\t<\/div>\n\t\t\t\t<div class=\"elementor-element elementor-element-f4f6619 animated-slow elementor-invisible elementor-widget elementor-widget-heading\" data-id=\"f4f6619\" data-element_type=\"widget\" data-e-type=\"widget\" data-settings=\"{&quot;_animation&quot;:&quot;fadeInDown&quot;}\" data-widget_type=\"heading.default\">\n\t\t\t\t<div class=\"elementor-widget-container\">\n\t\t\t\t\t<h2 class=\"elementor-heading-title elementor-size-default\">Country Manager Paraguai<\/h2>\t\t\t\t<\/div>\n\t\t\t\t<\/div>\n\t\t\t\t<div class=\"elementor-element elementor-element-099263e elementor-widget-divider--view-line elementor-widget elementor-widget-divider\" data-id=\"099263e\" data-element_type=\"widget\" data-e-type=\"widget\" data-widget_type=\"divider.default\">\n\t\t\t\t<div class=\"elementor-widget-container\">\n\t\t\t\t\t\t\t<div class=\"elementor-divider\">\n\t\t\t<span class=\"elementor-divider-separator\">\n\t\t\t\t\t\t<\/span>\n\t\t<\/div>\n\t\t\t\t\t\t<\/div>\n\t\t\t\t<\/div>\n\t\t\t\t<div class=\"elementor-element elementor-element-d67672e elementor-invisible elementor-widget elementor-widget-text-editor\" data-id=\"d67672e\" data-element_type=\"widget\" data-e-type=\"widget\" data-settings=\"{&quot;_animation&quot;:&quot;fadeIn&quot;}\" data-widget_type=\"text-editor.default\">\n\t\t\t\t<div class=\"elementor-widget-container\">\n\t\t\t\t\t\t\t\t\t<p>Alejandro Vargas \u00e9 formado em Engenharia Industrial pela Pontificia Universidad Javeriana, na Col\u00f4mbia. Ele tamb\u00e9m \u00e9 formado em Administra\u00e7\u00e3o de Empresas pela Universidade EAN, no mesmo pa\u00eds.<\/p><p>Sr. Vargas ingressou na Ufinet em 2017 como Diretor de Vendas para Argentina-Chile-Paraguai e Chefe do Programa Global de Parceiros, respons\u00e1vel pelo crescimento das vendas e da receita na Am\u00e9rica Latina, liderando equipes de vendas multiculturais. Em 2022, ele foi nomeado Country Manager do Paraguai, cargo que ocupa atualmente.<\/p><p>Antes de ingressar na Ufinet e desde o in\u00edcio de sua carreira em 1999, ocupou cargos de lideran\u00e7a e gest\u00e3o comercial em grandes empresas de telecomunica\u00e7\u00f5es e eletr\u00f4nicos de consumo, com intensa exposi\u00e7\u00e3o ao mercado global de telecomunica\u00e7\u00f5es por atacado, trabalhando para empresas como Telef\u00f4nica, ETB, Orbitel (Une EPM), Samsung e Motorola.<\/p>\t\t\t\t\t\t\t\t<\/div>\n\t\t\t\t<\/div>\n\t\t\t\t\t<\/div>\n\t\t\t\t<\/div>\n\t\t<div class=\"elementor-element elementor-element-3d70d87 e-flex e-con-boxed e-con e-child\" data-id=\"3d70d87\" data-element_type=\"container\" data-e-type=\"container\">\n\t\t\t\t\t<div class=\"e-con-inner\">\n\t\t\t\t<div class=\"elementor-element elementor-element-40f5a0e animated-slow elementor-invisible elementor-widget elementor-widget-image\" data-id=\"40f5a0e\" data-element_type=\"widget\" data-e-type=\"widget\" data-settings=\"{&quot;_animation&quot;:&quot;fadeIn&quot;}\" data-widget_type=\"image.default\">\n\t\t\t\t<div class=\"elementor-widget-container\">\n\t\t\t\t\t\t\t\t\t\t\t\t\t\t\t<img loading=\"lazy\" decoding=\"async\" width=\"1080\" height=\"1350\" src=\"https:\/\/www.ufinet.com\/wp-content\/uploads\/2024\/03\/Alejandro-vargas.png\" class=\"attachment-full size-full wp-image-32540\" alt=\"\" srcset=\"https:\/\/www.ufinet.com\/wp-content\/uploads\/2024\/03\/Alejandro-vargas.png 1080w, https:\/\/www.ufinet.com\/wp-content\/uploads\/2024\/03\/Alejandro-vargas-240x300.png 240w, https:\/\/www.ufinet.com\/wp-content\/uploads\/2024\/03\/Alejandro-vargas-819x1024.png 819w, https:\/\/www.ufinet.com\/wp-content\/uploads\/2024\/03\/Alejandro-vargas-768x960.png 768w\" sizes=\"(max-width: 1080px) 100vw, 1080px\" \/>\t\t\t\t\t\t\t\t\t\t\t\t\t\t\t<\/div>\n\t\t\t\t<\/div>\n\t\t\t\t<div data-ep-wrapper-link=\"{&quot;url&quot;:&quot;https:\\\/\\\/www.linkedin.com\\\/in\\\/alejandro-vargas-m\\\/&quot;,&quot;is_external&quot;:&quot;&quot;,&quot;nofollow&quot;:&quot;&quot;,&quot;custom_attributes&quot;:&quot;&quot;}\" style=\"cursor: pointer\" class=\"bdt-element-link elementor-element elementor-element-e5743b3 elementor-shape-circle elementor-grid-0 e-grid-align-center elementor-widget elementor-widget-social-icons\" data-id=\"e5743b3\" data-element_type=\"widget\" data-e-type=\"widget\" data-widget_type=\"social-icons.default\">\n\t\t\t\t<div class=\"elementor-widget-container\">\n\t\t\t\t\t\t\t<div class=\"elementor-social-icons-wrapper elementor-grid\">\n\t\t\t\t\t\t\t<span class=\"elementor-grid-item\">\n\t\t\t\t\t<a class=\"elementor-icon elementor-social-icon elementor-social-icon-linkedin elementor-repeater-item-5101929\" target=\"_blank\">\n\t\t\t\t\t\t<span class=\"elementor-screen-only\">Linkedin<\/span>\n\t\t\t\t\t\t<svg aria-hidden=\"true\" class=\"e-font-icon-svg e-fab-linkedin\" viewBox=\"0 0 448 512\" xmlns=\"http:\/\/www.w3.org\/2000\/svg\"><path d=\"M416 32H31.9C14.3 32 0 46.5 0 64.3v383.4C0 465.5 14.3 480 31.9 480H416c17.6 0 32-14.5 32-32.3V64.3c0-17.8-14.4-32.3-32-32.3zM135.4 416H69V202.2h66.5V416zm-33.2-243c-21.3 0-38.5-17.3-38.5-38.5S80.9 96 102.2 96c21.2 0 38.5 17.3 38.5 38.5 0 21.3-17.2 38.5-38.5 38.5zm282.1 243h-66.4V312c0-24.8-.5-56.7-34.5-56.7-34.6 0-39.9 27-39.9 54.9V416h-66.4V202.2h63.7v29.2h.9c8.9-16.8 30.6-34.5 62.9-34.5 67.2 0 79.7 44.3 79.7 101.9V416z\"><\/path><\/svg>\t\t\t\t\t<\/a>\n\t\t\t\t<\/span>\n\t\t\t\t\t<\/div>\n\t\t\t\t\t\t<\/div>\n\t\t\t\t<\/div>\n\t\t\t\t\t<\/div>\n\t\t\t\t<\/div>\n\t\t\t\t\t<\/div>\n\t\t\t\t<\/div>\n\t\t<div class=\"elementor-element elementor-element-c77fbe0 e-flex e-con-boxed e-con e-child\" data-id=\"c77fbe0\" data-element_type=\"container\" data-e-type=\"container\">\n\t\t\t\t\t<div class=\"e-con-inner\">\n\t\t<div class=\"elementor-element elementor-element-dade98c e-flex e-con-boxed e-con e-child\" data-id=\"dade98c\" data-element_type=\"container\" data-e-type=\"container\">\n\t\t\t\t\t<div class=\"e-con-inner\">\n\t\t\t\t<div class=\"elementor-element elementor-element-ed2aede animated-slow elementor-invisible elementor-widget elementor-widget-heading\" data-id=\"ed2aede\" data-element_type=\"widget\" data-e-type=\"widget\" data-settings=\"{&quot;_animation&quot;:&quot;fadeIn&quot;}\" data-widget_type=\"heading.default\">\n\t\t\t\t<div class=\"elementor-widget-container\">\n\t\t\t\t\t<h2 class=\"elementor-heading-title elementor-size-default\">Marco Villascan<\/h2>\t\t\t\t<\/div>\n\t\t\t\t<\/div>\n\t\t\t\t<div class=\"elementor-element elementor-element-fd19f59 animated-slow elementor-invisible elementor-widget elementor-widget-heading\" data-id=\"fd19f59\" data-element_type=\"widget\" data-e-type=\"widget\" data-settings=\"{&quot;_animation&quot;:&quot;fadeInDown&quot;}\" data-widget_type=\"heading.default\">\n\t\t\t\t<div class=\"elementor-widget-container\">\n\t\t\t\t\t<h2 class=\"elementor-heading-title elementor-size-default\">Gerente nacional da Ufinet M\u00e9xico<\/h2>\t\t\t\t<\/div>\n\t\t\t\t<\/div>\n\t\t\t\t<div class=\"elementor-element elementor-element-7d2aa4d elementor-widget-divider--view-line elementor-widget elementor-widget-divider\" data-id=\"7d2aa4d\" data-element_type=\"widget\" data-e-type=\"widget\" data-widget_type=\"divider.default\">\n\t\t\t\t<div class=\"elementor-widget-container\">\n\t\t\t\t\t\t\t<div class=\"elementor-divider\">\n\t\t\t<span class=\"elementor-divider-separator\">\n\t\t\t\t\t\t<\/span>\n\t\t<\/div>\n\t\t\t\t\t\t<\/div>\n\t\t\t\t<\/div>\n\t\t\t\t<div class=\"elementor-element elementor-element-b286b86 elementor-invisible elementor-widget elementor-widget-text-editor\" data-id=\"b286b86\" data-element_type=\"widget\" data-e-type=\"widget\" data-settings=\"{&quot;_animation&quot;:&quot;fadeIn&quot;}\" data-widget_type=\"text-editor.default\">\n\t\t\t\t<div class=\"elementor-widget-container\">\n\t\t\t\t\t\t\t\t\t<p>Marco Villascan \u00e9 engenheiro eletr\u00f4nico e de comunica\u00e7\u00f5es, formado pelo National Polytechnic Institute. Marco tem mais de 40 anos de experi\u00eancia no setor no M\u00e9xico e possui um alto perfil t\u00e9cnico e comercial. Ele tamb\u00e9m se formou no programa D1 Senior Management e no programa ADIT (Advanced Management in Innovation and Technology) do IPADE (Instituto Panamericano en Alta Direcci\u00f3n). Ele tamb\u00e9m possui diplomas em Marketing e Telecomunica\u00e7\u00f5es do ITESM. Sr. Villascan tem ampla experi\u00eancia em \u00e1reas importantes, como marketing comercial, design de solu\u00e7\u00f5es e atendimento ao cliente. Ele tamb\u00e9m ocupou cargos importantes como gerente de engenharia e opera\u00e7\u00f5es em v\u00e1rias empresas. Ele ocupa o cargo de Country Manager da Ufinet desde abril de 2017, onde planeja fazer a UFINET crescer no mercado mexicano altamente competitivo.<\/p>\t\t\t\t\t\t\t\t<\/div>\n\t\t\t\t<\/div>\n\t\t\t\t\t<\/div>\n\t\t\t\t<\/div>\n\t\t<div class=\"elementor-element elementor-element-81a6609 e-flex e-con-boxed e-con e-child\" data-id=\"81a6609\" data-element_type=\"container\" data-e-type=\"container\">\n\t\t\t\t\t<div class=\"e-con-inner\">\n\t\t\t\t<div class=\"elementor-element elementor-element-ca592df animated-slow elementor-invisible elementor-widget elementor-widget-image\" data-id=\"ca592df\" data-element_type=\"widget\" data-e-type=\"widget\" data-settings=\"{&quot;_animation&quot;:&quot;fadeIn&quot;}\" data-widget_type=\"image.default\">\n\t\t\t\t<div class=\"elementor-widget-container\">\n\t\t\t\t\t\t\t\t\t\t\t\t\t\t\t<img loading=\"lazy\" decoding=\"async\" width=\"819\" height=\"1024\" src=\"https:\/\/www.ufinet.com\/wp-content\/uploads\/2024\/03\/Marco-villascan-819x1024.png\" class=\"attachment-large size-large wp-image-32554\" alt=\"\" srcset=\"https:\/\/www.ufinet.com\/wp-content\/uploads\/2024\/03\/Marco-villascan-819x1024.png 819w, https:\/\/www.ufinet.com\/wp-content\/uploads\/2024\/03\/Marco-villascan-240x300.png 240w, https:\/\/www.ufinet.com\/wp-content\/uploads\/2024\/03\/Marco-villascan-768x960.png 768w, https:\/\/www.ufinet.com\/wp-content\/uploads\/2024\/03\/Marco-villascan.png 1080w\" sizes=\"(max-width: 819px) 100vw, 819px\" \/>\t\t\t\t\t\t\t\t\t\t\t\t\t\t\t<\/div>\n\t\t\t\t<\/div>\n\t\t\t\t<div data-ep-wrapper-link=\"{&quot;url&quot;:&quot;https:\\\/\\\/www.linkedin.com\\\/in\\\/marant230356\\\/&quot;,&quot;is_external&quot;:&quot;on&quot;,&quot;nofollow&quot;:&quot;on&quot;,&quot;custom_attributes&quot;:&quot;&quot;}\" style=\"cursor: pointer\" class=\"bdt-element-link elementor-element elementor-element-0ca6d28 elementor-shape-circle elementor-grid-0 e-grid-align-center elementor-widget elementor-widget-social-icons\" data-id=\"0ca6d28\" data-element_type=\"widget\" data-e-type=\"widget\" data-widget_type=\"social-icons.default\">\n\t\t\t\t<div class=\"elementor-widget-container\">\n\t\t\t\t\t\t\t<div class=\"elementor-social-icons-wrapper elementor-grid\">\n\t\t\t\t\t\t\t<span class=\"elementor-grid-item\">\n\t\t\t\t\t<a class=\"elementor-icon elementor-social-icon elementor-social-icon-linkedin elementor-repeater-item-5101929\" target=\"_blank\">\n\t\t\t\t\t\t<span class=\"elementor-screen-only\">Linkedin<\/span>\n\t\t\t\t\t\t<svg aria-hidden=\"true\" class=\"e-font-icon-svg e-fab-linkedin\" viewBox=\"0 0 448 512\" xmlns=\"http:\/\/www.w3.org\/2000\/svg\"><path d=\"M416 32H31.9C14.3 32 0 46.5 0 64.3v383.4C0 465.5 14.3 480 31.9 480H416c17.6 0 32-14.5 32-32.3V64.3c0-17.8-14.4-32.3-32-32.3zM135.4 416H69V202.2h66.5V416zm-33.2-243c-21.3 0-38.5-17.3-38.5-38.5S80.9 96 102.2 96c21.2 0 38.5 17.3 38.5 38.5 0 21.3-17.2 38.5-38.5 38.5zm282.1 243h-66.4V312c0-24.8-.5-56.7-34.5-56.7-34.6 0-39.9 27-39.9 54.9V416h-66.4V202.2h63.7v29.2h.9c8.9-16.8 30.6-34.5 62.9-34.5 67.2 0 79.7 44.3 79.7 101.9V416z\"><\/path><\/svg>\t\t\t\t\t<\/a>\n\t\t\t\t<\/span>\n\t\t\t\t\t<\/div>\n\t\t\t\t\t\t<\/div>\n\t\t\t\t<\/div>\n\t\t\t\t\t<\/div>\n\t\t\t\t<\/div>\n\t\t\t\t\t<\/div>\n\t\t\t\t<\/div>\n\t\t<div class=\"elementor-element elementor-element-3350031 e-flex e-con-boxed e-con e-child\" data-id=\"3350031\" data-element_type=\"container\" data-e-type=\"container\">\n\t\t\t\t\t<div class=\"e-con-inner\">\n\t\t<div class=\"elementor-element elementor-element-da47c3b e-flex e-con-boxed e-con e-child\" data-id=\"da47c3b\" data-element_type=\"container\" data-e-type=\"container\">\n\t\t\t\t\t<div class=\"e-con-inner\">\n\t\t\t\t<div class=\"elementor-element elementor-element-005d55d animated-slow elementor-invisible elementor-widget elementor-widget-heading\" data-id=\"005d55d\" data-element_type=\"widget\" data-e-type=\"widget\" data-settings=\"{&quot;_animation&quot;:&quot;fadeIn&quot;}\" data-widget_type=\"heading.default\">\n\t\t\t\t<div class=\"elementor-widget-container\">\n\t\t\t\t\t<h2 class=\"elementor-heading-title elementor-size-default\">Alejandro Coyoy<\/h2>\t\t\t\t<\/div>\n\t\t\t\t<\/div>\n\t\t\t\t<div class=\"elementor-element elementor-element-8a6ce8a animated-slow elementor-invisible elementor-widget elementor-widget-heading\" data-id=\"8a6ce8a\" data-element_type=\"widget\" data-e-type=\"widget\" data-settings=\"{&quot;_animation&quot;:&quot;fadeInDown&quot;}\" data-widget_type=\"heading.default\">\n\t\t\t\t<div class=\"elementor-widget-container\">\n\t\t\t\t\t<h2 class=\"elementor-heading-title elementor-size-default\">Diretor comercial<\/h2>\t\t\t\t<\/div>\n\t\t\t\t<\/div>\n\t\t\t\t<div class=\"elementor-element elementor-element-24f4055 elementor-widget-divider--view-line elementor-widget elementor-widget-divider\" data-id=\"24f4055\" data-element_type=\"widget\" data-e-type=\"widget\" data-widget_type=\"divider.default\">\n\t\t\t\t<div class=\"elementor-widget-container\">\n\t\t\t\t\t\t\t<div class=\"elementor-divider\">\n\t\t\t<span class=\"elementor-divider-separator\">\n\t\t\t\t\t\t<\/span>\n\t\t<\/div>\n\t\t\t\t\t\t<\/div>\n\t\t\t\t<\/div>\n\t\t\t\t<div class=\"elementor-element elementor-element-cf7efac elementor-invisible elementor-widget elementor-widget-text-editor\" data-id=\"cf7efac\" data-element_type=\"widget\" data-e-type=\"widget\" data-settings=\"{&quot;_animation&quot;:&quot;fadeIn&quot;}\" data-widget_type=\"text-editor.default\">\n\t\t\t\t<div class=\"elementor-widget-container\">\n\t\t\t\t\t\t\t\t\t<p>Alejandro Coyoy \u00e9 engenheiro em eletr\u00f4nica, inform\u00e1tica e ci\u00eancia da computa\u00e7\u00e3o, formado pela Universidade Francisco Marroqu\u00edn, na Guatemala. Ele tem mestrado em Pesquisa Operacional pela mesma Universidade Francisco Marroqu\u00edn e mestrado em Administra\u00e7\u00e3o de Empresas (MBA) pelo Instituto Centro-Americano de Administra\u00e7\u00e3o de Empresas, INCAE Business School. Sr. Coyoy atua como Diretor Comercial para a Am\u00e9rica Latina desde 2014 e, devido \u00e0 sua proje\u00e7\u00e3o t\u00e9cnica e comercial de alto n\u00edvel, colaborou anteriormente em v\u00e1rios pa\u00edses em diferentes \u00e1reas funcionais desde 2002. Ele \u00e9 o principal respons\u00e1vel por alcan\u00e7ar os resultados comerciais necess\u00e1rios para a empresa na Am\u00e9rica Latina, orquestrando uma equipe de vendas experiente, multicultural e interdisciplinar, al\u00e9m de projetar a imagem e a marca da empresa no mercado de TIC.<\/p>\t\t\t\t\t\t\t\t<\/div>\n\t\t\t\t<\/div>\n\t\t\t\t\t<\/div>\n\t\t\t\t<\/div>\n\t\t<div class=\"elementor-element elementor-element-df49b26 e-flex e-con-boxed e-con e-child\" data-id=\"df49b26\" data-element_type=\"container\" data-e-type=\"container\">\n\t\t\t\t\t<div class=\"e-con-inner\">\n\t\t\t\t<div class=\"elementor-element elementor-element-8fe0ef3 animated-slow elementor-invisible elementor-widget elementor-widget-image\" data-id=\"8fe0ef3\" data-element_type=\"widget\" data-e-type=\"widget\" data-settings=\"{&quot;_animation&quot;:&quot;fadeIn&quot;}\" data-widget_type=\"image.default\">\n\t\t\t\t<div class=\"elementor-widget-container\">\n\t\t\t\t\t\t\t\t\t\t\t\t\t\t\t<img loading=\"lazy\" decoding=\"async\" width=\"1080\" height=\"1210\" src=\"https:\/\/www.ufinet.com\/wp-content\/uploads\/2024\/04\/Alejandro-Coyoy.png\" class=\"attachment-full size-full wp-image-32576\" alt=\"\" srcset=\"https:\/\/www.ufinet.com\/wp-content\/uploads\/2024\/04\/Alejandro-Coyoy.png 1080w, https:\/\/www.ufinet.com\/wp-content\/uploads\/2024\/04\/Alejandro-Coyoy-268x300.png 268w, https:\/\/www.ufinet.com\/wp-content\/uploads\/2024\/04\/Alejandro-Coyoy-914x1024.png 914w, https:\/\/www.ufinet.com\/wp-content\/uploads\/2024\/04\/Alejandro-Coyoy-768x860.png 768w\" sizes=\"(max-width: 1080px) 100vw, 1080px\" \/>\t\t\t\t\t\t\t\t\t\t\t\t\t\t\t<\/div>\n\t\t\t\t<\/div>\n\t\t\t\t<div data-ep-wrapper-link=\"{&quot;url&quot;:&quot;https:\\\/\\\/www.linkedin.com\\\/in\\\/alejandro-coyoy-39a53b1\\\/&quot;,&quot;is_external&quot;:&quot;on&quot;,&quot;nofollow&quot;:&quot;on&quot;,&quot;custom_attributes&quot;:&quot;&quot;}\" style=\"cursor: pointer\" class=\"bdt-element-link elementor-element elementor-element-7da8c08 elementor-shape-circle elementor-grid-0 e-grid-align-center elementor-widget elementor-widget-social-icons\" data-id=\"7da8c08\" data-element_type=\"widget\" data-e-type=\"widget\" data-widget_type=\"social-icons.default\">\n\t\t\t\t<div class=\"elementor-widget-container\">\n\t\t\t\t\t\t\t<div class=\"elementor-social-icons-wrapper elementor-grid\">\n\t\t\t\t\t\t\t<span class=\"elementor-grid-item\">\n\t\t\t\t\t<a class=\"elementor-icon elementor-social-icon elementor-social-icon-linkedin elementor-repeater-item-5101929\" target=\"_blank\">\n\t\t\t\t\t\t<span class=\"elementor-screen-only\">Linkedin<\/span>\n\t\t\t\t\t\t<svg aria-hidden=\"true\" class=\"e-font-icon-svg e-fab-linkedin\" viewBox=\"0 0 448 512\" xmlns=\"http:\/\/www.w3.org\/2000\/svg\"><path d=\"M416 32H31.9C14.3 32 0 46.5 0 64.3v383.4C0 465.5 14.3 480 31.9 480H416c17.6 0 32-14.5 32-32.3V64.3c0-17.8-14.4-32.3-32-32.3zM135.4 416H69V202.2h66.5V416zm-33.2-243c-21.3 0-38.5-17.3-38.5-38.5S80.9 96 102.2 96c21.2 0 38.5 17.3 38.5 38.5 0 21.3-17.2 38.5-38.5 38.5zm282.1 243h-66.4V312c0-24.8-.5-56.7-34.5-56.7-34.6 0-39.9 27-39.9 54.9V416h-66.4V202.2h63.7v29.2h.9c8.9-16.8 30.6-34.5 62.9-34.5 67.2 0 79.7 44.3 79.7 101.9V416z\"><\/path><\/svg>\t\t\t\t\t<\/a>\n\t\t\t\t<\/span>\n\t\t\t\t\t<\/div>\n\t\t\t\t\t\t<\/div>\n\t\t\t\t<\/div>\n\t\t\t\t\t<\/div>\n\t\t\t\t<\/div>\n\t\t\t\t\t<\/div>\n\t\t\t\t<\/div>\n\t\t\t\t\t<\/div>\n\t\t\t\t<\/div>\n\t\t<div class=\"elementor-element elementor-element-408e091b e-flex e-con-boxed e-con e-parent\" data-id=\"408e091b\" data-element_type=\"container\" data-e-type=\"container\" data-settings=\"{&quot;background_background&quot;:&quot;classic&quot;}\">\n\t\t\t\t\t<div class=\"e-con-inner\">\n\t\t\t\t<div class=\"elementor-element elementor-element-3771b8fe elementor-widget elementor-widget-heading\" data-id=\"3771b8fe\" data-element_type=\"widget\" data-e-type=\"widget\" data-widget_type=\"heading.default\">\n\t\t\t\t<div class=\"elementor-widget-container\">\n\t\t\t\t\t<h4 class=\"elementor-heading-title elementor-size-default\">Fa\u00e7a parte da nossa equipe!<\/h4>\t\t\t\t<\/div>\n\t\t\t\t<\/div>\n\t\t\t\t<div class=\"elementor-element elementor-element-72d0646d elementor-widget elementor-widget-button\" data-id=\"72d0646d\" data-element_type=\"widget\" data-e-type=\"widget\" data-widget_type=\"button.default\">\n\t\t\t\t<div class=\"elementor-widget-container\">\n\t\t\t\t\t\t\t\t\t<div class=\"elementor-button-wrapper\">\n\t\t\t\t\t<a class=\"elementor-button elementor-button-link elementor-size-sm\" href=\"https:\/\/ufinet.bamboohr.com\/careers\" target=\"_blank\" rel=\"nofollow\">\n\t\t\t\t\t\t<span class=\"elementor-button-content-wrapper\">\n\t\t\t\t\t\t\t\t\t<span class=\"elementor-button-text\">Registro<\/span>\n\t\t\t\t\t<\/span>\n\t\t\t\t\t<\/a>\n\t\t\t\t<\/div>\n\t\t\t\t\t\t\t\t<\/div>\n\t\t\t\t<\/div>\n\t\t\t\t<div class=\"elementor-element elementor-element-1285a83 elementor-view-stacked elementor-fixed elementor-hidden-tablet elementor-shape-circle elementor-widget elementor-widget-icon\" data-id=\"1285a83\" data-element_type=\"widget\" data-e-type=\"widget\" data-settings=\"{&quot;sticky&quot;:&quot;bottom&quot;,&quot;sticky_offset&quot;:80,&quot;_position&quot;:&quot;fixed&quot;,&quot;sticky_on&quot;:[&quot;desktop&quot;,&quot;laptop&quot;,&quot;tablet&quot;,&quot;mobile&quot;],&quot;sticky_effects_offset&quot;:0,&quot;sticky_anchor_link_offset&quot;:0}\" data-widget_type=\"icon.default\">\n\t\t\t\t<div class=\"elementor-widget-container\">\n\t\t\t\t\t\t\t<div class=\"elementor-icon-wrapper\">\n\t\t\t<a class=\"elementor-icon\" href=\"https:\/\/www.ufinet.com\/contactanos\/\">\n\t\t\t<i aria-hidden=\"true\" class=\"icon icon-contact\"><\/i>\t\t\t<\/a>\n\t\t<\/div>\n\t\t\t\t\t\t<\/div>\n\t\t\t\t<\/div>\n\t\t\t\t\t<\/div>\n\t\t\t\t<\/div>\n\t\t\t\t<\/div>\n\t\t","protected":false},"excerpt":{"rendered":"<p>Um extraordin\u00e1rio equipe de pessoas Equipe de gerenciamento Gerentes de pa\u00eds Nossa extraordin\u00e1ria equipe de profissionais tem anos de experi\u00eancia, grande comprometimento e paix\u00e3o pela qualidade. Fazemos com que nossos clientes tenham sucesso em seus neg\u00f3cios Voc\u00ea sabe quem somos. Equipe de gerenciamento \u00cd\u00f1igo Garc\u00eda Diretor executivo I\u00f1igo Garcia del Cerro Prieto \u00e9 engenheiro de [&hellip;]<\/p>\n","protected":false},"author":1,"featured_media":35390,"parent":0,"menu_order":0,"comment_status":"closed","ping_status":"closed","template":"","meta":{"site-sidebar-layout":"no-sidebar","site-content-layout":"page-builder","ast-site-content-layout":"full-width-container","site-content-style":"unboxed","site-sidebar-style":"unboxed","ast-global-header-display":"","ast-banner-title-visibility":"","ast-main-header-display":"","ast-hfb-above-header-display":"","ast-hfb-below-header-display":"","ast-hfb-mobile-header-display":"","site-post-title":"disabled","ast-breadcrumbs-content":"","ast-featured-img":"disabled","footer-sml-layout":"","ast-disable-related-posts":"","theme-transparent-header-meta":"","adv-header-id-meta":"","stick-header-meta":"","header-above-stick-meta":"","header-main-stick-meta":"","header-below-stick-meta":"","astra-migrate-meta-layouts":"default","ast-page-background-enabled":"default","ast-page-background-meta":{"desktop":{"background-color":"","background-image":"","background-repeat":"repeat","background-position":"center center","background-size":"auto","background-attachment":"scroll","background-type":"","background-media":"","overlay-type":"","overlay-color":"","overlay-opacity":"","overlay-gradient":""},"tablet":{"background-color":"","background-image":"","background-repeat":"repeat","background-position":"center center","background-size":"auto","background-attachment":"scroll","background-type":"","background-media":"","overlay-type":"","overlay-color":"","overlay-opacity":"","overlay-gradient":""},"mobile":{"background-color":"","background-image":"","background-repeat":"repeat","background-position":"center center","background-size":"auto","background-attachment":"scroll","background-type":"","background-media":"","overlay-type":"","overlay-color":"","overlay-opacity":"","overlay-gradient":""}},"ast-content-background-meta":{"desktop":{"background-color":"var(--ast-global-color-5)","background-image":"","background-repeat":"repeat","background-position":"center center","background-size":"auto","background-attachment":"scroll","background-type":"","background-media":"","overlay-type":"","overlay-color":"","overlay-opacity":"","overlay-gradient":""},"tablet":{"background-color":"var(--ast-global-color-5)","background-image":"","background-repeat":"repeat","background-position":"center center","background-size":"auto","background-attachment":"scroll","background-type":"","background-media":"","overlay-type":"","overlay-color":"","overlay-opacity":"","overlay-gradient":""},"mobile":{"background-color":"var(--ast-global-color-5)","background-image":"","background-repeat":"repeat","background-position":"center center","background-size":"auto","background-attachment":"scroll","background-type":"","background-media":"","overlay-type":"","overlay-color":"","overlay-opacity":"","overlay-gradient":""}},"footnotes":""},"class_list":["post-32951","page","type-page","status-publish","has-post-thumbnail","hentry"],"yoast_head":"<!-- This site is optimized with the Yoast SEO plugin v27.4 - https:\/\/yoast.com\/product\/yoast-seo-wordpress\/ -->\n<title>Executivos - Ufinet | A rede que conecta voc\u00ea \u00e0 Am\u00e9rica Latina<\/title>\n<meta name=\"description\" content=\"Nossa extraordin\u00e1ria equipe de profissionais tem anos de experi\u00eancia, grande comprometimento e paix\u00e3o pela qualidade. Fazemos com que nossos clientes tenham sucesso em seus neg\u00f3cios.\" \/>\n<meta name=\"robots\" content=\"index, follow, max-snippet:-1, max-image-preview:large, max-video-preview:-1\" \/>\n<link rel=\"canonical\" href=\"https:\/\/www.ufinet.com\/pt-br\/executivos\/\" \/>\n<meta property=\"og:locale\" content=\"pt_BR\" \/>\n<meta property=\"og:type\" content=\"article\" \/>\n<meta property=\"og:title\" content=\"Executivos - Ufinet | A rede que conecta voc\u00ea \u00e0 Am\u00e9rica Latina\" \/>\n<meta property=\"og:description\" content=\"Nossa extraordin\u00e1ria equipe de profissionais tem anos de experi\u00eancia, grande comprometimento e paix\u00e3o pela qualidade. Fazemos com que nossos clientes tenham sucesso em seus neg\u00f3cios.\" \/>\n<meta property=\"og:url\" content=\"https:\/\/www.ufinet.com\/pt-br\/executivos\/\" \/>\n<meta property=\"og:site_name\" content=\"Ufinet | A rede que conecta voc\u00ea \u00e0 Am\u00e9rica Latina\" \/>\n<meta property=\"article:modified_time\" content=\"2025-12-01T16:00:20+00:00\" \/>\n<meta property=\"og:image\" content=\"https:\/\/www.ufinet.com\/wp-content\/uploads\/2019\/08\/Ufinet-Team-at-Carrier-Community-Sao-Paulo-1.jpeg\" \/>\n\t<meta property=\"og:image:width\" content=\"928\" \/>\n\t<meta property=\"og:image:height\" content=\"602\" \/>\n\t<meta property=\"og:image:type\" content=\"image\/jpeg\" \/>\n<meta name=\"twitter:card\" content=\"summary_large_image\" \/>\n<meta name=\"twitter:label1\" content=\"Est. tempo de leitura\" \/>\n\t<meta name=\"twitter:data1\" content=\"15 minutos\" \/>\n<script type=\"application\/ld+json\" class=\"yoast-schema-graph\">{\"@context\":\"https:\\\/\\\/schema.org\",\"@graph\":[{\"@type\":\"WebPage\",\"@id\":\"https:\\\/\\\/www.ufinet.com\\\/pt-br\\\/executivos\\\/\",\"url\":\"https:\\\/\\\/www.ufinet.com\\\/pt-br\\\/executivos\\\/\",\"name\":\"Executivos - Ufinet | A rede que conecta voc\u00ea \u00e0 Am\u00e9rica Latina\",\"isPartOf\":{\"@id\":\"https:\\\/\\\/www.ufinet.com\\\/pt-br\\\/#website\"},\"primaryImageOfPage\":{\"@id\":\"https:\\\/\\\/www.ufinet.com\\\/pt-br\\\/executivos\\\/#primaryimage\"},\"image\":{\"@id\":\"https:\\\/\\\/www.ufinet.com\\\/pt-br\\\/executivos\\\/#primaryimage\"},\"thumbnailUrl\":\"https:\\\/\\\/www.ufinet.com\\\/wp-content\\\/uploads\\\/2019\\\/08\\\/Ufinet-Team-at-Carrier-Community-Sao-Paulo-1.jpeg\",\"datePublished\":\"2023-11-15T02:14:47+00:00\",\"dateModified\":\"2025-12-01T16:00:20+00:00\",\"description\":\"Nossa extraordin\u00e1ria equipe de profissionais tem anos de experi\u00eancia, grande comprometimento e paix\u00e3o pela qualidade. Fazemos com que nossos clientes tenham sucesso em seus neg\u00f3cios.\",\"breadcrumb\":{\"@id\":\"https:\\\/\\\/www.ufinet.com\\\/pt-br\\\/executivos\\\/#breadcrumb\"},\"inLanguage\":\"pt-BR\",\"potentialAction\":[{\"@type\":\"ReadAction\",\"target\":[\"https:\\\/\\\/www.ufinet.com\\\/pt-br\\\/executivos\\\/\"]}]},{\"@type\":\"ImageObject\",\"inLanguage\":\"pt-BR\",\"@id\":\"https:\\\/\\\/www.ufinet.com\\\/pt-br\\\/executivos\\\/#primaryimage\",\"url\":\"https:\\\/\\\/www.ufinet.com\\\/wp-content\\\/uploads\\\/2019\\\/08\\\/Ufinet-Team-at-Carrier-Community-Sao-Paulo-1.jpeg\",\"contentUrl\":\"https:\\\/\\\/www.ufinet.com\\\/wp-content\\\/uploads\\\/2019\\\/08\\\/Ufinet-Team-at-Carrier-Community-Sao-Paulo-1.jpeg\",\"width\":928,\"height\":602},{\"@type\":\"BreadcrumbList\",\"@id\":\"https:\\\/\\\/www.ufinet.com\\\/pt-br\\\/executivos\\\/#breadcrumb\",\"itemListElement\":[{\"@type\":\"ListItem\",\"position\":1,\"name\":\"Home\",\"item\":\"https:\\\/\\\/www.ufinet.com\\\/pt-br\\\/\"},{\"@type\":\"ListItem\",\"position\":2,\"name\":\"Executivos\"}]},{\"@type\":\"WebSite\",\"@id\":\"https:\\\/\\\/www.ufinet.com\\\/pt-br\\\/#website\",\"url\":\"https:\\\/\\\/www.ufinet.com\\\/pt-br\\\/\",\"name\":\"Ufinet\",\"description\":\"Somos a \u00fanica operadora na Am\u00e9rica Latina que \u00e9 100% NEUTRA.\",\"publisher\":{\"@id\":\"https:\\\/\\\/www.ufinet.com\\\/pt-br\\\/#organization\"},\"potentialAction\":[{\"@type\":\"SearchAction\",\"target\":{\"@type\":\"EntryPoint\",\"urlTemplate\":\"https:\\\/\\\/www.ufinet.com\\\/pt-br\\\/?s={search_term_string}\"},\"query-input\":{\"@type\":\"PropertyValueSpecification\",\"valueRequired\":true,\"valueName\":\"search_term_string\"}}],\"inLanguage\":\"pt-BR\"},{\"@type\":\"Organization\",\"@id\":\"https:\\\/\\\/www.ufinet.com\\\/pt-br\\\/#organization\",\"name\":\"Ufinet\",\"url\":\"https:\\\/\\\/www.ufinet.com\\\/pt-br\\\/\",\"logo\":{\"@type\":\"ImageObject\",\"inLanguage\":\"pt-BR\",\"@id\":\"https:\\\/\\\/www.ufinet.com\\\/pt-br\\\/#\\\/schema\\\/logo\\\/image\\\/\",\"url\":\"https:\\\/\\\/www.ufinet.com\\\/wp-content\\\/uploads\\\/2024\\\/06\\\/cropped-Recurso-1.png\",\"contentUrl\":\"https:\\\/\\\/www.ufinet.com\\\/wp-content\\\/uploads\\\/2024\\\/06\\\/cropped-Recurso-1.png\",\"width\":1654,\"height\":705,\"caption\":\"Ufinet\"},\"image\":{\"@id\":\"https:\\\/\\\/www.ufinet.com\\\/pt-br\\\/#\\\/schema\\\/logo\\\/image\\\/\"}}]}<\/script>\n<!-- \/ Yoast SEO plugin. -->","yoast_head_json":{"title":"Executivos - Ufinet | A rede que conecta voc\u00ea \u00e0 Am\u00e9rica Latina","description":"Nossa extraordin\u00e1ria equipe de profissionais tem anos de experi\u00eancia, grande comprometimento e paix\u00e3o pela qualidade. Fazemos com que nossos clientes tenham sucesso em seus neg\u00f3cios.","robots":{"index":"index","follow":"follow","max-snippet":"max-snippet:-1","max-image-preview":"max-image-preview:large","max-video-preview":"max-video-preview:-1"},"canonical":"https:\/\/www.ufinet.com\/pt-br\/executivos\/","og_locale":"pt_BR","og_type":"article","og_title":"Executivos - Ufinet | A rede que conecta voc\u00ea \u00e0 Am\u00e9rica Latina","og_description":"Nossa extraordin\u00e1ria equipe de profissionais tem anos de experi\u00eancia, grande comprometimento e paix\u00e3o pela qualidade. Fazemos com que nossos clientes tenham sucesso em seus neg\u00f3cios.","og_url":"https:\/\/www.ufinet.com\/pt-br\/executivos\/","og_site_name":"Ufinet | A rede que conecta voc\u00ea \u00e0 Am\u00e9rica Latina","article_modified_time":"2025-12-01T16:00:20+00:00","og_image":[{"width":928,"height":602,"url":"https:\/\/www.ufinet.com\/wp-content\/uploads\/2019\/08\/Ufinet-Team-at-Carrier-Community-Sao-Paulo-1.jpeg","type":"image\/jpeg"}],"twitter_card":"summary_large_image","twitter_misc":{"Est. tempo de leitura":"15 minutos"},"schema":{"@context":"https:\/\/schema.org","@graph":[{"@type":"WebPage","@id":"https:\/\/www.ufinet.com\/pt-br\/executivos\/","url":"https:\/\/www.ufinet.com\/pt-br\/executivos\/","name":"Executivos - Ufinet | A rede que conecta voc\u00ea \u00e0 Am\u00e9rica Latina","isPartOf":{"@id":"https:\/\/www.ufinet.com\/pt-br\/#website"},"primaryImageOfPage":{"@id":"https:\/\/www.ufinet.com\/pt-br\/executivos\/#primaryimage"},"image":{"@id":"https:\/\/www.ufinet.com\/pt-br\/executivos\/#primaryimage"},"thumbnailUrl":"https:\/\/www.ufinet.com\/wp-content\/uploads\/2019\/08\/Ufinet-Team-at-Carrier-Community-Sao-Paulo-1.jpeg","datePublished":"2023-11-15T02:14:47+00:00","dateModified":"2025-12-01T16:00:20+00:00","description":"Nossa extraordin\u00e1ria equipe de profissionais tem anos de experi\u00eancia, grande comprometimento e paix\u00e3o pela qualidade. Fazemos com que nossos clientes tenham sucesso em seus neg\u00f3cios.","breadcrumb":{"@id":"https:\/\/www.ufinet.com\/pt-br\/executivos\/#breadcrumb"},"inLanguage":"pt-BR","potentialAction":[{"@type":"ReadAction","target":["https:\/\/www.ufinet.com\/pt-br\/executivos\/"]}]},{"@type":"ImageObject","inLanguage":"pt-BR","@id":"https:\/\/www.ufinet.com\/pt-br\/executivos\/#primaryimage","url":"https:\/\/www.ufinet.com\/wp-content\/uploads\/2019\/08\/Ufinet-Team-at-Carrier-Community-Sao-Paulo-1.jpeg","contentUrl":"https:\/\/www.ufinet.com\/wp-content\/uploads\/2019\/08\/Ufinet-Team-at-Carrier-Community-Sao-Paulo-1.jpeg","width":928,"height":602},{"@type":"BreadcrumbList","@id":"https:\/\/www.ufinet.com\/pt-br\/executivos\/#breadcrumb","itemListElement":[{"@type":"ListItem","position":1,"name":"Home","item":"https:\/\/www.ufinet.com\/pt-br\/"},{"@type":"ListItem","position":2,"name":"Executivos"}]},{"@type":"WebSite","@id":"https:\/\/www.ufinet.com\/pt-br\/#website","url":"https:\/\/www.ufinet.com\/pt-br\/","name":"Ufinet","description":"Somos a \u00fanica operadora na Am\u00e9rica Latina que \u00e9 100% NEUTRA.","publisher":{"@id":"https:\/\/www.ufinet.com\/pt-br\/#organization"},"potentialAction":[{"@type":"SearchAction","target":{"@type":"EntryPoint","urlTemplate":"https:\/\/www.ufinet.com\/pt-br\/?s={search_term_string}"},"query-input":{"@type":"PropertyValueSpecification","valueRequired":true,"valueName":"search_term_string"}}],"inLanguage":"pt-BR"},{"@type":"Organization","@id":"https:\/\/www.ufinet.com\/pt-br\/#organization","name":"Ufinet","url":"https:\/\/www.ufinet.com\/pt-br\/","logo":{"@type":"ImageObject","inLanguage":"pt-BR","@id":"https:\/\/www.ufinet.com\/pt-br\/#\/schema\/logo\/image\/","url":"https:\/\/www.ufinet.com\/wp-content\/uploads\/2024\/06\/cropped-Recurso-1.png","contentUrl":"https:\/\/www.ufinet.com\/wp-content\/uploads\/2024\/06\/cropped-Recurso-1.png","width":1654,"height":705,"caption":"Ufinet"},"image":{"@id":"https:\/\/www.ufinet.com\/pt-br\/#\/schema\/logo\/image\/"}}]}},"rttpg_featured_image_url":{"full":["https:\/\/www.ufinet.com\/wp-content\/uploads\/2019\/08\/Ufinet-Team-at-Carrier-Community-Sao-Paulo-1.jpeg",928,602,false],"landscape":["https:\/\/www.ufinet.com\/wp-content\/uploads\/2019\/08\/Ufinet-Team-at-Carrier-Community-Sao-Paulo-1.jpeg",928,602,false],"portraits":["https:\/\/www.ufinet.com\/wp-content\/uploads\/2019\/08\/Ufinet-Team-at-Carrier-Community-Sao-Paulo-1.jpeg",928,602,false],"thumbnail":["https:\/\/www.ufinet.com\/wp-content\/uploads\/2019\/08\/Ufinet-Team-at-Carrier-Community-Sao-Paulo-1-150x150.jpeg",150,150,true],"medium":["https:\/\/www.ufinet.com\/wp-content\/uploads\/2019\/08\/Ufinet-Team-at-Carrier-Community-Sao-Paulo-1-300x195.jpeg",300,195,true],"large":["https:\/\/www.ufinet.com\/wp-content\/uploads\/2019\/08\/Ufinet-Team-at-Carrier-Community-Sao-Paulo-1.jpeg",928,602,false],"1536x1536":["https:\/\/www.ufinet.com\/wp-content\/uploads\/2019\/08\/Ufinet-Team-at-Carrier-Community-Sao-Paulo-1.jpeg",928,602,false],"2048x2048":["https:\/\/www.ufinet.com\/wp-content\/uploads\/2019\/08\/Ufinet-Team-at-Carrier-Community-Sao-Paulo-1.jpeg",928,602,false],"htliser_size_396x360":["https:\/\/www.ufinet.com\/wp-content\/uploads\/2019\/08\/Ufinet-Team-at-Carrier-Community-Sao-Paulo-1-396x360.jpeg",396,360,true],"htslider_size_1170x536":["https:\/\/www.ufinet.com\/wp-content\/uploads\/2019\/08\/Ufinet-Team-at-Carrier-Community-Sao-Paulo-1-928x536.jpeg",928,536,true]},"rttpg_author":{"display_name":"wowlatammk.com","author_link":"https:\/\/www.ufinet.com\/pt-br\/author\/wowlatammk-com\/"},"rttpg_comment":0,"rttpg_category":" <a href=\"https:\/\/www.ufinet.com\/pt-br\/?taxonomy=translation_priority&#038;term=opcional-pt-br-3\" rel=\"tag\">Opcional<\/a>","rttpg_excerpt":"Um extraordin\u00e1rio equipe de pessoas Equipe de gerenciamento Gerentes de pa\u00eds Nossa extraordin\u00e1ria equipe de profissionais tem anos de experi\u00eancia, grande comprometimento e paix\u00e3o pela qualidade. Fazemos com que nossos clientes tenham sucesso em seus neg\u00f3cios Voc\u00ea sabe quem somos. Equipe de gerenciamento \u00cd\u00f1igo Garc\u00eda Diretor executivo I\u00f1igo Garcia del Cerro Prieto \u00e9 engenheiro de&hellip;","_links":{"self":[{"href":"https:\/\/www.ufinet.com\/pt-br\/wp-json\/wp\/v2\/pages\/32951","targetHints":{"allow":["GET"]}}],"collection":[{"href":"https:\/\/www.ufinet.com\/pt-br\/wp-json\/wp\/v2\/pages"}],"about":[{"href":"https:\/\/www.ufinet.com\/pt-br\/wp-json\/wp\/v2\/types\/page"}],"author":[{"embeddable":true,"href":"https:\/\/www.ufinet.com\/pt-br\/wp-json\/wp\/v2\/users\/1"}],"replies":[{"embeddable":true,"href":"https:\/\/www.ufinet.com\/pt-br\/wp-json\/wp\/v2\/comments?post=32951"}],"version-history":[{"count":2,"href":"https:\/\/www.ufinet.com\/pt-br\/wp-json\/wp\/v2\/pages\/32951\/revisions"}],"predecessor-version":[{"id":39389,"href":"https:\/\/www.ufinet.com\/pt-br\/wp-json\/wp\/v2\/pages\/32951\/revisions\/39389"}],"wp:featuredmedia":[{"embeddable":true,"href":"https:\/\/www.ufinet.com\/pt-br\/wp-json\/wp\/v2\/media\/35390"}],"wp:attachment":[{"href":"https:\/\/www.ufinet.com\/pt-br\/wp-json\/wp\/v2\/media?parent=32951"}],"curies":[{"name":"wp","href":"https:\/\/api.w.org\/{rel}","templated":true}]}}